{"id":46529,"date":"2026-07-08T12:49:15","date_gmt":"2026-07-08T12:49:15","guid":{"rendered":"https:\/\/www.tracea.ch\/boutique\/non%20class\u00e9\/mens-elope-storm-jacket\/"},"modified":"2026-07-08T12:49:46","modified_gmt":"2026-07-08T12:49:46","slug":"mens-elope-storm-jacket","status":"publish","type":"product","link":"https:\/\/www.tracea.ch\/en\/boutique\/mens-elope-storm-jacket\/","title":{"rendered":"Men&rsquo;s Elope Storm Jacket"},"content":{"rendered":"<p>En randonn\u00e9e, en voyage ou au quotidien: la veste l\u00e9g\u00e8re Elope Storm pour homme \u00e9quipe toujours bien les sportifs outdoor du printemps \u00e0 l&rsquo;automne. La veste multifonction facile d&rsquo;entretien tient chaud, prot\u00e8ge du vent et des averses de pluie fine. La veste outdoor homme est en m\u00eame temps respirante et peut \u00eatre ajust\u00e9e individuellement selon la temp\u00e9rature gr\u00e2ce au zip. La mati\u00e8re l\u00e9g\u00e8rement \u00e9lastique et la coupe ergonomique garantissent la libert\u00e9 de mouvement. Les deux poches avant, la poche poitrine et la capuche r\u00e9glable sont des d\u00e9tails \u00e9galement pratiques. Les poignets et la ceinture sont \u00e9galement r\u00e9glables. La veste Elope Storm pour homme ne s\u00e9duit pas seulement par ses d\u00e9tails fonctionnels, mais aussi pour son engagement durable: car elle prend part au concept d&rsquo;\u00e9conomie circulaire VAUDE et est enti\u00e8rement compos\u00e9e de polyester. Elle pr\u00e9sente en outre des d\u00e9tails allant dans le sens de l&rsquo;\u00e9conomie circulaire et une coupe favorisant l&rsquo;efficacit\u00e9 mat\u00e9rielle; elle est aussi robuste, intemporelle et moderne. La veste outdoor homme est munie de la finition d\u00e9perlante et antisalissures Eco Finish sans PFC et le label Green Shape de VAUDE garantit un produit \u00e9cologique, fonctionnel et fabriqu\u00e9 dans des mat\u00e9riaux durables certifi\u00e9s bluesign\u00ae.<\/p>\n<p><em>capuche mont\u00e9e et r\u00e9glable en largeur, zip frontal avec rabat int\u00e9rieur, 1 poche poitrine avec zipp\u00e9e, 2 poches frontales avec fermeture \u00e9clair, cordon \u00e0 la ceinture r\u00e9glable par les poches, manches pr\u00e9form\u00e9es, poignets r\u00e9glables en largeur gr\u00e2ce \u00e0 un velcro<\/em><\/p>","protected":false},"excerpt":{"rendered":"<p>Veste outdoor homme l\u00e9g\u00e8re, prenant part au concept d&rsquo;\u00e9conomie circulaire VAUDE #coupe-vent et d\u00e9perlante #facile d&rsquo;entretien, s\u00e8che rapidement et respirante #fabrication principale en polyester recycl\u00e9<\/p>","protected":false},"featured_media":23767,"comment_status":"closed","ping_status":"open","template":"","meta":[],"product_brand":[375],"product_cat":[213,709,216],"product_tag":[365,368,422,421],"class_list":["post-46529","product","type-product","status-publish","has-post-thumbnail","product_brand-vaude","product_cat-boutique","product_cat-veste","product_cat-vetements","product_tag-boutique","product_tag-vente","product_tag-vente-vetement","product_tag-vetement","pa_couleur-agave","pa_couleur-phantom-black","pa_taille-l","pa_taille-m","pa_taille-s","pa_taille-xl","pa_taille-xxl","pa_taille-xxxl","first","instock","purchasable","product-type-variable"],"_links":{"self":[{"href":"https:\/\/www.tracea.ch\/en\/wp-json\/wp\/v2\/product\/46529","targetHints":{"allow":["GET"]}}],"collection":[{"href":"https:\/\/www.tracea.ch\/en\/wp-json\/wp\/v2\/product"}],"about":[{"href":"https:\/\/www.tracea.ch\/en\/wp-json\/wp\/v2\/types\/product"}],"replies":[{"embeddable":true,"href":"https:\/\/www.tracea.ch\/en\/wp-json\/wp\/v2\/comments?post=46529"}],"version-history":[{"count":1,"href":"https:\/\/www.tracea.ch\/en\/wp-json\/wp\/v2\/product\/46529\/revisions"}],"predecessor-version":[{"id":46530,"href":"https:\/\/www.tracea.ch\/en\/wp-json\/wp\/v2\/product\/46529\/revisions\/46530"}],"wp:featuredmedia":[{"embeddable":true,"href":"https:\/\/www.tracea.ch\/en\/wp-json\/wp\/v2\/media\/23767"}],"wp:attachment":[{"href":"https:\/\/www.tracea.ch\/en\/wp-json\/wp\/v2\/media?parent=46529"}],"wp:term":[{"taxonomy":"product_brand","embeddable":true,"href":"https:\/\/www.tracea.ch\/en\/wp-json\/wp\/v2\/product_brand?post=46529"},{"taxonomy":"product_cat","embeddable":true,"href":"https:\/\/www.tracea.ch\/en\/wp-json\/wp\/v2\/product_cat?post=46529"},{"taxonomy":"product_tag","embeddable":true,"href":"https:\/\/www.tracea.ch\/en\/wp-json\/wp\/v2\/product_tag?post=46529"}],"curies":[{"name":"wp","href":"https:\/\/api.w.org\/{rel}","templated":true}]}}