{"id":46685,"date":"2026-07-08T12:54:08","date_gmt":"2026-07-08T12:54:08","guid":{"rendered":"https:\/\/www.tracea.ch\/boutique\/non%20class\u00e9\/kids-escape-light-jacket-iv\/"},"modified":"2026-07-08T12:55:24","modified_gmt":"2026-07-08T12:55:24","slug":"kids-escape-light-jacket-iv","status":"publish","type":"product","link":"https:\/\/www.tracea.ch\/en\/boutique\/kids-escape-light-jacket-iv\/","title":{"rendered":"Kids Escape Light Jacket IV"},"content":{"rendered":"<p>\u00c0 nous la nature\u00a0! Escape Light est notre veste de pluie enfant \u00e9prouv\u00e9e et appr\u00e9ci\u00e9e pour toutes les activit\u00e9s de plein air. De faible encombrement, cette veste de pluie l\u00e9g\u00e8re de grande long\u00e9vit\u00e9 se faufile dans tout sac \u00e0 dos de randonn\u00e9e ou d&rsquo;\u00e9cole, et prot\u00e8ge efficacement contre le vent et la pluie en cas de besoin. Son \u00e9quipement bien pens\u00e9 r\u00e9unit des \u00e9l\u00e9ments r\u00e9fl\u00e9chissants et un zip frontal ais\u00e9ment r\u00e9parable. Les v\u00eatements pour enfants fonctionnels VAUDE ont plus d&rsquo;un atout\u00a0: mat\u00e9riaux de qualit\u00e9, formes et couleurs adapt\u00e9es aux enfants et fabrication \u00e9cologique. Nous concevons des \u00e9quipements outdoor pour enfants hautement r\u00e9sistants qui peuvent ainsi \u00eatre pass\u00e9s d&rsquo;un enfant \u00e0 un autre. La veste de pluie enfant est fabriqu\u00e9e dans le respect de l&rsquo;environnement avec la finition Eco Finish, d\u00e9perlante et sans fluorocarbures (PFC). Le label Green Shape de VAUDE garantit un produit \u00e9cologique, fonctionnel et fabriqu\u00e9 dans des mat\u00e9riaux durables certifi\u00e9s bluesign\u00ae.<\/p>\n<p><em>mati\u00e8re double \u00e9paisseur, 2 poches frontales dissimul\u00e9es avec zip, avec zip facilement r\u00e9parable, zip frontal avec double rabat, poignets \u00e9lastiques, capuche mont\u00e9e, doublure en filet et manches doubl\u00e9es en taffetas, Passepoil r\u00e9fl\u00e9chissant \u00e0 la capuche, passepoil r\u00e9fl\u00e9chissante, \u00e9tiquette pour le nom jusqu&rsquo;\u00e0 la taille 122\/128<\/em><\/p>","protected":false},"excerpt":{"rendered":"<p>Veste de pluie enfant l\u00e9g\u00e8re pour usage polyvalent #imperm\u00e9able, \u00e9tanche au vent et respirante #avec \u00e9l\u00e9ments r\u00e9fl\u00e9chissants #fabrication principale \u00e0 partir de bouteilles en PET recycl\u00e9es<\/p>","protected":false},"featured_media":23847,"comment_status":"closed","ping_status":"open","template":"","meta":[],"product_brand":[375],"product_cat":[213,709,216],"product_tag":[365,368,422,421],"class_list":["post-46685","product","type-product","status-publish","has-post-thumbnail","product_brand-vaude","product_cat-boutique","product_cat-veste","product_cat-vetements","product_tag-boutique","product_tag-vente","product_tag-vente-vetement","product_tag-vetement","pa_couleur-dark-sea","pa_couleur-hokkaido","pa_couleur-icicle","pa_couleur-redeva","pa_couleur-savanna","pa_couleur-woodland","pa_taille-424","pa_taille-110-116","pa_taille-122-128","pa_taille-134-140","pa_taille-146-152","pa_taille-158-164","pa_taille-418","pa_taille-423","first","instock","purchasable","product-type-variable"],"_links":{"self":[{"href":"https:\/\/www.tracea.ch\/en\/wp-json\/wp\/v2\/product\/46685","targetHints":{"allow":["GET"]}}],"collection":[{"href":"https:\/\/www.tracea.ch\/en\/wp-json\/wp\/v2\/product"}],"about":[{"href":"https:\/\/www.tracea.ch\/en\/wp-json\/wp\/v2\/types\/product"}],"replies":[{"embeddable":true,"href":"https:\/\/www.tracea.ch\/en\/wp-json\/wp\/v2\/comments?post=46685"}],"version-history":[{"count":1,"href":"https:\/\/www.tracea.ch\/en\/wp-json\/wp\/v2\/product\/46685\/revisions"}],"predecessor-version":[{"id":46686,"href":"https:\/\/www.tracea.ch\/en\/wp-json\/wp\/v2\/product\/46685\/revisions\/46686"}],"wp:featuredmedia":[{"embeddable":true,"href":"https:\/\/www.tracea.ch\/en\/wp-json\/wp\/v2\/media\/23847"}],"wp:attachment":[{"href":"https:\/\/www.tracea.ch\/en\/wp-json\/wp\/v2\/media?parent=46685"}],"wp:term":[{"taxonomy":"product_brand","embeddable":true,"href":"https:\/\/www.tracea.ch\/en\/wp-json\/wp\/v2\/product_brand?post=46685"},{"taxonomy":"product_cat","embeddable":true,"href":"https:\/\/www.tracea.ch\/en\/wp-json\/wp\/v2\/product_cat?post=46685"},{"taxonomy":"product_tag","embeddable":true,"href":"https:\/\/www.tracea.ch\/en\/wp-json\/wp\/v2\/product_tag?post=46685"}],"curies":[{"name":"wp","href":"https:\/\/api.w.org\/{rel}","templated":true}]}}