{"id":47327,"date":"2026-07-08T13:11:46","date_gmt":"2026-07-08T13:11:46","guid":{"rendered":"https:\/\/www.tracea.ch\/boutique\/non%20class\u00e9\/womens-moab-pro-softshell-jacket\/"},"modified":"2026-07-08T13:11:59","modified_gmt":"2026-07-08T13:11:59","slug":"womens-moab-pro-softshell-jacket","status":"publish","type":"product","link":"https:\/\/www.tracea.ch\/en\/boutique\/womens-moab-pro-softshell-jacket\/","title":{"rendered":"Women&rsquo;s Moab Pro Softshell Jacket"},"content":{"rendered":"<p>La veste softshell pour v\u00e9t\u00e9tistes chevronn\u00e9es. La veste softshell VTT femme offre une protection 100\u00a0% \u00e9tanche au vent et une doublure douce et agr\u00e9able. Des perforations au niveau des aisselles et des empi\u00e8cements stretch aux c\u00f4t\u00e9s favorisent une a\u00e9ration efficace. Un rafraichissement suppl\u00e9mentaire se fait sentir quand on ouvre les deux poches avant. Elles sont plac\u00e9es de mani\u00e8re \u00e0 pouvoir y acc\u00e9der malgr\u00e9 le port d&rsquo;un sac banane ou de stabilisateurs d&rsquo;un sac \u00e0 dos. La veste softshell VTT femme est dot\u00e9 de la finition \u00e9cologique, d\u00e9perlante et antisalissures Eco Finish sans PFC, et peut s&rsquo;ajuster au niveau de la ceinture. Le label Green Shape de VAUDE garantit un produit \u00e9cologique, fonctionnel et fabriqu\u00e9 dans des mat\u00e9riaux durables.<\/p>\n<p><em>manches pr\u00e9form\u00e9es, mati\u00e8re \u00e9lastique, 2 poches frontales avec fermeture \u00e9clair, zip frontal double-sens avec rabat, poignets \u00e9lastiques, ceinture en partie \u00e9lastique, ventilation d\u00e9coup\u00e9e au laser aux aisselles, possibilit\u00e9 de ventilation par les poches frontales, parties en couleur contrastante, \u00e9l\u00e9ments r\u00e9fl\u00e9chissants<\/em><\/p>","protected":false},"excerpt":{"rendered":"<p>Veste softshell VTT femme l\u00e9g\u00e8re #manches pr\u00e9form\u00e9es #avec empi\u00e8cements stretch aux c\u00f4t\u00e9s #tissu principal principalement fabriqu\u00e9 en polyester recycl\u00e9<\/p>","protected":false},"featured_media":24768,"comment_status":"closed","ping_status":"open","template":"","meta":[],"product_brand":[375],"product_cat":[213,709,216],"product_tag":[365,368,422,421],"class_list":["post-47327","product","type-product","status-publish","has-post-thumbnail","product_brand-vaude","product_cat-boutique","product_cat-veste","product_cat-vetements","product_tag-boutique","product_tag-vente","product_tag-vente-vetement","product_tag-vetement","pa_couleur-agave","pa_taille-436","pa_taille-437","pa_taille-438","pa_taille-439","pa_taille-440","first","instock","purchasable","product-type-variable"],"_links":{"self":[{"href":"https:\/\/www.tracea.ch\/en\/wp-json\/wp\/v2\/product\/47327","targetHints":{"allow":["GET"]}}],"collection":[{"href":"https:\/\/www.tracea.ch\/en\/wp-json\/wp\/v2\/product"}],"about":[{"href":"https:\/\/www.tracea.ch\/en\/wp-json\/wp\/v2\/types\/product"}],"replies":[{"embeddable":true,"href":"https:\/\/www.tracea.ch\/en\/wp-json\/wp\/v2\/comments?post=47327"}],"version-history":[{"count":1,"href":"https:\/\/www.tracea.ch\/en\/wp-json\/wp\/v2\/product\/47327\/revisions"}],"predecessor-version":[{"id":47328,"href":"https:\/\/www.tracea.ch\/en\/wp-json\/wp\/v2\/product\/47327\/revisions\/47328"}],"wp:featuredmedia":[{"embeddable":true,"href":"https:\/\/www.tracea.ch\/en\/wp-json\/wp\/v2\/media\/24768"}],"wp:attachment":[{"href":"https:\/\/www.tracea.ch\/en\/wp-json\/wp\/v2\/media?parent=47327"}],"wp:term":[{"taxonomy":"product_brand","embeddable":true,"href":"https:\/\/www.tracea.ch\/en\/wp-json\/wp\/v2\/product_brand?post=47327"},{"taxonomy":"product_cat","embeddable":true,"href":"https:\/\/www.tracea.ch\/en\/wp-json\/wp\/v2\/product_cat?post=47327"},{"taxonomy":"product_tag","embeddable":true,"href":"https:\/\/www.tracea.ch\/en\/wp-json\/wp\/v2\/product_tag?post=47327"}],"curies":[{"name":"wp","href":"https:\/\/api.w.org\/{rel}","templated":true}]}}