{"id":47632,"date":"2026-07-08T13:21:17","date_gmt":"2026-07-08T13:21:17","guid":{"rendered":"https:\/\/www.tracea.ch\/boutique\/non%20class\u00e9\/womens-monviso-25l-jacket\/"},"modified":"2026-07-08T13:22:14","modified_gmt":"2026-07-08T13:22:14","slug":"womens-monviso-25l-jacket","status":"publish","type":"product","link":"https:\/\/www.tracea.ch\/en\/boutique\/womens-monviso-25l-jacket\/","title":{"rendered":"Women&rsquo;s Monviso 2,5L Jacket"},"content":{"rendered":"<p>Que ce soit dans les vir\u00e9es \u00e0 ski, en montagne ou sur les parcours d&rsquo;escalade \u2013 il faut toujours pr\u00e9voir la neige, la pluie ou la temp\u00eate sur terrain alpin. La veste hardshell Monviso 2,5\u00a0couches pour femme offre une protection contre les intemp\u00e9ries sans compromis et r\u00e9pond parfaitement aux attentes des alpinistes. Avec sa colonne d&rsquo;eau de 20\u00a0000\u00a0mm et une tr\u00e8s haute perm\u00e9abilit\u00e9 \u00e0 la vapeur, notre membrane Ceplex Pro est la plus performante tout en se passant des fluorocarbures nocifs pour l&rsquo;environnement. Les deux poches frontales plac\u00e9es haut sont bien accessibles malgr\u00e9 le port d&rsquo;un harnais, et la veste ne glisse pas du harnais m\u00eame lors des prises hautes au-dessus de la t\u00eate. La capuche enti\u00e8rement compatible avec le port d&rsquo;un casque et le col temp\u00eate haut, associ\u00e9s \u00e0 la taille ajustable et aux poignets r\u00e9glables, prot\u00e8gent contre l&rsquo;intrusion de la neige et du vent. Lorsque les temp\u00e9ratures grimpent, l&rsquo;a\u00e9ration sous les bras offre un rafraichissement efficace. Pour s&rsquo;armer contre les intemp\u00e9ries, la veste hardshell Monviso 2,5\u00a0couches pour femme pr\u00e9sente une coupe favorisant la superposition de diff\u00e9rentes couches isolantes. Ceci en fait la tenue robuste pour les vir\u00e9es en montagne \u00e0 toute saison. Le label Green Shape de VAUDE garantit un produit \u00e9cologique, fonctionnel et fabriqu\u00e9 dans des mat\u00e9riaux durables. En tant que membre Leader de l&rsquo;organisme ind\u00e9pendant Fair Wear, VAUDE s&rsquo;engage en faveur de conditions de travail et de salaires \u00e9quitables.<\/p>\n<p><em>mati\u00e8re 2,5 \u00e9paisseurs, capuche mont\u00e9e et r\u00e9glable en largeur, Capuche compatible avec un casque, zip double sens hydrophobe avec rabat int\u00e9rieur sur le devant, 2 poches frontales dissimul\u00e9es avec zip, ventilation sous les bras avec zip hydrophobe, cordon \u00e0 la ceinture avec syst\u00e8me de r\u00e9glage \u00e0 une main, manches pr\u00e9form\u00e9es, poignets r\u00e9glables en largeur gr\u00e2ce \u00e0 un velcro<\/em><\/p>","protected":false},"excerpt":{"rendered":"<p>Veste hardshell femme r\u00e9sistante pour randonn\u00e9es \u00e0 ski sur terrain alpin #protection maximale contre les intemp\u00e9ries&nbsp;: imperm\u00e9able, \u00e9tanche au vent et ultra respirante #design compatible avec le port d&rsquo;un harnais et d&rsquo;un sac \u00e0 dos #mati\u00e8re principale en polyester 100&nbsp;% recycl\u00e9<\/p>","protected":false},"featured_media":24982,"comment_status":"closed","ping_status":"open","template":"","meta":[],"product_brand":[375],"product_cat":[213,709,216],"product_tag":[365,368,422,421],"class_list":["post-47632","product","type-product","status-publish","has-post-thumbnail","product_brand-vaude","product_cat-boutique","product_cat-veste","product_cat-vetements","product_tag-boutique","product_tag-vente","product_tag-vente-vetement","product_tag-vetement","pa_couleur-buckeye","pa_couleur-dark-iris","pa_couleur-dusty-fern","pa_taille-466","pa_taille-436","pa_taille-437","pa_taille-438","pa_taille-439","pa_taille-440","pa_taille-441","first","instock","purchasable","product-type-variable"],"_links":{"self":[{"href":"https:\/\/www.tracea.ch\/en\/wp-json\/wp\/v2\/product\/47632","targetHints":{"allow":["GET"]}}],"collection":[{"href":"https:\/\/www.tracea.ch\/en\/wp-json\/wp\/v2\/product"}],"about":[{"href":"https:\/\/www.tracea.ch\/en\/wp-json\/wp\/v2\/types\/product"}],"replies":[{"embeddable":true,"href":"https:\/\/www.tracea.ch\/en\/wp-json\/wp\/v2\/comments?post=47632"}],"version-history":[{"count":1,"href":"https:\/\/www.tracea.ch\/en\/wp-json\/wp\/v2\/product\/47632\/revisions"}],"predecessor-version":[{"id":47633,"href":"https:\/\/www.tracea.ch\/en\/wp-json\/wp\/v2\/product\/47632\/revisions\/47633"}],"wp:featuredmedia":[{"embeddable":true,"href":"https:\/\/www.tracea.ch\/en\/wp-json\/wp\/v2\/media\/24982"}],"wp:attachment":[{"href":"https:\/\/www.tracea.ch\/en\/wp-json\/wp\/v2\/media?parent=47632"}],"wp:term":[{"taxonomy":"product_brand","embeddable":true,"href":"https:\/\/www.tracea.ch\/en\/wp-json\/wp\/v2\/product_brand?post=47632"},{"taxonomy":"product_cat","embeddable":true,"href":"https:\/\/www.tracea.ch\/en\/wp-json\/wp\/v2\/product_cat?post=47632"},{"taxonomy":"product_tag","embeddable":true,"href":"https:\/\/www.tracea.ch\/en\/wp-json\/wp\/v2\/product_tag?post=47632"}],"curies":[{"name":"wp","href":"https:\/\/api.w.org\/{rel}","templated":true}]}}