{"id":47686,"date":"2026-07-08T13:22:56","date_gmt":"2026-07-08T13:22:56","guid":{"rendered":"https:\/\/www.tracea.ch\/boutique\/non%20class\u00e9\/kids-greenfinch-coat-girls-iii\/"},"modified":"2026-07-08T13:23:18","modified_gmt":"2026-07-08T13:23:18","slug":"kids-greenfinch-coat-girls-iii","status":"publish","type":"product","link":"https:\/\/www.tracea.ch\/en\/boutique\/kids-greenfinch-coat-girls-iii\/","title":{"rendered":"Kids Greenfinch Coat Girls III"},"content":{"rendered":"<p>Manteau d&rsquo;hiver chaudement rembourr\u00e9 pour les filles f\u00e9rues de mode et d&rsquo;environnement\u00a0! Le manteau d&rsquo;hiver bouffant et \u00e9cologique avec un aspect l\u00e9g\u00e8rement chin\u00e9 et une silhouette tendance ballon sait affronter les temp\u00e9ratures n\u00e9gatives mordantes et les boules de neige. Le manteau d&rsquo;hiver pour filles est appr\u00eat\u00e9 avec l&rsquo;appr\u00eat \u00e9cologique Eco Finish, d\u00e9perlant et antisalissures sans fluorocarbures (PFC). La capuche chaude prot\u00e8ge du vent froid et les grandes poches en biais \u00e0 pression tiennent les doigts bien au chaud. Des \u00e9lastiques doux sont int\u00e9gr\u00e9s aux manches pour repousser le froid. Le zip frontal masqu\u00e9 du manteau d&rsquo;hiver pour filles barre en plus la route aux vents puissants. Les v\u00eatements pour enfants fonctionnels VAUDE ont plus d&rsquo;un atout\u00a0: mat\u00e9riaux de qualit\u00e9, formes et couleurs adapt\u00e9es aux enfants et fabrication \u00e9cologique. Nous concevons des \u00e9quipements outdoor pour enfants hautement r\u00e9sistants qui peuvent ainsi \u00eatre pass\u00e9s d&rsquo;un enfant \u00e0 un autre. Le label Green Shape de VAUDE garantit un produit \u00e9cologique, fonctionnel et fabriqu\u00e9 dans des mat\u00e9riaux durables certifi\u00e9s bluesign\u00ae.<\/p>\n<p><em>fonction \u00e9volutive: ce mod\u00e8le peut \u00eatre ajust\u00e9 \u00e0 la croissance de votre enfant, ouatage de 100g\/m\u00b2 \u00e0 la capuche, garnissage 180g\/m\u00b2, 2 poches avec rabat et boutons sur le devant, zip frontal avec rabat int\u00e9rieur, prot\u00e8ge-menton avec Foldover, poignets et ceinture \u00e9lastiques, \u00e9tiquette pour le nom jusqu&rsquo;\u00e0 la taille 122\/128<\/em><\/p>","protected":false},"excerpt":{"rendered":"<p>Manteau d&rsquo;hiver matelass\u00e9 chaud pour fille #d\u00e9perlante et antisalissures #grandit avec son porteur au niveau des manches #mati\u00e8re principale fabriqu\u00e9e en polyester recycl\u00e9<\/p>","protected":false},"featured_media":25038,"comment_status":"closed","ping_status":"open","template":"","meta":[],"product_brand":[375],"product_cat":[213,709,216],"product_tag":[365,368,422,421],"class_list":["post-47686","product","type-product","status-publish","has-post-thumbnail","product_brand-vaude","product_cat-boutique","product_cat-veste","product_cat-vetements","product_tag-boutique","product_tag-vente","product_tag-vente-vetement","product_tag-vetement","pa_couleur-dark-sea-rose","pa_couleur-hokkaido","pa_couleur-silt-brown","pa_taille-110-116","pa_taille-122-128","pa_taille-134-140","pa_taille-146-152","pa_taille-158-164","first","instock","purchasable","product-type-variable"],"_links":{"self":[{"href":"https:\/\/www.tracea.ch\/en\/wp-json\/wp\/v2\/product\/47686","targetHints":{"allow":["GET"]}}],"collection":[{"href":"https:\/\/www.tracea.ch\/en\/wp-json\/wp\/v2\/product"}],"about":[{"href":"https:\/\/www.tracea.ch\/en\/wp-json\/wp\/v2\/types\/product"}],"replies":[{"embeddable":true,"href":"https:\/\/www.tracea.ch\/en\/wp-json\/wp\/v2\/comments?post=47686"}],"version-history":[{"count":1,"href":"https:\/\/www.tracea.ch\/en\/wp-json\/wp\/v2\/product\/47686\/revisions"}],"predecessor-version":[{"id":47687,"href":"https:\/\/www.tracea.ch\/en\/wp-json\/wp\/v2\/product\/47686\/revisions\/47687"}],"wp:featuredmedia":[{"embeddable":true,"href":"https:\/\/www.tracea.ch\/en\/wp-json\/wp\/v2\/media\/25038"}],"wp:attachment":[{"href":"https:\/\/www.tracea.ch\/en\/wp-json\/wp\/v2\/media?parent=47686"}],"wp:term":[{"taxonomy":"product_brand","embeddable":true,"href":"https:\/\/www.tracea.ch\/en\/wp-json\/wp\/v2\/product_brand?post=47686"},{"taxonomy":"product_cat","embeddable":true,"href":"https:\/\/www.tracea.ch\/en\/wp-json\/wp\/v2\/product_cat?post=47686"},{"taxonomy":"product_tag","embeddable":true,"href":"https:\/\/www.tracea.ch\/en\/wp-json\/wp\/v2\/product_tag?post=47686"}],"curies":[{"name":"wp","href":"https:\/\/api.w.org\/{rel}","templated":true}]}}