{"id":48045,"date":"2026-07-08T13:33:51","date_gmt":"2026-07-08T13:33:51","guid":{"rendered":"https:\/\/www.tracea.ch\/boutique\/non%20class\u00e9\/womens-skomer-hiking-sc-jacket\/"},"modified":"2026-07-08T13:35:40","modified_gmt":"2026-07-08T13:35:40","slug":"womens-skomer-hiking-sc-jacket","status":"publish","type":"product","link":"https:\/\/www.tracea.ch\/en\/boutique\/womens-skomer-hiking-sc-jacket\/","title":{"rendered":"Women&rsquo;s Skomer Hiking SC Jacket"},"content":{"rendered":"<p>La veste polaire Skomer pour femme est une tenue indispensable pour toute l&rsquo;ann\u00e9e. Port\u00e9e en solo ou comme couche interm\u00e9diaire, la veste polaire ne doit manquer dans aucun sac \u00e0 dos de rando du printemps \u00e0 l&rsquo;hiver. Le col montant et le zip couvert de l&rsquo;arri\u00e8re sont tr\u00e8s appr\u00e9ciables en montagne sous les rafales de vent. Port\u00e9e sous une veste hardshell, la veste polaire Skomer pour femme est une couche interm\u00e9diaire thermique id\u00e9ale. Elle offre de plus une respirabilit\u00e9 \u00e9lev\u00e9e et \u00e9vacue la sueur efficacement. La mati\u00e8re est agr\u00e9ablement douce, chaude et \u00e9lastique. Facile d&rsquo;entretien, elle s\u00e8che tr\u00e8s rapidement, ce qui s&rsquo;av\u00e8re tr\u00e8s pratique sur les circuits de plusieurs jours. Les deux poches avant zipp\u00e9es offrent suffisamment de place pour accueillir un smartphone ou un porte-monnaie. Le label Green Shape de VAUDE garantit un produit \u00e9cologique, fonctionnel et fabriqu\u00e9 dans des mat\u00e9riaux durables.<\/p>\n<p><em>zip frontal avec rabat int\u00e9rieur, 2 poches frontales avec fermeture \u00e9clair, 1 poches sur la manche, broderie d\u00e9corative<\/em><\/p>","protected":false},"excerpt":{"rendered":"<p>Veste polaire multifonction de randonn\u00e9e pour femme, prenant part au concept d&rsquo;\u00e9conomie circulaire VAUDE #chaude, douce et respirante #avec col montant #mati\u00e8re principale fabriqu\u00e9e en polyester recycl\u00e9<\/p>","protected":false},"featured_media":25286,"comment_status":"closed","ping_status":"open","template":"","meta":[],"product_brand":[375],"product_cat":[213,709,216],"product_tag":[365,368,422,421],"class_list":["post-48045","product","type-product","status-publish","has-post-thumbnail","product_brand-vaude","product_cat-boutique","product_cat-veste","product_cat-vetements","product_tag-boutique","product_tag-vente","product_tag-vente-vetement","product_tag-vetement","pa_couleur-agave","pa_couleur-black","pa_couleur-brick","pa_couleur-dark-sea","pa_couleur-linen","pa_taille-466","pa_taille-436","pa_taille-437","pa_taille-438","pa_taille-439","pa_taille-440","pa_taille-441","pa_taille-459","pa_taille-469","first","instock","purchasable","product-type-variable"],"_links":{"self":[{"href":"https:\/\/www.tracea.ch\/en\/wp-json\/wp\/v2\/product\/48045","targetHints":{"allow":["GET"]}}],"collection":[{"href":"https:\/\/www.tracea.ch\/en\/wp-json\/wp\/v2\/product"}],"about":[{"href":"https:\/\/www.tracea.ch\/en\/wp-json\/wp\/v2\/types\/product"}],"replies":[{"embeddable":true,"href":"https:\/\/www.tracea.ch\/en\/wp-json\/wp\/v2\/comments?post=48045"}],"version-history":[{"count":1,"href":"https:\/\/www.tracea.ch\/en\/wp-json\/wp\/v2\/product\/48045\/revisions"}],"predecessor-version":[{"id":48046,"href":"https:\/\/www.tracea.ch\/en\/wp-json\/wp\/v2\/product\/48045\/revisions\/48046"}],"wp:featuredmedia":[{"embeddable":true,"href":"https:\/\/www.tracea.ch\/en\/wp-json\/wp\/v2\/media\/25286"}],"wp:attachment":[{"href":"https:\/\/www.tracea.ch\/en\/wp-json\/wp\/v2\/media?parent=48045"}],"wp:term":[{"taxonomy":"product_brand","embeddable":true,"href":"https:\/\/www.tracea.ch\/en\/wp-json\/wp\/v2\/product_brand?post=48045"},{"taxonomy":"product_cat","embeddable":true,"href":"https:\/\/www.tracea.ch\/en\/wp-json\/wp\/v2\/product_cat?post=48045"},{"taxonomy":"product_tag","embeddable":true,"href":"https:\/\/www.tracea.ch\/en\/wp-json\/wp\/v2\/product_tag?post=48045"}],"curies":[{"name":"wp","href":"https:\/\/api.w.org\/{rel}","templated":true}]}}