{"id":48293,"date":"2026-07-08T13:41:52","date_gmt":"2026-07-08T13:41:52","guid":{"rendered":"https:\/\/www.tracea.ch\/boutique\/non%20class\u00e9\/mens-scopi-wind-jacket\/"},"modified":"2026-07-08T13:42:39","modified_gmt":"2026-07-08T13:42:39","slug":"mens-scopi-wind-jacket","status":"publish","type":"product","link":"https:\/\/www.tracea.ch\/en\/boutique\/mens-scopi-wind-jacket\/","title":{"rendered":"Men&rsquo;s Scopi Wind Jacket"},"content":{"rendered":"<p>Une l\u00e9g\u00e8re protection contre le vent est essentielle pour les alpinistes, et ce \u00e9galement en \u00e9t\u00e9. La veste Scopi pour homme est coupe-vent et prot\u00e8ge ainsi son porteur du refroidissement en randonn\u00e9e, en escalade, lors du running ou sur le v\u00e9lo. \u00c0 ceci s&rsquo;ajoute sa composition en mati\u00e8re 100\u00a0% recycl\u00e9e et monomat\u00e9riau appr\u00eat\u00e9e avec la finition d\u00e9perlante et antisalissures Eco Finish sans PFC. Ceci permet \u00e0 la veste coupe-vent Scopi homme de braver aussi de br\u00e8ves averses de pluie. La capuche ajustable et les poignets \u00e9lastiques garantissent des fermetures pratiquement \u00e9tanches au vent. Des perforations laser fines sous les bras permettent d&rsquo;\u00e9vacuer les exc\u00e8s de chaleur lors des activit\u00e9s physiquement intenses. Les affaires essentielles trouvent de la place dans la poche poitrine zipp\u00e9e sur les parcours sportifs sans sac \u00e0 dos. La veste coupe-vent Scopi pour homme est si compressible et l\u00e9g\u00e8re que les passionn\u00e9s d&rsquo;alpinisme peuvent l&#8217;emporter partout \u00e0 chaque sortie. Le label Green Shape de VAUDE garantit un produit \u00e9cologique, fonctionnel et fabriqu\u00e9 dans des mat\u00e9riaux durables. En tant que membre Leader de l&rsquo;organisme ind\u00e9pendant Fair Wear, VAUDE s&rsquo;engage en faveur de conditions de travail et de salaires \u00e9quitables.<\/p>\n<p><em>capuche mont\u00e9e et r\u00e9glable en largeur, zip frontal avec rabat int\u00e9rieur, 1 poche poitrine avec zipp\u00e9e, ventilation d\u00e9coup\u00e9e au laser aux aisselles, manches pr\u00e9form\u00e9es, empi\u00e8cements \u00e9lastiques aux poignets<\/em><\/p>","protected":false},"excerpt":{"rendered":"<p>Veste coupe-vent homme l\u00e9g\u00e8re et compressible pour les sorties dynamiques en montagne #perforation laser sous les bras pour une meilleure ventilation #bordures \u00e9lastiques \u00e0 la capuche et aux manches #produit de l&rsquo;\u00e9conomie circulaire<\/p>","protected":false},"featured_media":28012,"comment_status":"closed","ping_status":"open","template":"","meta":[],"product_brand":[375],"product_cat":[213,709,216],"product_tag":[365,368,422,421],"class_list":["post-48293","product","type-product","status-publish","has-post-thumbnail","product_brand-vaude","product_cat-boutique","product_cat-veste","product_cat-vetements","product_tag-boutique","product_tag-vente","product_tag-vente-vetement","product_tag-vetement","pa_couleur-dusty-fern","pa_couleur-heron","pa_couleur-light-leaf","pa_couleur-radiate-blue","pa_taille-l","pa_taille-m","pa_taille-s","pa_taille-xl","pa_taille-xxl","first","instock","purchasable","product-type-variable"],"_links":{"self":[{"href":"https:\/\/www.tracea.ch\/en\/wp-json\/wp\/v2\/product\/48293","targetHints":{"allow":["GET"]}}],"collection":[{"href":"https:\/\/www.tracea.ch\/en\/wp-json\/wp\/v2\/product"}],"about":[{"href":"https:\/\/www.tracea.ch\/en\/wp-json\/wp\/v2\/types\/product"}],"replies":[{"embeddable":true,"href":"https:\/\/www.tracea.ch\/en\/wp-json\/wp\/v2\/comments?post=48293"}],"version-history":[{"count":1,"href":"https:\/\/www.tracea.ch\/en\/wp-json\/wp\/v2\/product\/48293\/revisions"}],"predecessor-version":[{"id":48294,"href":"https:\/\/www.tracea.ch\/en\/wp-json\/wp\/v2\/product\/48293\/revisions\/48294"}],"wp:featuredmedia":[{"embeddable":true,"href":"https:\/\/www.tracea.ch\/en\/wp-json\/wp\/v2\/media\/28012"}],"wp:attachment":[{"href":"https:\/\/www.tracea.ch\/en\/wp-json\/wp\/v2\/media?parent=48293"}],"wp:term":[{"taxonomy":"product_brand","embeddable":true,"href":"https:\/\/www.tracea.ch\/en\/wp-json\/wp\/v2\/product_brand?post=48293"},{"taxonomy":"product_cat","embeddable":true,"href":"https:\/\/www.tracea.ch\/en\/wp-json\/wp\/v2\/product_cat?post=48293"},{"taxonomy":"product_tag","embeddable":true,"href":"https:\/\/www.tracea.ch\/en\/wp-json\/wp\/v2\/product_tag?post=48293"}],"curies":[{"name":"wp","href":"https:\/\/api.w.org\/{rel}","templated":true}]}}