{"id":48364,"date":"2026-07-08T13:43:57","date_gmt":"2026-07-08T13:43:57","guid":{"rendered":"https:\/\/www.tracea.ch\/boutique\/non%20class\u00e9\/mens-freney-jacket-vi\/"},"modified":"2026-07-08T13:45:17","modified_gmt":"2026-07-08T13:45:17","slug":"mens-freney-jacket-vi","status":"publish","type":"product","link":"https:\/\/www.tracea.ch\/en\/boutique\/mens-freney-jacket-vi\/","title":{"rendered":"Men&rsquo;s Freney Jacket VI"},"content":{"rendered":"<p>La veste isolante Freney VI pour homme est la tenue id\u00e9ale sur les parcours sportifs en montagne pour y dispenser de la chaleur en toute l\u00e9g\u00e8ret\u00e9. En cas de non-utilisation, elle se comprime ais\u00e9ment dans sa propre poche avant pour gagner de la place. Le garnissage en fibres synth\u00e9tiques PrimaLoft\u00ae r\u00e9chauffe le corps efficacement, m\u00eame \u00e0 l&rsquo;\u00e9tat humide. Ceci permet de garder la veste lors des passages intens\u00e9ment physiques. Le design de cette veste isolante pour homme adh\u00e8re \u00e9galement \u00e0 l&rsquo;esprit alpin\u00a0: avec ses poches compatibles avec le port d&rsquo;un baudrier, la taille r\u00e9glable d&rsquo;une seule main et les manches pr\u00e9form\u00e9es, une libert\u00e9 de mouvement maximale est garantie sur la paroi d&rsquo;escalade. Les poignets munis d&rsquo;une bordure \u00e9lastique et une capuche \u00e9troitement ajust\u00e9e prot\u00e8gent contre le vent frais une fois le sommet atteint. La mati\u00e8re ext\u00e9rieure robuste de la veste isolante Freney VI homme est dot\u00e9e de la finition d\u00e9perlante et antisalissures Eco Finish sans PFC. La veste peut ainsi non seulement se porter comme couche chauffante sous une veste hardshell, mais aussi en solo comme couche externe. Le label Green Shape de VAUDE garantit un produit \u00e9cologique, fonctionnel et fabriqu\u00e9 dans des mat\u00e9riaux durables. En tant que membre Leader de l&rsquo;organisme ind\u00e9pendant Fair Wear, VAUDE s&rsquo;engage en faveur de conditions de travail et de salaires \u00e9quitables.<\/p>\n<p><em>coupe sport \u00e9troite, ouat\u00e9, capuche mont\u00e9e, zip invers\u00e9 avec rabat int\u00e9rieur sur le devant, manches pr\u00e9form\u00e9es, 1 poche poitrine avec zipp\u00e9e, 2 poches frontales avec zip invers\u00e9, 1 poche \u00e0 l\u2019avant pour ranger, cordon \u00e0 la ceinture avec syst\u00e8me de r\u00e9glage \u00e0 une main<\/em><\/p>","protected":false},"excerpt":{"rendered":"<p>Veste isolante homme l\u00e9g\u00e8re pour les sorties sportives en montagne #chaude, respirante et d\u00e9perlante #garnissage en PrimaLoft\u00ae qui isole aussi \u00e0 l&rsquo;\u00e9tat humide #mati\u00e8re principale essentiellement fabriqu\u00e9e en polyamide recycl\u00e9<\/p>","protected":false},"featured_media":28144,"comment_status":"closed","ping_status":"open","template":"","meta":[],"product_brand":[375],"product_cat":[213,709,216],"product_tag":[365,368,422,421],"class_list":["post-48364","product","type-product","status-publish","has-post-thumbnail","product_brand-vaude","product_cat-boutique","product_cat-veste","product_cat-vetements","product_tag-boutique","product_tag-vente","product_tag-vente-vetement","product_tag-vetement","pa_couleur-agave","pa_couleur-black","pa_couleur-carmine","pa_couleur-dark-leaf","pa_couleur-dark-sea","pa_couleur-purple-ash","pa_taille-l","pa_taille-m","pa_taille-s","pa_taille-xl","pa_taille-xxl","first","instock","purchasable","product-type-variable"],"_links":{"self":[{"href":"https:\/\/www.tracea.ch\/en\/wp-json\/wp\/v2\/product\/48364","targetHints":{"allow":["GET"]}}],"collection":[{"href":"https:\/\/www.tracea.ch\/en\/wp-json\/wp\/v2\/product"}],"about":[{"href":"https:\/\/www.tracea.ch\/en\/wp-json\/wp\/v2\/types\/product"}],"replies":[{"embeddable":true,"href":"https:\/\/www.tracea.ch\/en\/wp-json\/wp\/v2\/comments?post=48364"}],"version-history":[{"count":1,"href":"https:\/\/www.tracea.ch\/en\/wp-json\/wp\/v2\/product\/48364\/revisions"}],"predecessor-version":[{"id":48365,"href":"https:\/\/www.tracea.ch\/en\/wp-json\/wp\/v2\/product\/48364\/revisions\/48365"}],"wp:featuredmedia":[{"embeddable":true,"href":"https:\/\/www.tracea.ch\/en\/wp-json\/wp\/v2\/media\/28144"}],"wp:attachment":[{"href":"https:\/\/www.tracea.ch\/en\/wp-json\/wp\/v2\/media?parent=48364"}],"wp:term":[{"taxonomy":"product_brand","embeddable":true,"href":"https:\/\/www.tracea.ch\/en\/wp-json\/wp\/v2\/product_brand?post=48364"},{"taxonomy":"product_cat","embeddable":true,"href":"https:\/\/www.tracea.ch\/en\/wp-json\/wp\/v2\/product_cat?post=48364"},{"taxonomy":"product_tag","embeddable":true,"href":"https:\/\/www.tracea.ch\/en\/wp-json\/wp\/v2\/product_tag?post=48364"}],"curies":[{"name":"wp","href":"https:\/\/api.w.org\/{rel}","templated":true}]}}