{"id":48818,"date":"2026-07-08T13:58:33","date_gmt":"2026-07-08T13:58:33","guid":{"rendered":"https:\/\/www.tracea.ch\/boutique\/non%20class\u00e9\/mens-simony-25l-jacket-v\/"},"modified":"2026-07-08T14:00:21","modified_gmt":"2026-07-08T14:00:21","slug":"mens-simony-25l-jacket-v","status":"publish","type":"product","link":"https:\/\/www.tracea.ch\/en\/boutique\/mens-simony-25l-jacket-v\/","title":{"rendered":"Men&rsquo;s Simony 2,5L Jacket V"},"content":{"rendered":"<p>Se laisser surprendre en montagne par une temp\u00eate sans protection contre les intemp\u00e9ries ad\u00e9quate est pour le moins d\u00e9sagr\u00e9able, sinon dangereux dans une situation pouvant rapidement d\u00e9g\u00e9n\u00e9rer. La veste de pluie Simony V 2,5 couches pour homme est si compressible qu&rsquo;elle peut se ranger sans difficult\u00e9 dans chaque sac \u00e0 dos \u00e0 titre pr\u00e9ventif par beau temps. Sa construction 2,5 couches y contribue pour une large part\u00a0: Le tissu ext\u00e9rieur robuste et la membrane performante Ceplex-Pro sont soud\u00e9s l&rsquo;un \u00e0 l&rsquo;autre afin de pouvoir renoncer \u00e0 une doublure suppl\u00e9mentaire au b\u00e9n\u00e9fice d&rsquo;un imprim\u00e9 protecteur (demi-couche). En plus de la membrane imperm\u00e9able (colonne d&rsquo;eau d&rsquo;au moins 20\u00a0000 mm selon JIS L 1092 B), le tissu ext\u00e9rieur de la veste de pluie Simony V 2,5 couches pour homme est appr\u00eat\u00e9 avec la finition Eco Finish d\u00e9perlante et antisalissures sans PFC. La haute respirabilit\u00e9 et les zips de ventilation sous les aisselles assurent une thermor\u00e9gulation efficace tandis que les manches pr\u00e9form\u00e9es se portent garantes d&rsquo;une aisance de mouvement maximale. Il est possible d&rsquo;ajuster individuellement la taille, les poignets et la capuche pour se prot\u00e9ger du vent froid. Une carte topo, des gants ou un bandeau peuvent se ranger ais\u00e9ment dans les deux grandes poches avant zipp\u00e9es. Le label Green Shape de VAUDE garantit un produit \u00e9cologique, fonctionnel et fabriqu\u00e9 dans des mat\u00e9riaux durables. En tant que membre Leader de l&rsquo;organisme ind\u00e9pendant Fair Wear, VAUDE s&rsquo;engage en faveur de conditions de travail et de salaires \u00e9quitables.<\/p>\n<p><em>mati\u00e8re 2,5 \u00e9paisseurs, manches pr\u00e9form\u00e9es, capuche mont\u00e9e et r\u00e9glable en largeur, zip hydrophobe sur le devant avec rabat int\u00e9rieur , 2 poches frontales avec fermeture \u00e9clair, ventilation sous le bras gr\u00e2ce \u00e0 une fermeture \u00e9clair \u00e9tanche, cordon \u00e0 la ceinture avec syst\u00e8me de r\u00e9glage \u00e0 une main, poignets r\u00e9glables en largeur gr\u00e2ce \u00e0 un velcro<\/em><\/p>","protected":false},"excerpt":{"rendered":"<p>Veste de pluie homme l\u00e9g\u00e8re pour les sports de montagne #imperm\u00e9able, \u00e9tanche au vent et ultrarespirante #faible encombrement #mati\u00e8re principale fabriqu\u00e9e dans le respect du climat par recyclage innovant de pneus usag\u00e9s sous utilisation d&rsquo;une m\u00e9thode de bilan massique<\/p>","protected":false},"featured_media":41686,"comment_status":"closed","ping_status":"open","template":"","meta":[],"product_brand":[375],"product_cat":[213,709,216],"product_tag":[365,368,422,421],"class_list":["post-48818","product","type-product","status-publish","has-post-thumbnail","product_brand-vaude","product_cat-boutique","product_cat-veste","product_cat-vetements","product_tag-boutique","product_tag-vente","product_tag-vente-vetement","product_tag-vetement","pa_couleur-active-blue","pa_couleur-black","pa_couleur-carmine","pa_couleur-dark-leaf","pa_couleur-dark-sea","pa_couleur-kumquat","pa_couleur-radiate-blue","pa_couleur-red","pa_taille-l","pa_taille-m","pa_taille-s","pa_taille-xl","pa_taille-xxl","first","instock","purchasable","product-type-variable"],"_links":{"self":[{"href":"https:\/\/www.tracea.ch\/en\/wp-json\/wp\/v2\/product\/48818","targetHints":{"allow":["GET"]}}],"collection":[{"href":"https:\/\/www.tracea.ch\/en\/wp-json\/wp\/v2\/product"}],"about":[{"href":"https:\/\/www.tracea.ch\/en\/wp-json\/wp\/v2\/types\/product"}],"replies":[{"embeddable":true,"href":"https:\/\/www.tracea.ch\/en\/wp-json\/wp\/v2\/comments?post=48818"}],"version-history":[{"count":1,"href":"https:\/\/www.tracea.ch\/en\/wp-json\/wp\/v2\/product\/48818\/revisions"}],"predecessor-version":[{"id":48819,"href":"https:\/\/www.tracea.ch\/en\/wp-json\/wp\/v2\/product\/48818\/revisions\/48819"}],"wp:featuredmedia":[{"embeddable":true,"href":"https:\/\/www.tracea.ch\/en\/wp-json\/wp\/v2\/media\/41686"}],"wp:attachment":[{"href":"https:\/\/www.tracea.ch\/en\/wp-json\/wp\/v2\/media?parent=48818"}],"wp:term":[{"taxonomy":"product_brand","embeddable":true,"href":"https:\/\/www.tracea.ch\/en\/wp-json\/wp\/v2\/product_brand?post=48818"},{"taxonomy":"product_cat","embeddable":true,"href":"https:\/\/www.tracea.ch\/en\/wp-json\/wp\/v2\/product_cat?post=48818"},{"taxonomy":"product_tag","embeddable":true,"href":"https:\/\/www.tracea.ch\/en\/wp-json\/wp\/v2\/product_tag?post=48818"}],"curies":[{"name":"wp","href":"https:\/\/api.w.org\/{rel}","templated":true}]}}