{"id":49049,"date":"2026-07-08T14:04:55","date_gmt":"2026-07-08T14:04:55","guid":{"rendered":"https:\/\/www.tracea.ch\/boutique\/non%20class\u00e9\/mens-rosemoor-padded-parka\/"},"modified":"2026-07-08T14:06:04","modified_gmt":"2026-07-08T14:06:04","slug":"mens-rosemoor-padded-parka","status":"publish","type":"product","link":"https:\/\/www.tracea.ch\/en\/boutique\/mens-rosemoor-padded-parka\/","title":{"rendered":"Men&rsquo;s Rosemoor Padded Parka"},"content":{"rendered":"<p>De quoi a-t-on besoin pendant la saison froide ? C\u2019est vrai, de chaleur et de protection contre les intemp\u00e9ries. La parka matelass\u00e9e pour homme r\u00e9chauffe gr\u00e2ce \u00e0 l\u2019isolation PrimaLoft\u00ae sur toute la longueur avec sa longueur confortable jusqu\u2019aux cuisses. En plus de la membrane imperm\u00e9able, \u00e9tanche au vent et respirante, le tissu ext\u00e9rieur est trait\u00e9 avec Eco Finish, un produit sans PFC qui repousse l\u2019eau et la salet\u00e9. Si quelque chose devait mal tourner sur le march\u00e9 de No\u00ebl, il n\u2019est pas utile de mettre imm\u00e9diatement la veste au lavage. Et quand la m\u00e9t\u00e9o montre ses muscles, la capuche prot\u00e8ge \u00e9galement la t\u00eate et les oreilles du vent et du froid. Un d\u00e9tail ing\u00e9nieux\u00a0: \u00c0 l\u2019int\u00e9rieur, deux tissus de doublure diff\u00e9rents sont utilis\u00e9s. Au niveau du torse, un mat\u00e9riau bross\u00e9 assure un confort douillet. Les manches et la capuche sont doubl\u00e9es de taffetas fluide : ainsi, la parka glisse sans probl\u00e8me sur les couches inf\u00e9rieures de v\u00eatements lorsqu\u2019on l\u2019enfile. Les affaires indispensables comme le porte-monnaie, le smartphone ou les gants trouvent facilement une place dans deux poches ext\u00e9rieures et une poche int\u00e9rieure. Le label Green Shape de VAUDE garantit un produit \u00e9cologique, fonctionnel et fabriqu\u00e9 dans des mat\u00e9riaux durables. En tant que membre Leader de l\u2019organisme ind\u00e9pendant Fair Wear, VAUDE s\u2019engage en faveur de conditions de travail et de salaires \u00e9quitables.<\/p>\n<p><em>mati\u00e8re double \u00e9paisseur, capuche mont\u00e9e et r\u00e9glable en largeur, fermeture \u00e9clair avec rabat int\u00e9rieur et ext\u00e9rieur sur le devant, avec zip facilement r\u00e9parable, 2 poches frontales dissimul\u00e9es avec zip, 1 poche Napol\u00e9on, poignets r\u00e9glables en largeur gr\u00e2ce \u00e0 un velcro, doublure en deux parties : partie sup\u00e9rieure en mati\u00e8re gratt\u00e9e, partie inf\u00e9rieur en Taffetas<\/em><\/p>","protected":false},"excerpt":{"rendered":"<p>Parka d&rsquo;hiver rembourr\u00e9e pour homme #imperm\u00e9able, \u00e9tanche au vent et respirante #chauffe le corps jusqu&rsquo;au-dessus des fesses et des cuisses gr\u00e2ce \u00e0 une isolation continue<\/p>","protected":false},"featured_media":42328,"comment_status":"closed","ping_status":"open","template":"","meta":[],"product_brand":[375],"product_cat":[213,709,216],"product_tag":[365,368,422,421],"class_list":["post-49049","product","type-product","status-publish","has-post-thumbnail","product_brand-vaude","product_cat-boutique","product_cat-veste","product_cat-vetements","product_tag-boutique","product_tag-vente","product_tag-vente-vetement","product_tag-vetement","pa_couleur-black","pa_couleur-dark-sea","pa_couleur-khaki","pa_couleur-tobacco","pa_taille-l","pa_taille-m","pa_taille-s","pa_taille-xl","pa_taille-xxl","pa_taille-xxxl","first","instock","purchasable","product-type-variable"],"_links":{"self":[{"href":"https:\/\/www.tracea.ch\/en\/wp-json\/wp\/v2\/product\/49049","targetHints":{"allow":["GET"]}}],"collection":[{"href":"https:\/\/www.tracea.ch\/en\/wp-json\/wp\/v2\/product"}],"about":[{"href":"https:\/\/www.tracea.ch\/en\/wp-json\/wp\/v2\/types\/product"}],"replies":[{"embeddable":true,"href":"https:\/\/www.tracea.ch\/en\/wp-json\/wp\/v2\/comments?post=49049"}],"version-history":[{"count":1,"href":"https:\/\/www.tracea.ch\/en\/wp-json\/wp\/v2\/product\/49049\/revisions"}],"predecessor-version":[{"id":49050,"href":"https:\/\/www.tracea.ch\/en\/wp-json\/wp\/v2\/product\/49049\/revisions\/49050"}],"wp:featuredmedia":[{"embeddable":true,"href":"https:\/\/www.tracea.ch\/en\/wp-json\/wp\/v2\/media\/42328"}],"wp:attachment":[{"href":"https:\/\/www.tracea.ch\/en\/wp-json\/wp\/v2\/media?parent=49049"}],"wp:term":[{"taxonomy":"product_brand","embeddable":true,"href":"https:\/\/www.tracea.ch\/en\/wp-json\/wp\/v2\/product_brand?post=49049"},{"taxonomy":"product_cat","embeddable":true,"href":"https:\/\/www.tracea.ch\/en\/wp-json\/wp\/v2\/product_cat?post=49049"},{"taxonomy":"product_tag","embeddable":true,"href":"https:\/\/www.tracea.ch\/en\/wp-json\/wp\/v2\/product_tag?post=49049"}],"curies":[{"name":"wp","href":"https:\/\/api.w.org\/{rel}","templated":true}]}}