{"id":49154,"date":"2026-07-08T14:08:17","date_gmt":"2026-07-08T14:08:17","guid":{"rendered":"https:\/\/www.tracea.ch\/boutique\/non%20class\u00e9\/kids-rokua-softshell-jacket\/"},"modified":"2026-07-08T14:08:42","modified_gmt":"2026-07-08T14:08:42","slug":"kids-rokua-softshell-jacket","status":"publish","type":"product","link":"https:\/\/www.tracea.ch\/en\/boutique\/kids-rokua-softshell-jacket\/","title":{"rendered":"Kids Rokua Softshell Jacket"},"content":{"rendered":"<p>Parfait pour les randonn\u00e9es, les excursions en montagne et le v\u00e9lo : La veste softshell Rokua pour enfants, hautement \u00e9lastique, coupe-vent et d\u00e9perlante, a \u00e9t\u00e9 sp\u00e9cialement con\u00e7ue pour les enfants sportifs en plein air. Cette veste l\u00e9g\u00e8rement chaude peut \u00eatre port\u00e9e seule les jours plus frais et convient donc \u00e0 une utilisation toute l&rsquo;ann\u00e9e. L&rsquo;int\u00e9rieur doux et l\u00e9g\u00e8rement gratt\u00e9 ainsi que les empi\u00e8cements \u00e9lastiques \u00e0 la taille offrent un grand confort et une grande libert\u00e9 de mouvement pour toutes les activit\u00e9s sportives. Les poches \u00e0 fermeture \u00e9clair ont une petite extension de volume pour les petits objets. La capuche avec un bord \u00e9lastique prot\u00e8ge la t\u00eate du vent et de la bruine. Le tissu ext\u00e9rieur de cette veste softshell pour enfants est trait\u00e9 avec Eco Finish pour r\u00e9sister \u00e0 l&rsquo;eau et aux salissures. VAUDE renonce aux fluorocarbones, des produits chimiques appel\u00e9s PFAS ou PFC, qui sont soup\u00e7onn\u00e9s d&rsquo;\u00eatre nocifs pour la sant\u00e9. Cette veste pour enfants porte le label VAUDE Green Shape &#8211; et est donc synonyme d&rsquo;un produit \u00e9cologique et fonctionnel fabriqu\u00e9 \u00e0 partir de mat\u00e9riaux durables.<\/p>\n<p><em>2 poches frontales avec fermeture \u00e9clair, zip frontal avec rabat int\u00e9rieur, prot\u00e8ge-menton avec Foldover, bord de la capuche en Lycra, capuche mont\u00e9e, avec petite plaque pour y inscrire le nom<\/em><\/p>","protected":false},"excerpt":{"rendered":"<p>Veste softshell \u00e9lastique et polyvalente enfant pour usage 4 saisons #coupe-vent et d\u00e9perlante #pour sorties en v\u00e9lo et rando #mati\u00e8re principale essentiellement fabriqu\u00e9e en polyester recycl\u00e9<\/p>","protected":false},"featured_media":0,"comment_status":"closed","ping_status":"open","template":"","meta":[],"product_brand":[375],"product_cat":[213,709,216],"product_tag":[365,368,422,421],"class_list":["post-49154","product","type-product","status-publish","product_brand-vaude","product_cat-boutique","product_cat-veste","product_cat-vetements","product_tag-boutique","product_tag-vente","product_tag-vente-vetement","product_tag-vetement","pa_couleur-redeva","pa_couleur-shore-blue","pa_couleur-umbra","pa_taille-110-116","pa_taille-122-128","pa_taille-134-140","pa_taille-146-152","pa_taille-158-164","first","instock","purchasable","product-type-variable"],"_links":{"self":[{"href":"https:\/\/www.tracea.ch\/en\/wp-json\/wp\/v2\/product\/49154","targetHints":{"allow":["GET"]}}],"collection":[{"href":"https:\/\/www.tracea.ch\/en\/wp-json\/wp\/v2\/product"}],"about":[{"href":"https:\/\/www.tracea.ch\/en\/wp-json\/wp\/v2\/types\/product"}],"replies":[{"embeddable":true,"href":"https:\/\/www.tracea.ch\/en\/wp-json\/wp\/v2\/comments?post=49154"}],"version-history":[{"count":1,"href":"https:\/\/www.tracea.ch\/en\/wp-json\/wp\/v2\/product\/49154\/revisions"}],"predecessor-version":[{"id":49155,"href":"https:\/\/www.tracea.ch\/en\/wp-json\/wp\/v2\/product\/49154\/revisions\/49155"}],"wp:attachment":[{"href":"https:\/\/www.tracea.ch\/en\/wp-json\/wp\/v2\/media?parent=49154"}],"wp:term":[{"taxonomy":"product_brand","embeddable":true,"href":"https:\/\/www.tracea.ch\/en\/wp-json\/wp\/v2\/product_brand?post=49154"},{"taxonomy":"product_cat","embeddable":true,"href":"https:\/\/www.tracea.ch\/en\/wp-json\/wp\/v2\/product_cat?post=49154"},{"taxonomy":"product_tag","embeddable":true,"href":"https:\/\/www.tracea.ch\/en\/wp-json\/wp\/v2\/product_tag?post=49154"}],"curies":[{"name":"wp","href":"https:\/\/api.w.org\/{rel}","templated":true}]}}