{"id":49271,"date":"2026-07-08T14:11:58","date_gmt":"2026-07-08T14:11:58","guid":{"rendered":"https:\/\/www.tracea.ch\/boutique\/non%20class\u00e9\/mens-tinshan-hoody-jacket-ii\/"},"modified":"2026-07-08T14:12:26","modified_gmt":"2026-07-08T14:12:26","slug":"mens-tinshan-hoody-jacket-ii","status":"publish","type":"product","link":"https:\/\/www.tracea.ch\/en\/boutique\/mens-tinshan-hoody-jacket-ii\/","title":{"rendered":"Men&rsquo;s Tinshan Hoody Jacket II"},"content":{"rendered":"<p>La veste \u00e0 capuche Tinshan, urbaine et coupe-vent, \u00e0 l\u2019aspect laine \u00e9l\u00e9gant, est id\u00e9ale \u00e0 la mi-saison. Le tissu polaire doux et moelleux \u00e0 l\u2019int\u00e9rieur r\u00e9chauffe les jours frais d\u2019automne et de printemps. Deux poches en biais zipp\u00e9es permettent de ranger en toute s\u00e9curit\u00e9 le t\u00e9l\u00e9phone portable et les cl\u00e9s, et la capuche r\u00e9chauffe la t\u00eate et le col en cas de besoin. L\u2019ourlet peut \u00eatre resserr\u00e9 gr\u00e2ce \u00e0 un r\u00e9glage de la taille dans les poches. Lors des froides journ\u00e9es d\u2019hiver, ce sweat \u00e0 capuche facile d\u2019entretien se porte aussi tr\u00e8s bien sous une veste de protection contre les intemp\u00e9ries. Le label Green Shape de VAUDE garantit un produit \u00e9cologique, fonctionnel et fabriqu\u00e9 dans des mat\u00e9riaux durables.<\/p>\n<p><em>zip frontal avec rabat int\u00e9rieur, 2 poches frontales avec fermeture \u00e9clair, cordon \u00e0 la ceinture r\u00e9glable par les poches<\/em><\/p>","protected":false},"excerpt":{"rendered":"<p>Veste \u00e0 capuche urbaine en m\u00e9lange de laine pour homme #avec polaire int\u00e9rieure douce #ceinture r\u00e9glable #mati\u00e8re principale avec teneur en laine<\/p>","protected":false},"featured_media":42453,"comment_status":"closed","ping_status":"open","template":"","meta":[],"product_brand":[375],"product_cat":[213,709,216],"product_tag":[365,368,422,421],"class_list":["post-49271","product","type-product","status-publish","has-post-thumbnail","product_brand-vaude","product_cat-boutique","product_cat-veste","product_cat-vetements","product_tag-boutique","product_tag-vente","product_tag-vente-vetement","product_tag-vetement","pa_couleur-phantom-black","pa_couleur-turf","pa_taille-l","pa_taille-m","pa_taille-s","pa_taille-xl","pa_taille-xxl","first","instock","purchasable","product-type-variable"],"_links":{"self":[{"href":"https:\/\/www.tracea.ch\/en\/wp-json\/wp\/v2\/product\/49271","targetHints":{"allow":["GET"]}}],"collection":[{"href":"https:\/\/www.tracea.ch\/en\/wp-json\/wp\/v2\/product"}],"about":[{"href":"https:\/\/www.tracea.ch\/en\/wp-json\/wp\/v2\/types\/product"}],"replies":[{"embeddable":true,"href":"https:\/\/www.tracea.ch\/en\/wp-json\/wp\/v2\/comments?post=49271"}],"version-history":[{"count":1,"href":"https:\/\/www.tracea.ch\/en\/wp-json\/wp\/v2\/product\/49271\/revisions"}],"predecessor-version":[{"id":49272,"href":"https:\/\/www.tracea.ch\/en\/wp-json\/wp\/v2\/product\/49271\/revisions\/49272"}],"wp:featuredmedia":[{"embeddable":true,"href":"https:\/\/www.tracea.ch\/en\/wp-json\/wp\/v2\/media\/42453"}],"wp:attachment":[{"href":"https:\/\/www.tracea.ch\/en\/wp-json\/wp\/v2\/media?parent=49271"}],"wp:term":[{"taxonomy":"product_brand","embeddable":true,"href":"https:\/\/www.tracea.ch\/en\/wp-json\/wp\/v2\/product_brand?post=49271"},{"taxonomy":"product_cat","embeddable":true,"href":"https:\/\/www.tracea.ch\/en\/wp-json\/wp\/v2\/product_cat?post=49271"},{"taxonomy":"product_tag","embeddable":true,"href":"https:\/\/www.tracea.ch\/en\/wp-json\/wp\/v2\/product_tag?post=49271"}],"curies":[{"name":"wp","href":"https:\/\/api.w.org\/{rel}","templated":true}]}}