{"id":49649,"date":"2026-07-08T14:23:52","date_gmt":"2026-07-08T14:23:52","guid":{"rendered":"https:\/\/www.tracea.ch\/boutique\/non%20class\u00e9\/mens-qimsa-pro-softshell-jacket\/"},"modified":"2026-07-08T14:24:37","modified_gmt":"2026-07-08T14:24:37","slug":"mens-qimsa-pro-softshell-jacket","status":"publish","type":"product","link":"https:\/\/www.tracea.ch\/en\/boutique\/mens-qimsa-pro-softshell-jacket\/","title":{"rendered":"Men&rsquo;s Qimsa Pro Softshell Jacket"},"content":{"rendered":"<p>Deux choses sont essentielles pour une veste de cyclisme : une bonne protection contre le vent et une grande respirabilit\u00e9. La veste softshell Qimsa Pro pour homme allie ces deux qualit\u00e9s avec brio. Le mat\u00e9riau softshell l\u00e9ger est dot\u00e9 d\u2019une membrane 100% \u00e9tanche au vent &#8211; ce qui prot\u00e8ge le skieur du refroidissement lors de descentes rapides ou de vents violents. En m\u00eame temps, la structure gratt\u00e9e \u00e0 l\u2019int\u00e9rieur assure une excellente respirabilit\u00e9, une bonne isolation et un confort agr\u00e9able. Si le pouls augmente face \u00e0 l\u2019effort, la chaleur exc\u00e9dentaire peut s\u2019\u00e9chapper sans probl\u00e8me par la ventilation sous les bras. Il y a de la place pour les accessoires dans les trois poches zipp\u00e9es. Lorsque le zip est ouvert, les deux poches lat\u00e9rales avec du mesh a\u00e9rien \u00e0 l\u2019int\u00e9rieur favorisent en outre la r\u00e9gulation de la temp\u00e9rature. Et la veste softshell pour v\u00e9lo Qimsa Pro est \u00e9galement capable de braver de l\u00e9g\u00e8res averses : Son tissu ext\u00e9rieur est trait\u00e9 avec Eco Finish, un produit sans PFC qui repousse l\u2019eau et la salet\u00e9. Le label Green Shape de VAUDE garantit un produit \u00e9cologique, fonctionnel et fabriqu\u00e9 dans des mat\u00e9riaux durables.<\/p>\n<p><em>manches pr\u00e9form\u00e9es, mati\u00e8re \u00e9lastique, 1 poche poitrine avec zipp\u00e9e, 2 poches frontales avec fermeture \u00e9clair, zip frontal avec fold over, poignets avec ourlet int\u00e9rieur \u00e9lastique, ourlet r\u00e9glable en largeur, ventilation avec zip sous les bras, possibilit\u00e9 de ventilation par les poches frontales, colourblock, \u00e9l\u00e9ments r\u00e9fl\u00e9chissants<\/em><\/p>","protected":false},"excerpt":{"rendered":"<p>Veste softshell l\u00e9g\u00e8re homme pour vir\u00e9es sportives en VTT #\u00e9tanche au vent et d\u00e9perlante #a\u00e9ration sous les bras et dans les poches pour une respirabilit\u00e9 maximale #mati\u00e8re principale partiellement fabriqu\u00e9e en polyester recycl\u00e9<\/p>","protected":false},"featured_media":42786,"comment_status":"closed","ping_status":"open","template":"","meta":[],"product_brand":[375],"product_cat":[213,709,216],"product_tag":[365,368,422,421],"class_list":["post-49649","product","type-product","status-publish","has-post-thumbnail","product_brand-vaude","product_cat-boutique","product_cat-veste","product_cat-vetements","product_tag-boutique","product_tag-vente","product_tag-vente-vetement","product_tag-vetement","pa_couleur-deer-brown","pa_couleur-glowing-red","pa_couleur-heron","pa_taille-l","pa_taille-m","pa_taille-s","pa_taille-xl","pa_taille-xxl","first","instock","purchasable","product-type-variable"],"_links":{"self":[{"href":"https:\/\/www.tracea.ch\/en\/wp-json\/wp\/v2\/product\/49649","targetHints":{"allow":["GET"]}}],"collection":[{"href":"https:\/\/www.tracea.ch\/en\/wp-json\/wp\/v2\/product"}],"about":[{"href":"https:\/\/www.tracea.ch\/en\/wp-json\/wp\/v2\/types\/product"}],"replies":[{"embeddable":true,"href":"https:\/\/www.tracea.ch\/en\/wp-json\/wp\/v2\/comments?post=49649"}],"version-history":[{"count":1,"href":"https:\/\/www.tracea.ch\/en\/wp-json\/wp\/v2\/product\/49649\/revisions"}],"predecessor-version":[{"id":49650,"href":"https:\/\/www.tracea.ch\/en\/wp-json\/wp\/v2\/product\/49649\/revisions\/49650"}],"wp:featuredmedia":[{"embeddable":true,"href":"https:\/\/www.tracea.ch\/en\/wp-json\/wp\/v2\/media\/42786"}],"wp:attachment":[{"href":"https:\/\/www.tracea.ch\/en\/wp-json\/wp\/v2\/media?parent=49649"}],"wp:term":[{"taxonomy":"product_brand","embeddable":true,"href":"https:\/\/www.tracea.ch\/en\/wp-json\/wp\/v2\/product_brand?post=49649"},{"taxonomy":"product_cat","embeddable":true,"href":"https:\/\/www.tracea.ch\/en\/wp-json\/wp\/v2\/product_cat?post=49649"},{"taxonomy":"product_tag","embeddable":true,"href":"https:\/\/www.tracea.ch\/en\/wp-json\/wp\/v2\/product_tag?post=49649"}],"curies":[{"name":"wp","href":"https:\/\/api.w.org\/{rel}","templated":true}]}}