{"id":50139,"date":"2026-07-08T14:38:01","date_gmt":"2026-07-08T14:38:01","guid":{"rendered":"https:\/\/www.tracea.ch\/boutique\/non%20class\u00e9\/womens-scopi-fleece-jacket-ii\/"},"modified":"2026-07-08T14:38:50","modified_gmt":"2026-07-08T14:38:50","slug":"womens-scopi-fleece-jacket-ii","status":"publish","type":"product","link":"https:\/\/www.tracea.ch\/en\/boutique\/womens-scopi-fleece-jacket-ii\/","title":{"rendered":"Women&rsquo;s Scopi Fleece Jacket II"},"content":{"rendered":"<p>La veste polaire Scopi pour femmes est une couche interm\u00e9diaire l\u00e9g\u00e8re pour les randonn\u00e9es sportives en montagne, o\u00f9 la libert\u00e9 de mouvement et le confort climatique sont essentiels. La mati\u00e8re \u00e9lastique et respirante s&rsquo;adapte parfaitement aux mouvements dynamiques et assure une r\u00e9gulation agr\u00e9able de la temp\u00e9rature. L&rsquo;int\u00e9rieur gratt\u00e9 conserve la chaleur tout en \u00e9vacuant rapidement la transpiration, ce qui permet de rester au sec. La coupe f\u00e9minine et athl\u00e9tique offre une coupe pr\u00e8s du corps qui suit tous les mouvements et se porte id\u00e9alement sous une couche hardshell ou softshell. Les coutures strat\u00e9giquement d\u00e9cal\u00e9es sur les \u00e9paules r\u00e9duisent les points de friction lorsque l&rsquo;on porte un sac \u00e0 dos. Des d\u00e9tails fonctionnels tels qu&rsquo;un col montant protecteur, des passants pour les pouces aux extr\u00e9mit\u00e9s des manches et deux poches \u00e0 l&rsquo;arri\u00e8re en mesh compl\u00e8tent l&rsquo;ensemble. L\u00e9g\u00e8re, chaude et particuli\u00e8rement respirante &#8211; id\u00e9ale pour les sportives de montagne exigeantes. Fabriqu\u00e9e de mani\u00e8re durable, la veste porte le label VAUDE Green Shape et se compose de mat\u00e9riaux certifi\u00e9s bluesign\u00ae. En tant que membre de Fair Wear avec statut de leader, VAUDE s&rsquo;engage en outre pour des conditions de travail \u00e9quitables.<\/p>\n<p><em>col montant mont\u00e9, prot\u00e8ge-menton avec Foldover, zip \u00e0 l&rsquo;avant, 2 poches frontales avec fermeture \u00e9clair, manches pr\u00e9form\u00e9es, avec lani\u00e8re pour le pouce, poignets et ceinture \u00e9lastiques<\/em><\/p>","protected":false},"excerpt":{"rendered":"<p>Veste polaire l\u00e9g\u00e8re et confortable femme pour sorties sportives en montagne #mati\u00e8re ultra-\u00e9lastique et respirante #coupe ajust\u00e9e athl\u00e9tique #mati\u00e8re principale essentiellement fabriqu\u00e9e en polyester recycl\u00e9<\/p>","protected":false},"featured_media":43311,"comment_status":"closed","ping_status":"open","template":"","meta":[],"product_brand":[375],"product_cat":[213,709,216],"product_tag":[365,368,422,421],"class_list":["post-50139","product","type-product","status-publish","has-post-thumbnail","product_brand-vaude","product_cat-boutique","product_cat-veste","product_cat-vetements","product_tag-boutique","product_tag-vente","product_tag-vente-vetement","product_tag-vetement","pa_couleur-agave","pa_couleur-phantom-black","pa_couleur-pink-orchid","pa_taille-466","pa_taille-436","pa_taille-437","pa_taille-438","pa_taille-439","pa_taille-440","first","instock","purchasable","product-type-variable"],"_links":{"self":[{"href":"https:\/\/www.tracea.ch\/en\/wp-json\/wp\/v2\/product\/50139","targetHints":{"allow":["GET"]}}],"collection":[{"href":"https:\/\/www.tracea.ch\/en\/wp-json\/wp\/v2\/product"}],"about":[{"href":"https:\/\/www.tracea.ch\/en\/wp-json\/wp\/v2\/types\/product"}],"replies":[{"embeddable":true,"href":"https:\/\/www.tracea.ch\/en\/wp-json\/wp\/v2\/comments?post=50139"}],"version-history":[{"count":1,"href":"https:\/\/www.tracea.ch\/en\/wp-json\/wp\/v2\/product\/50139\/revisions"}],"predecessor-version":[{"id":50140,"href":"https:\/\/www.tracea.ch\/en\/wp-json\/wp\/v2\/product\/50139\/revisions\/50140"}],"wp:featuredmedia":[{"embeddable":true,"href":"https:\/\/www.tracea.ch\/en\/wp-json\/wp\/v2\/media\/43311"}],"wp:attachment":[{"href":"https:\/\/www.tracea.ch\/en\/wp-json\/wp\/v2\/media?parent=50139"}],"wp:term":[{"taxonomy":"product_brand","embeddable":true,"href":"https:\/\/www.tracea.ch\/en\/wp-json\/wp\/v2\/product_brand?post=50139"},{"taxonomy":"product_cat","embeddable":true,"href":"https:\/\/www.tracea.ch\/en\/wp-json\/wp\/v2\/product_cat?post=50139"},{"taxonomy":"product_tag","embeddable":true,"href":"https:\/\/www.tracea.ch\/en\/wp-json\/wp\/v2\/product_tag?post=50139"}],"curies":[{"name":"wp","href":"https:\/\/api.w.org\/{rel}","templated":true}]}}