{"id":50228,"date":"2026-07-08T14:40:02","date_gmt":"2026-07-08T14:40:02","guid":{"rendered":"https:\/\/www.tracea.ch\/boutique\/non%20class\u00e9\/womens-kuro-pro-rain-jacket\/"},"modified":"2026-07-08T14:40:45","modified_gmt":"2026-07-08T14:40:45","slug":"womens-kuro-pro-rain-jacket","status":"publish","type":"product","link":"https:\/\/www.tracea.ch\/en\/boutique\/womens-kuro-pro-rain-jacket\/","title":{"rendered":"Women&rsquo;s Kuro Pro Rain Jacket"},"content":{"rendered":"<p>Pr\u00eate pour toutes les aventures \u00e0 v\u00e9lo et bien prot\u00e9g\u00e9e contre la pluie, le vent et autres intemp\u00e9ries ! La veste de pluie pour v\u00e9lo Kuro pour femmes a \u00e9t\u00e9 sp\u00e9cialement con\u00e7ue pour les cyclistes de gravel et de course qui souhaitent rouler en toute s\u00e9curit\u00e9 malgr\u00e9 les conditions m\u00e9t\u00e9orologiques. Le mat\u00e9riau 2,5 couches offre une excellente protection contre les \u00e9l\u00e9ments tout en all\u00e9geant la veste de pluie pour v\u00e9lo. Gr\u00e2ce \u00e0 la membrane Ceplex Pro, la veste de pluie Kuro r\u00e9siste \u00e0 une colonne d&rsquo;eau d&rsquo;au moins 20\u00a0000 millim\u00e8tres (JIS L 1092 B). Malgr\u00e9 sa taille compacte, cette veste de pluie garantit un confort de premi\u00e8re classe ! La coupe sportive pr\u00e9form\u00e9e, qui tient compte de la position sur le v\u00e9lo, y contribue \u00e9galement. Les manches sont \u00e9galement pr\u00e9form\u00e9es pour le v\u00e9lo et dot\u00e9es d&rsquo;une coupe adapt\u00e9e \u00e0 la position de conduite; les poignets serr\u00e9s \u00e9cartent la pluie de mani\u00e8re fiable. Le pli d&rsquo;a\u00e9ration au dos offre une bonne ventilation, m\u00eame lorsqu&rsquo;il faut fournir plus d&rsquo;efforts et que les temp\u00e9ratures augmentent. Le mat\u00e9riau stretch garantit une libert\u00e9 de mouvement maximale. La bande en silicone au niveau de l&rsquo;ourlet assure une tenue toujours s\u00fbre, qui maintient la veste bien en place, m\u00eame lorsque la position de conduite change. Une petite poche zipp\u00e9e pratique dans le dos permet de ranger les essentiels comme le t\u00e9l\u00e9phone portable ou les cl\u00e9s. Pour une protection totale contre la pluie, il est pr\u00e9f\u00e9rable de combiner la veste de pluie Kuro avec le pantalon de pluie Kuro.<\/p>\n<p><em>mati\u00e8re 2,5 \u00e9paisseurs, zip double sens hydrophobe avec rabat int\u00e9rieur sur le devant, prot\u00e8ge-menton avec Foldover, col montant, orifices de ventilation lat\u00e9raux au dos, 1&#038;nbsp, poche dorsale avec zip imperm\u00e9able, manches pr\u00e9form\u00e9es, poignets \u00e9lastiques, coupe rallong\u00e9e dans le dos, ceinture avec partie anti-d\u00e9rapant dans le dos, \u00e9l\u00e9ments r\u00e9fl\u00e9chissants<\/em><\/p>","protected":false},"excerpt":{"rendered":"<p>Veste de pluie femme de coupe sportive pour sorties en gravel et v\u00e9lo de course #imperm\u00e9able, \u00e9tanche au vent et respirante #a\u00e9ration lat\u00e9rale dans le haut du dos #mati\u00e8re principale hors membrane en polyester recycl\u00e9<\/p>","protected":false},"featured_media":44670,"comment_status":"closed","ping_status":"open","template":"","meta":[],"product_brand":[375],"product_cat":[213,709,216],"product_tag":[365,368,422,421],"class_list":["post-50228","product","type-product","status-publish","has-post-thumbnail","product_brand-vaude","product_cat-boutique","product_cat-veste","product_cat-vetements","product_tag-boutique","product_tag-vente","product_tag-vente-vetement","product_tag-vetement","pa_couleur-black","pa_couleur-deep-pond","pa_couleur-raspberry","pa_taille-436","pa_taille-437","pa_taille-438","pa_taille-439","pa_taille-440","first","instock","purchasable","product-type-variable"],"_links":{"self":[{"href":"https:\/\/www.tracea.ch\/en\/wp-json\/wp\/v2\/product\/50228","targetHints":{"allow":["GET"]}}],"collection":[{"href":"https:\/\/www.tracea.ch\/en\/wp-json\/wp\/v2\/product"}],"about":[{"href":"https:\/\/www.tracea.ch\/en\/wp-json\/wp\/v2\/types\/product"}],"replies":[{"embeddable":true,"href":"https:\/\/www.tracea.ch\/en\/wp-json\/wp\/v2\/comments?post=50228"}],"version-history":[{"count":1,"href":"https:\/\/www.tracea.ch\/en\/wp-json\/wp\/v2\/product\/50228\/revisions"}],"predecessor-version":[{"id":50229,"href":"https:\/\/www.tracea.ch\/en\/wp-json\/wp\/v2\/product\/50228\/revisions\/50229"}],"wp:featuredmedia":[{"embeddable":true,"href":"https:\/\/www.tracea.ch\/en\/wp-json\/wp\/v2\/media\/44670"}],"wp:attachment":[{"href":"https:\/\/www.tracea.ch\/en\/wp-json\/wp\/v2\/media?parent=50228"}],"wp:term":[{"taxonomy":"product_brand","embeddable":true,"href":"https:\/\/www.tracea.ch\/en\/wp-json\/wp\/v2\/product_brand?post=50228"},{"taxonomy":"product_cat","embeddable":true,"href":"https:\/\/www.tracea.ch\/en\/wp-json\/wp\/v2\/product_cat?post=50228"},{"taxonomy":"product_tag","embeddable":true,"href":"https:\/\/www.tracea.ch\/en\/wp-json\/wp\/v2\/product_tag?post=50228"}],"curies":[{"name":"wp","href":"https:\/\/api.w.org\/{rel}","templated":true}]}}