{"id":50480,"date":"2026-07-08T14:48:00","date_gmt":"2026-07-08T14:48:00","guid":{"rendered":"https:\/\/www.tracea.ch\/boutique\/non%20class\u00e9\/womens-yaras-vest\/"},"modified":"2026-07-08T14:49:10","modified_gmt":"2026-07-08T14:49:10","slug":"womens-yaras-vest","status":"publish","type":"product","link":"https:\/\/www.tracea.ch\/en\/boutique\/womens-yaras-vest\/","title":{"rendered":"Women&rsquo;s Yaras Vest"},"content":{"rendered":"<p>Le gilet cycliste Yaras femme est le parfait compagnon pour la mi-saison ou sur les circuits qui d\u00e9butent dans la fraicheur matinale. Le mat\u00e9riau \u00e9lastique et respirant du gilet prot\u00e8ge des courants d&rsquo;air d\u00e9sagr\u00e9ables gr\u00e2ce \u00e0 ses propri\u00e9t\u00e9s coupe-vent. Le gilet est muni d&rsquo;un dos allong\u00e9 et de 2&nbsp;poches zipp\u00e9es pour conserver tout ce qui doit rester \u00e0 port\u00e9e de main. Le col montant \u00e0 la fermeture agr\u00e9ablement douce et un r\u00e9glage par cordon assurent une parfaite tenue et un maintien impeccable. La famille de produits Yaras b\u00e9n\u00e9ficiant de la certification bluesign\u00ae est agr\u00e9ment\u00e9e de la finition d\u00e9perlante et antisalissures EcoFinish.<\/p>\n<p><em>mati\u00e8re \u00e9lastique, 2 poches frontales avec fermeture \u00e9clair, zip \u00e0 l&rsquo;avant, cordon \u00e0 la ceinture r\u00e9glable par les poches<\/em><\/p>","protected":false},"excerpt":{"rendered":"<p>Gilet femme pour le sport cycliste #respirant, coupe-vent et d\u00e9perlant #mati\u00e8re softshell \u00e9lastique #fabrication principale en polyamide recycl\u00e9<\/p>","protected":false},"featured_media":22293,"comment_status":"closed","ping_status":"open","template":"","meta":[],"product_brand":[375],"product_cat":[213,728,216],"product_tag":[365,368,422,421],"class_list":["post-50480","product","type-product","status-publish","has-post-thumbnail","product_brand-vaude","product_cat-boutique","product_cat-gilet","product_cat-vetements","product_tag-boutique","product_tag-vente","product_tag-vente-vetement","product_tag-vetement","pa_couleur-black","pa_couleur-brick","pa_couleur-dark-sea-uni","pa_couleur-magenta","pa_taille-436","pa_taille-437","pa_taille-438","pa_taille-439","pa_taille-440","pa_taille-441","first","instock","purchasable","product-type-variable"],"_links":{"self":[{"href":"https:\/\/www.tracea.ch\/en\/wp-json\/wp\/v2\/product\/50480","targetHints":{"allow":["GET"]}}],"collection":[{"href":"https:\/\/www.tracea.ch\/en\/wp-json\/wp\/v2\/product"}],"about":[{"href":"https:\/\/www.tracea.ch\/en\/wp-json\/wp\/v2\/types\/product"}],"replies":[{"embeddable":true,"href":"https:\/\/www.tracea.ch\/en\/wp-json\/wp\/v2\/comments?post=50480"}],"version-history":[{"count":1,"href":"https:\/\/www.tracea.ch\/en\/wp-json\/wp\/v2\/product\/50480\/revisions"}],"predecessor-version":[{"id":50481,"href":"https:\/\/www.tracea.ch\/en\/wp-json\/wp\/v2\/product\/50480\/revisions\/50481"}],"wp:featuredmedia":[{"embeddable":true,"href":"https:\/\/www.tracea.ch\/en\/wp-json\/wp\/v2\/media\/22293"}],"wp:attachment":[{"href":"https:\/\/www.tracea.ch\/en\/wp-json\/wp\/v2\/media?parent=50480"}],"wp:term":[{"taxonomy":"product_brand","embeddable":true,"href":"https:\/\/www.tracea.ch\/en\/wp-json\/wp\/v2\/product_brand?post=50480"},{"taxonomy":"product_cat","embeddable":true,"href":"https:\/\/www.tracea.ch\/en\/wp-json\/wp\/v2\/product_cat?post=50480"},{"taxonomy":"product_tag","embeddable":true,"href":"https:\/\/www.tracea.ch\/en\/wp-json\/wp\/v2\/product_tag?post=50480"}],"curies":[{"name":"wp","href":"https:\/\/api.w.org\/{rel}","templated":true}]}}