{"id":50768,"date":"2026-07-08T14:57:43","date_gmt":"2026-07-08T14:57:43","guid":{"rendered":"https:\/\/www.tracea.ch\/boutique\/non%20class\u00e9\/mens-kuro-air-vest\/"},"modified":"2026-07-08T14:59:08","modified_gmt":"2026-07-08T14:59:08","slug":"mens-kuro-air-vest","status":"publish","type":"product","link":"https:\/\/www.tracea.ch\/en\/boutique\/mens-kuro-air-vest\/","title":{"rendered":"Men&rsquo;s Kuro Air Vest"},"content":{"rendered":"<p>Gilet coupe-vent hybride pour l&rsquo;amateur sportif de gravel. Les deux poches zipp\u00e9es sur l&rsquo;avant et la poche poitrine s\u00e9curis\u00e9e offrent beaucoup d&rsquo;espace. Les fermetures aux \u00e9paules et \u00e0 la taille sont \u00e9lastiques sans serrer. Des \u00e9l\u00e9ments r\u00e9fl\u00e9chissants d\u00e9coratifs sur la poche poitrine et au dos compl\u00e8tent les prestations du gilet. Il est confectionn\u00e9 dans un m\u00e9lange innovant en mati\u00e8res particuli\u00e8rement l\u00e9g\u00e8res, respirantes et \u00e0 s\u00e9chage rapide d&rsquo;une haute \u00e9lasticit\u00e9: une mati\u00e8re polyamide recycl\u00e9e avec Windproof80, dot\u00e9e de la finition d\u00e9perlante et antisalissures Eco Finish sans PFC prot\u00e8ge l&rsquo;avant. Un mesh \u00e9lastique et recycl\u00e9 aux c\u00f4t\u00e9s assure une bonne a\u00e9ration et un empi\u00e8cement \u00e9lastique au dos en polyester recycl\u00e9 renforce la respirabilit\u00e9 et le confort. Le gilet coupe-vent pour homme est assorti \u00e0 tous les membres de la famille VAUDE Kuro (short Kuro, legging Kuro Tights, maillot Kuro FZ). Le label Green Shape de VAUDE garantit un produit \u00e9cologique, fonctionnel et fabriqu\u00e9 dans des mat\u00e9riaux durables certifi\u00e9s bluesign\u00ae. En tant que membre Leader de l&rsquo;organisme ind\u00e9pendant Fair Wear, VAUDE s&rsquo;engage en faveur de conditions de travail et de salaires \u00e9quitables.<\/p>\n<p><em>coupe rallong\u00e9e dans le dos, parties en stretch, 1 poche poitrine avec zipp\u00e9e, 2 poches frontales avec fermeture \u00e9clair, poignets et ceinture \u00e9lastiques, \u00e9l\u00e9ments r\u00e9fl\u00e9chissants<\/em><\/p>","protected":false},"excerpt":{"rendered":"<p>Gilet coupe-vent hybride homme ultra fonctionnelle pour le cyclisme exigeant #l\u00e9g\u00e8re, respirante et \u00e0 s\u00e9chage rapide #grand espace de rangement s\u00e9curis\u00e9 #fabrication \u00e9cologique en mat\u00e9riaux principalement recycl\u00e9s<\/p>","protected":false},"featured_media":23058,"comment_status":"closed","ping_status":"open","template":"","meta":[],"product_brand":[375],"product_cat":[213,728,216],"product_tag":[365,368,422,421],"class_list":["post-50768","product","type-product","status-publish","has-post-thumbnail","product_brand-vaude","product_cat-boutique","product_cat-gilet","product_cat-vetements","product_tag-boutique","product_tag-vente","product_tag-vente-vetement","product_tag-vetement","pa_couleur-agave","pa_couleur-black","pa_couleur-black-black","pa_couleur-khaki","pa_couleur-kurkuma","pa_couleur-purple-ash","pa_taille-l","pa_taille-m","pa_taille-s","pa_taille-xl","pa_taille-xxl","first","instock","purchasable","product-type-variable"],"_links":{"self":[{"href":"https:\/\/www.tracea.ch\/en\/wp-json\/wp\/v2\/product\/50768","targetHints":{"allow":["GET"]}}],"collection":[{"href":"https:\/\/www.tracea.ch\/en\/wp-json\/wp\/v2\/product"}],"about":[{"href":"https:\/\/www.tracea.ch\/en\/wp-json\/wp\/v2\/types\/product"}],"replies":[{"embeddable":true,"href":"https:\/\/www.tracea.ch\/en\/wp-json\/wp\/v2\/comments?post=50768"}],"version-history":[{"count":1,"href":"https:\/\/www.tracea.ch\/en\/wp-json\/wp\/v2\/product\/50768\/revisions"}],"predecessor-version":[{"id":50769,"href":"https:\/\/www.tracea.ch\/en\/wp-json\/wp\/v2\/product\/50768\/revisions\/50769"}],"wp:featuredmedia":[{"embeddable":true,"href":"https:\/\/www.tracea.ch\/en\/wp-json\/wp\/v2\/media\/23058"}],"wp:attachment":[{"href":"https:\/\/www.tracea.ch\/en\/wp-json\/wp\/v2\/media?parent=50768"}],"wp:term":[{"taxonomy":"product_brand","embeddable":true,"href":"https:\/\/www.tracea.ch\/en\/wp-json\/wp\/v2\/product_brand?post=50768"},{"taxonomy":"product_cat","embeddable":true,"href":"https:\/\/www.tracea.ch\/en\/wp-json\/wp\/v2\/product_cat?post=50768"},{"taxonomy":"product_tag","embeddable":true,"href":"https:\/\/www.tracea.ch\/en\/wp-json\/wp\/v2\/product_tag?post=50768"}],"curies":[{"name":"wp","href":"https:\/\/api.w.org\/{rel}","templated":true}]}}