{"id":51026,"date":"2026-07-08T15:06:06","date_gmt":"2026-07-08T15:06:06","guid":{"rendered":"https:\/\/www.tracea.ch\/boutique\/non%20class\u00e9\/mens-brenva-vest-ii\/"},"modified":"2026-07-08T15:06:47","modified_gmt":"2026-07-08T15:06:47","slug":"mens-brenva-vest-ii","status":"publish","type":"product","link":"https:\/\/www.tracea.ch\/en\/boutique\/mens-brenva-vest-ii\/","title":{"rendered":"Men&rsquo;s Brenva Vest II"},"content":{"rendered":"<p>Ce gilet isolant hybride homme est le parfait couteau suisse pour les entreprises ambitieuses en montagne. Le rembourrage PrimaLoft\u00ae \u00e0 l&rsquo;avant dispense aussi une chaleur agr\u00e9able \u00e0 la mi-saison. L&rsquo;arri\u00e8re du gilet est en revanche pourvu d&rsquo;une mati\u00e8re \u00e9lastique et respirante pour assurer une excellente r\u00e9gulation thermique. Sa mati\u00e8re ext\u00e9rieure est d\u00e9perlante. Le gilet isolant hybride l\u00e9ger homme s\u00e9duit \u00e9galement par son faible encombrement\u00a0: il est toujours de la partie quand il s&rsquo;agit de se lancer dans la montagne, en couche interm\u00e9diaire en hiver ou en couche externe l\u00e9g\u00e8re en \u00e9t\u00e9. Le label Green Shape de VAUDE garantit un produit \u00e9cologique, fonctionnel et fabriqu\u00e9 dans des mat\u00e9riaux durables certifi\u00e9s bluesign\u00ae.<\/p>\n<p><em>coupe sport \u00e9troite, , zip frontal avec rabat int\u00e9rieur, 1 poche poitrine avec zipp\u00e9e, 2 poches frontales avec fermeture \u00e9clair, 1 poche \u00e0 l\u2019avant pour ranger<\/em><\/p>","protected":false},"excerpt":{"rendered":"<p>Gilet isolant hybride homme tr\u00e8s l\u00e9ger pour le sport de montagne #\u00e9lastique, d\u00e9perlant, agr\u00e9ablement chaud #tr\u00e8s compact #fabrication principale en mat\u00e9riaux recycl\u00e9s<\/p>","protected":false},"featured_media":24396,"comment_status":"closed","ping_status":"open","template":"","meta":[],"product_brand":[375],"product_cat":[213,728,216],"product_tag":[365,368,422,421],"class_list":["post-51026","product","type-product","status-publish","has-post-thumbnail","product_brand-vaude","product_cat-boutique","product_cat-gilet","product_cat-vetements","product_tag-boutique","product_tag-vente","product_tag-vente-vetement","product_tag-vetement","pa_couleur-agave","pa_couleur-kumquat","pa_couleur-radiate-blue","pa_taille-l","pa_taille-m","pa_taille-s","pa_taille-xl","pa_taille-xxl","first","instock","purchasable","product-type-variable"],"_links":{"self":[{"href":"https:\/\/www.tracea.ch\/en\/wp-json\/wp\/v2\/product\/51026","targetHints":{"allow":["GET"]}}],"collection":[{"href":"https:\/\/www.tracea.ch\/en\/wp-json\/wp\/v2\/product"}],"about":[{"href":"https:\/\/www.tracea.ch\/en\/wp-json\/wp\/v2\/types\/product"}],"replies":[{"embeddable":true,"href":"https:\/\/www.tracea.ch\/en\/wp-json\/wp\/v2\/comments?post=51026"}],"version-history":[{"count":1,"href":"https:\/\/www.tracea.ch\/en\/wp-json\/wp\/v2\/product\/51026\/revisions"}],"predecessor-version":[{"id":51027,"href":"https:\/\/www.tracea.ch\/en\/wp-json\/wp\/v2\/product\/51026\/revisions\/51027"}],"wp:featuredmedia":[{"embeddable":true,"href":"https:\/\/www.tracea.ch\/en\/wp-json\/wp\/v2\/media\/24396"}],"wp:attachment":[{"href":"https:\/\/www.tracea.ch\/en\/wp-json\/wp\/v2\/media?parent=51026"}],"wp:term":[{"taxonomy":"product_brand","embeddable":true,"href":"https:\/\/www.tracea.ch\/en\/wp-json\/wp\/v2\/product_brand?post=51026"},{"taxonomy":"product_cat","embeddable":true,"href":"https:\/\/www.tracea.ch\/en\/wp-json\/wp\/v2\/product_cat?post=51026"},{"taxonomy":"product_tag","embeddable":true,"href":"https:\/\/www.tracea.ch\/en\/wp-json\/wp\/v2\/product_tag?post=51026"}],"curies":[{"name":"wp","href":"https:\/\/api.w.org\/{rel}","templated":true}]}}