{"id":51093,"date":"2026-07-08T15:08:13","date_gmt":"2026-07-08T15:08:13","guid":{"rendered":"https:\/\/www.tracea.ch\/boutique\/non%20class\u00e9\/mens-neyland-vest\/"},"modified":"2026-07-08T15:08:52","modified_gmt":"2026-07-08T15:08:52","slug":"mens-neyland-vest","status":"publish","type":"product","link":"https:\/\/www.tracea.ch\/en\/boutique\/mens-neyland-vest\/","title":{"rendered":"Men&rsquo;s Neyland Vest"},"content":{"rendered":"<p>Il fait chaud mais le vent souffle aussi\u00a0? Voici la m\u00e9t\u00e9o id\u00e9ale pour porter le gilet Neyland pour homme. Car il est coupe-vent et muni d&rsquo;une doublure l\u00e9g\u00e8re en mesh. C&rsquo;est ainsi la tenue id\u00e9ale sous les rafales de vent en montagne. La mati\u00e8re est toutefois aussi ultrarespirante et \u00e9vacue efficacement l&rsquo;humidit\u00e9 lors des ascensions physiquement intenses dans le m\u00eame temps. Le gilet fait aussi sensation au quotidien et en voyage. Deux poches en biais zipp\u00e9es peuvent accueillir toutes les petites affaires n\u00e9cessaires en randonn\u00e9e. Le label Green Shape de VAUDE garantit un produit \u00e9cologique, fonctionnel et fabriqu\u00e9 dans des mat\u00e9riaux durables. En tant que membre Leader de l&rsquo;organisme ind\u00e9pendant Fair Wear, VAUDE s&rsquo;engage en faveur de conditions de travail et de salaires \u00e9quitables.<\/p>\n<p><em>zip frontal avec rabat int\u00e9rieur, 2 poches frontales avec fermeture \u00e9clair, cordon \u00e0 la ceinture avec syst\u00e8me de r\u00e9glage \u00e0 une main<\/em><\/p>","protected":false},"excerpt":{"rendered":"<p>Gilet homme multifonction, prenant part au concept d&rsquo;\u00e9conomie circulaire VAUDE #coupe-vent et respirant #deux poches en biais avec zip #mati\u00e8re principale fabriqu\u00e9e en polyester recycl\u00e9<\/p>","protected":false},"featured_media":27614,"comment_status":"closed","ping_status":"open","template":"","meta":[],"product_brand":[375],"product_cat":[213,728,216],"product_tag":[365,368,422,421],"class_list":["post-51093","product","type-product","status-publish","has-post-thumbnail","product_brand-vaude","product_cat-boutique","product_cat-gilet","product_cat-vetements","product_tag-boutique","product_tag-vente","product_tag-vente-vetement","product_tag-vetement","pa_couleur-agave","pa_couleur-black","pa_couleur-linen","pa_taille-l","pa_taille-m","pa_taille-s","pa_taille-xl","pa_taille-xxl","first","instock","purchasable","product-type-variable"],"_links":{"self":[{"href":"https:\/\/www.tracea.ch\/en\/wp-json\/wp\/v2\/product\/51093","targetHints":{"allow":["GET"]}}],"collection":[{"href":"https:\/\/www.tracea.ch\/en\/wp-json\/wp\/v2\/product"}],"about":[{"href":"https:\/\/www.tracea.ch\/en\/wp-json\/wp\/v2\/types\/product"}],"replies":[{"embeddable":true,"href":"https:\/\/www.tracea.ch\/en\/wp-json\/wp\/v2\/comments?post=51093"}],"version-history":[{"count":1,"href":"https:\/\/www.tracea.ch\/en\/wp-json\/wp\/v2\/product\/51093\/revisions"}],"predecessor-version":[{"id":51094,"href":"https:\/\/www.tracea.ch\/en\/wp-json\/wp\/v2\/product\/51093\/revisions\/51094"}],"wp:featuredmedia":[{"embeddable":true,"href":"https:\/\/www.tracea.ch\/en\/wp-json\/wp\/v2\/media\/27614"}],"wp:attachment":[{"href":"https:\/\/www.tracea.ch\/en\/wp-json\/wp\/v2\/media?parent=51093"}],"wp:term":[{"taxonomy":"product_brand","embeddable":true,"href":"https:\/\/www.tracea.ch\/en\/wp-json\/wp\/v2\/product_brand?post=51093"},{"taxonomy":"product_cat","embeddable":true,"href":"https:\/\/www.tracea.ch\/en\/wp-json\/wp\/v2\/product_cat?post=51093"},{"taxonomy":"product_tag","embeddable":true,"href":"https:\/\/www.tracea.ch\/en\/wp-json\/wp\/v2\/product_tag?post=51093"}],"curies":[{"name":"wp","href":"https:\/\/api.w.org\/{rel}","templated":true}]}}