{"id":6470,"date":"2026-06-29T15:36:52","date_gmt":"2026-06-29T15:36:52","guid":{"rendered":"https:\/\/www.tracea.ch\/boutique\/non%20class\u00e9\/tour-5-l-ii\/"},"modified":"2026-06-29T15:36:52","modified_gmt":"2026-06-29T15:36:52","slug":"tour-5-l-ii","status":"publish","type":"product","link":"https:\/\/www.tracea.ch\/en\/boutique\/tour-5-l-ii\/","title":{"rendered":"Tour 5 L II"},"content":{"rendered":"<p>Les personnes de grande taille ont besoin d&rsquo;un grand matelas. Mais souvent, ils apportent aussi plus de poids &#8211; pour un sommeil r\u00e9parateur, un peu d&rsquo;\u00e9paisseur suppl\u00e9mentaire n&rsquo;est donc pas superflue. Le matelas isolant Tour 5 L II ne co\u00fbte pas une fortune, il est super confortable et convient m\u00eame parfaitement pour l&rsquo;hiver (plage d&rsquo;utilisation jusqu&rsquo;\u00e0 -24 degr\u00e9s). Et la manipulation est \u00e9galement tr\u00e8s simple : Le noyau de mousse bien compressible, d&rsquo;une \u00e9paisseur de cinq centim\u00e8tres, se remplit automatiquement d&rsquo;air lorsque la valve est ouverte. La duret\u00e9 de couchage individuelle est ajust\u00e9e au mieux avec le coussin ou le sac de pompage VAUDE en option. En effet, l&rsquo;humidit\u00e9 de l&rsquo;air que l&rsquo;on respire peut entra\u00eener la formation de moisissures et r\u00e9duire ainsi la dur\u00e9e de vie du tapis. La face sup\u00e9rieure du matelas isolant Tour 5 L II est constitu\u00e9e d&rsquo;un mat\u00e9riau stretch doux, tandis que la face inf\u00e9rieure est prot\u00e9g\u00e9e contre l&rsquo;hydrolyse par un rev\u00eatement en TPU insensible \u00e0 l&rsquo;hydrolyse. Pour les petites r\u00e9parations en cours de route, un kit de r\u00e9paration est fourni avec le matelas. Pour les personnes de grande taille qui recherchent un matelas confortable et polyvalent pour toute l&rsquo;ann\u00e9e ou un lit d&rsquo;appoint pour des invit\u00e9s surprise, le matelas isolant Tour 5 L II constitue le choix id\u00e9al.<\/p>\n<p><em>Matelas isolant chaud et tr\u00e8s confortable pour le camping, le festival etc. #avec c\u0153ur en mousse autogonflant #adapt\u00e9 \u00e0 l\u2019hiver #VAUDE s\u2019engage pour des conditions de travail responsables dans le monde entier<\/em><\/p>","protected":false},"excerpt":{"rendered":"<p>Matelas isolant chaud et tr\u00e8s confortable pour le camping, le festival etc. #avec c\u0153ur en mousse autogonflant #adapt\u00e9 \u00e0 l\u2019hiver #VAUDE s\u2019engage pour des conditions de travail responsables dans le monde entier<\/p>","protected":false},"featured_media":6471,"comment_status":"closed","ping_status":"open","template":"","meta":[],"product_brand":[375],"product_cat":[213,399,362],"product_tag":[365,389,368,390],"class_list":["post-6470","product","type-product","status-publish","has-post-thumbnail","product_brand-vaude","product_cat-boutique","product_cat-matelas","product_cat-sacs-de-couchage","product_tag-boutique","product_tag-sac-de-couchage","product_tag-vente","product_tag-vente-sac-de-couchage","pa_saison-toutes-saisons-hiver-ete-printemps-automne","first","instock","purchasable","product-type-simple"],"_links":{"self":[{"href":"https:\/\/www.tracea.ch\/en\/wp-json\/wp\/v2\/product\/6470","targetHints":{"allow":["GET"]}}],"collection":[{"href":"https:\/\/www.tracea.ch\/en\/wp-json\/wp\/v2\/product"}],"about":[{"href":"https:\/\/www.tracea.ch\/en\/wp-json\/wp\/v2\/types\/product"}],"replies":[{"embeddable":true,"href":"https:\/\/www.tracea.ch\/en\/wp-json\/wp\/v2\/comments?post=6470"}],"version-history":[{"count":0,"href":"https:\/\/www.tracea.ch\/en\/wp-json\/wp\/v2\/product\/6470\/revisions"}],"wp:featuredmedia":[{"embeddable":true,"href":"https:\/\/www.tracea.ch\/en\/wp-json\/wp\/v2\/media\/6471"}],"wp:attachment":[{"href":"https:\/\/www.tracea.ch\/en\/wp-json\/wp\/v2\/media?parent=6470"}],"wp:term":[{"taxonomy":"product_brand","embeddable":true,"href":"https:\/\/www.tracea.ch\/en\/wp-json\/wp\/v2\/product_brand?post=6470"},{"taxonomy":"product_cat","embeddable":true,"href":"https:\/\/www.tracea.ch\/en\/wp-json\/wp\/v2\/product_cat?post=6470"},{"taxonomy":"product_tag","embeddable":true,"href":"https:\/\/www.tracea.ch\/en\/wp-json\/wp\/v2\/product_tag?post=6470"}],"curies":[{"name":"wp","href":"https:\/\/api.w.org\/{rel}","templated":true}]}}