{"id":6474,"date":"2026-06-29T15:36:52","date_gmt":"2026-06-29T15:36:52","guid":{"rendered":"https:\/\/www.tracea.ch\/boutique\/non%20class\u00e9\/dream-10-l-ii\/"},"modified":"2026-06-29T15:36:59","modified_gmt":"2026-06-29T15:36:59","slug":"dream-10-l-ii","status":"publish","type":"product","link":"https:\/\/www.tracea.ch\/en\/boutique\/dream-10-l-ii\/","title":{"rendered":"Dream 10 L II"},"content":{"rendered":"<p>Un sommeil r\u00e9parateur est la base d&rsquo;une bonne performance. Le matelas Dream 10 L II en est le garant : Avec une hauteur g\u00e9n\u00e9reuse de 10 centim\u00e8tres et un tissu stretch doux, il assure un excellent confort sur tous les terrains. L&rsquo;int\u00e9rieur est recouvert d&rsquo;un rev\u00eatement TPU r\u00e9sistant \u00e0 l&rsquo;hydrolyse. Un kit de r\u00e9paration est inclus dans la livraison. La construction 3D garantit une utilisation uniforme de la surface, et la forme permet de juxtaposer plusieurs tapis avec pr\u00e9cision. Le noyau en mousse s&rsquo;adapte aux contours du corps de chacun. VAUDE recommande un r\u00e9glage fin de la duret\u00e9 de couchage \u00e0 l&rsquo;aide d&rsquo;un sac ou d&rsquo;un coussin de gonflage VAUDE &#8211; ainsi, l&rsquo;humidit\u00e9 ne p\u00e9n\u00e8tre pas \u00e0 l&rsquo;int\u00e9rieur du matelas isolant Dream 10 L II.<\/p>\n<p><em>Matelas isolant ultra \u00e9pais pour l\u2019usage stationnaire au camp de base ou en camping #haut confort de couchage gr\u00e2ce \u00e0 la mati\u00e8re sup\u00e9rieure \u00e9lastique et au c\u0153ur de mousse #utilisable jusqu\u2019\u00e0 -37 degr\u00e9s #VAUDE s\u2019engage pour des conditions de travail responsables dans le monde entier<\/em><\/p>","protected":false},"excerpt":{"rendered":"<p>Matelas isolant ultra \u00e9pais pour l\u2019usage stationnaire au camp de base ou en camping #haut confort de couchage gr\u00e2ce \u00e0 la mati\u00e8re sup\u00e9rieure \u00e9lastique et au c\u0153ur de mousse #utilisable jusqu\u2019\u00e0 -37 degr\u00e9s #VAUDE s\u2019engage pour des conditions de travail responsables dans le monde entier<\/p>","protected":false},"featured_media":6475,"comment_status":"closed","ping_status":"open","template":"","meta":[],"product_brand":[375],"product_cat":[213,399,362],"product_tag":[365,389,368,390],"class_list":["post-6474","product","type-product","status-publish","has-post-thumbnail","product_brand-vaude","product_cat-boutique","product_cat-matelas","product_cat-sacs-de-couchage","product_tag-boutique","product_tag-sac-de-couchage","product_tag-vente","product_tag-vente-sac-de-couchage","pa_saison-toutes-saisons-hiver-ete-printemps-automne","first","instock","purchasable","product-type-simple"],"_links":{"self":[{"href":"https:\/\/www.tracea.ch\/en\/wp-json\/wp\/v2\/product\/6474","targetHints":{"allow":["GET"]}}],"collection":[{"href":"https:\/\/www.tracea.ch\/en\/wp-json\/wp\/v2\/product"}],"about":[{"href":"https:\/\/www.tracea.ch\/en\/wp-json\/wp\/v2\/types\/product"}],"replies":[{"embeddable":true,"href":"https:\/\/www.tracea.ch\/en\/wp-json\/wp\/v2\/comments?post=6474"}],"version-history":[{"count":0,"href":"https:\/\/www.tracea.ch\/en\/wp-json\/wp\/v2\/product\/6474\/revisions"}],"wp:featuredmedia":[{"embeddable":true,"href":"https:\/\/www.tracea.ch\/en\/wp-json\/wp\/v2\/media\/6475"}],"wp:attachment":[{"href":"https:\/\/www.tracea.ch\/en\/wp-json\/wp\/v2\/media?parent=6474"}],"wp:term":[{"taxonomy":"product_brand","embeddable":true,"href":"https:\/\/www.tracea.ch\/en\/wp-json\/wp\/v2\/product_brand?post=6474"},{"taxonomy":"product_cat","embeddable":true,"href":"https:\/\/www.tracea.ch\/en\/wp-json\/wp\/v2\/product_cat?post=6474"},{"taxonomy":"product_tag","embeddable":true,"href":"https:\/\/www.tracea.ch\/en\/wp-json\/wp\/v2\/product_tag?post=6474"}],"curies":[{"name":"wp","href":"https:\/\/api.w.org\/{rel}","templated":true}]}}