{"id":6558,"date":"2026-06-29T15:41:13","date_gmt":"2026-06-29T15:41:13","guid":{"rendered":"https:\/\/www.tracea.ch\/boutique\/non%20class\u00e9\/sioux-800-xl-ii-syn-2\/"},"modified":"2026-06-29T15:41:41","modified_gmt":"2026-06-29T15:41:41","slug":"sioux-800-xl-ii-syn-2","status":"publish","type":"product","link":"https:\/\/www.tracea.ch\/en\/boutique\/sioux-800-xl-ii-syn-2\/","title":{"rendered":"Sioux 800 XL II SYN"},"content":{"rendered":"<p>Les personnes de grande taille (\u00e0 partir de 190&nbsp;cm), en qu\u00eate d&rsquo;un sac de couchage extralong, chaud, robuste et r\u00e9sistant pour la randonn\u00e9e, le trekking ou le voyage, trouveront leur bonheur avec Sioux 800&nbsp;XL. Le garnissage en fibres synth\u00e9tiques \u00e9vacue l&rsquo;humidit\u00e9, r\u00e9chauffe aussi \u00e0 l&rsquo;\u00e9tat humide et s\u00e8che rapidement. La forme de momie et la collerette antifroid r\u00e9glable garantissent une r\u00e9tention de chaleur efficace et assurent un climat de bien-\u00eatre favorable au sommeil. Quand il commence \u00e0 faire trop chaud, on peut se rafraichir en maniant rapidement le zip bidirectionnel. M\u00eame passer la nuit \u00e0 la belle \u00e9toile ne pose aucun probl\u00e8me&nbsp;: le mat\u00e9riau ext\u00e9rieur du sac de couchage en fibres synth\u00e9tiques extralong Sioux 800&nbsp;XL est dot\u00e9 de la finition d\u00e9perlante et antisalissures Eco Finish sans PFC. Mais ce sac de couchage est surtout le fruit de notre engagement affirm\u00e9 en faveur du d\u00e9veloppement durable, car il prend part au concept d&rsquo;\u00e9conomie circulaire VAUDE. Les mat\u00e9riaux principaux, ainsi que le garnissage, sont compos\u00e9s \u00e0 100&nbsp;% de polyester recycl\u00e9. Il se distingue en plus par une coupe favorisant l&rsquo;efficacit\u00e9 mat\u00e9rielle, sa robustesse et sa r\u00e9parabilit\u00e9 ais\u00e9e. Le label Green Shape de VAUDE garantit un produit \u00e9cologique, fonctionnel et fabriqu\u00e9 dans des mat\u00e9riaux durables.<\/p>\n<p><em>Sac de couchage en fibres synth\u00e9tiques extralong pour la randonn\u00e9e, le trekking et le voyage #3&nbsp;saisons (du printemps \u00e0 l&rsquo;automne) #coupe momie pr\u00e8s du corps #fabrication principale en polyester recycl\u00e9<\/em><\/p>","protected":false},"excerpt":{"rendered":"<p>Sac de couchage en fibres synth\u00e9tiques extralong pour la randonn\u00e9e, le trekking et le voyage #3&nbsp;saisons (du printemps \u00e0 l&rsquo;automne) #coupe momie pr\u00e8s du corps #fabrication principale en polyester recycl\u00e9<\/p>","protected":false},"featured_media":6559,"comment_status":"closed","ping_status":"open","template":"","meta":[],"product_brand":[375],"product_cat":[213,401,362],"product_tag":[365,389,368,390],"class_list":["post-6558","product","type-product","status-publish","has-post-thumbnail","product_brand-vaude","product_cat-boutique","product_cat-fibre-synthetique","product_cat-sacs-de-couchage","product_tag-boutique","product_tag-sac-de-couchage","product_tag-vente","product_tag-vente-sac-de-couchage","pa_saison-toutes-saisons-printemps-automne","first","instock","purchasable","product-type-simple"],"_links":{"self":[{"href":"https:\/\/www.tracea.ch\/en\/wp-json\/wp\/v2\/product\/6558","targetHints":{"allow":["GET"]}}],"collection":[{"href":"https:\/\/www.tracea.ch\/en\/wp-json\/wp\/v2\/product"}],"about":[{"href":"https:\/\/www.tracea.ch\/en\/wp-json\/wp\/v2\/types\/product"}],"replies":[{"embeddable":true,"href":"https:\/\/www.tracea.ch\/en\/wp-json\/wp\/v2\/comments?post=6558"}],"version-history":[{"count":0,"href":"https:\/\/www.tracea.ch\/en\/wp-json\/wp\/v2\/product\/6558\/revisions"}],"wp:featuredmedia":[{"embeddable":true,"href":"https:\/\/www.tracea.ch\/en\/wp-json\/wp\/v2\/media\/6559"}],"wp:attachment":[{"href":"https:\/\/www.tracea.ch\/en\/wp-json\/wp\/v2\/media?parent=6558"}],"wp:term":[{"taxonomy":"product_brand","embeddable":true,"href":"https:\/\/www.tracea.ch\/en\/wp-json\/wp\/v2\/product_brand?post=6558"},{"taxonomy":"product_cat","embeddable":true,"href":"https:\/\/www.tracea.ch\/en\/wp-json\/wp\/v2\/product_cat?post=6558"},{"taxonomy":"product_tag","embeddable":true,"href":"https:\/\/www.tracea.ch\/en\/wp-json\/wp\/v2\/product_tag?post=6558"}],"curies":[{"name":"wp","href":"https:\/\/api.w.org\/{rel}","templated":true}]}}