{"id":6602,"date":"2026-06-29T15:43:35","date_gmt":"2026-06-29T15:43:35","guid":{"rendered":"https:\/\/www.tracea.ch\/boutique\/non%20class\u00e9\/sioux-400-ii-syn-3\/"},"modified":"2026-06-29T15:44:22","modified_gmt":"2026-06-29T15:44:22","slug":"sioux-400-ii-syn-3","status":"publish","type":"product","link":"https:\/\/www.tracea.ch\/en\/boutique\/sioux-400-ii-syn-3\/","title":{"rendered":"Sioux 400 II SYN"},"content":{"rendered":"<p>Nombreux sont celles et ceux qui r\u00e9servent l&rsquo;utilisation du sac de couchage \u00e0 l&rsquo;\u00e9t\u00e9. Nous avons con\u00e7u ce sac de couchage pour y rem\u00e9dier&nbsp;: le garnissage en fibres synth\u00e9tiques monocouche du sac de couchage Sioux 400 l\u00e9ger (\u00e9conomise du poids et offre tout de m\u00eame une isolation suffisante pour des circuits de trekking et de refuge dans des zones climatiques temp\u00e9r\u00e9es. Ce faisant, la fibre synth\u00e9tique \u00e9vacue l&rsquo;humidit\u00e9, r\u00e9chauffe m\u00eame \u00e0 l&rsquo;\u00e9tat humide (\u00e0 la diff\u00e9rence du duvet) et s\u00e8che rapidement. La forme de momie et la capuche de forme anatomique retiennent la chaleur et assurent un climat de bien-\u00eatre favorable au sommeil. Trop chaud&nbsp;? On peut alors laisser la chaleur superflue s&rsquo;\u00e9chapper en maniant rapidement le zip bidirectionnel. M\u00eame dormir dehors ne pose aucun probl\u00e8me&nbsp;: le mat\u00e9riau ext\u00e9rieur du sac de couchage en fibres synth\u00e9tiques Sioux 400 est dot\u00e9 de la finition d\u00e9perlante et antisalissures Eco Finish sans PFC. Mais ce sac de couchage l\u00e9ger est surtout le fruit de notre engagement affirm\u00e9 en faveur du d\u00e9veloppement durable, car il prend part au concept d&rsquo;\u00e9conomie circulaire VAUDE. Les mat\u00e9riaux principaux, ainsi que le garnissage, sont compos\u00e9s \u00e0 100&nbsp;% de polyester recycl\u00e9. Il se distingue en plus par une coupe favorisant l&rsquo;efficacit\u00e9 mat\u00e9rielle, sa robustesse et sa r\u00e9parabilit\u00e9 ais\u00e9e. Le label Green Shape de VAUDE garantit un produit \u00e9cologique, fonctionnel et fabriqu\u00e9 dans des mat\u00e9riaux durables.<\/p>\n<p><em>Sac de couchage en fibres synth\u00e9tiques l\u00e9ger pour la randonn\u00e9e, le trekking et le voyage #2&nbsp;saisons (de la fin du printemps au d\u00e9but de l&rsquo;automne) #coupe momie pr\u00e8s du corps #fabrication principale en polyester recycl\u00e9<\/em><\/p>","protected":false},"excerpt":{"rendered":"<p>Sac de couchage en fibres synth\u00e9tiques l\u00e9ger pour la randonn\u00e9e, le trekking et le voyage #2&nbsp;saisons (de la fin du printemps au d\u00e9but de l&rsquo;automne) #coupe momie pr\u00e8s du corps #fabrication principale en polyester recycl\u00e9<\/p>","protected":false},"featured_media":6603,"comment_status":"closed","ping_status":"open","template":"","meta":[],"product_brand":[375],"product_cat":[213,401,362],"product_tag":[365,389,368,390],"class_list":["post-6602","product","type-product","status-publish","has-post-thumbnail","product_brand-vaude","product_cat-boutique","product_cat-fibre-synthetique","product_cat-sacs-de-couchage","product_tag-boutique","product_tag-sac-de-couchage","product_tag-vente","product_tag-vente-sac-de-couchage","pa_saison-toutes-saisons-printemps-automne","first","instock","purchasable","product-type-simple"],"_links":{"self":[{"href":"https:\/\/www.tracea.ch\/en\/wp-json\/wp\/v2\/product\/6602","targetHints":{"allow":["GET"]}}],"collection":[{"href":"https:\/\/www.tracea.ch\/en\/wp-json\/wp\/v2\/product"}],"about":[{"href":"https:\/\/www.tracea.ch\/en\/wp-json\/wp\/v2\/types\/product"}],"replies":[{"embeddable":true,"href":"https:\/\/www.tracea.ch\/en\/wp-json\/wp\/v2\/comments?post=6602"}],"version-history":[{"count":0,"href":"https:\/\/www.tracea.ch\/en\/wp-json\/wp\/v2\/product\/6602\/revisions"}],"wp:featuredmedia":[{"embeddable":true,"href":"https:\/\/www.tracea.ch\/en\/wp-json\/wp\/v2\/media\/6603"}],"wp:attachment":[{"href":"https:\/\/www.tracea.ch\/en\/wp-json\/wp\/v2\/media?parent=6602"}],"wp:term":[{"taxonomy":"product_brand","embeddable":true,"href":"https:\/\/www.tracea.ch\/en\/wp-json\/wp\/v2\/product_brand?post=6602"},{"taxonomy":"product_cat","embeddable":true,"href":"https:\/\/www.tracea.ch\/en\/wp-json\/wp\/v2\/product_cat?post=6602"},{"taxonomy":"product_tag","embeddable":true,"href":"https:\/\/www.tracea.ch\/en\/wp-json\/wp\/v2\/product_tag?post=6602"}],"curies":[{"name":"wp","href":"https:\/\/api.w.org\/{rel}","templated":true}]}}