{"id":6716,"date":"2026-06-29T15:51:52","date_gmt":"2026-06-29T15:51:52","guid":{"rendered":"https:\/\/www.tracea.ch\/boutique\/non%20class\u00e9\/navajo-100-ii-syn\/"},"modified":"2026-06-29T15:51:52","modified_gmt":"2026-06-29T15:51:52","slug":"navajo-100-ii-syn","status":"publish","type":"product","link":"https:\/\/www.tracea.ch\/en\/boutique\/navajo-100-ii-syn\/","title":{"rendered":"Navajo 100 II SYN"},"content":{"rendered":"<p>Sac de couchage couverture compressible et l\u00e9ger pour les circuits en camping ou refuge ou la vanlife dans des contr\u00e9es plus cl\u00e9mentes. Ce faisant, le sac de couchage couverture l\u00e9ger Navajo 100 s\u00e9duit particuli\u00e8rement par sa polyvalence&nbsp;: il s&rsquo;utilise \u00e0 la fois comme sac de couchage spacieux, couverture de lit et poncho chauffant. Le sac de couchage tr\u00e8s l\u00e9ger peut s&rsquo;accoupler avec tous les autres sacs de couchage couvertures de VAUDE, sans \u00eatre g\u00ean\u00e9 par des zips sur la surface de couchage et avec une entr\u00e9e\/sortie propre \u00e0 chaque dormeur ou dormeuse. Le garnissage en fibres synth\u00e9tiques monocouche \u00e9conomise du poids, mais offre cependant une isolation suffisante pour les nuits d&rsquo;\u00e9t\u00e9. Il continue en plus de r\u00e9chauffer m\u00eame \u00e0 l&rsquo;\u00e9tat humide, et est ultrarespirant. Lorsque le mercure plonge la nuit, la partie haute se transforme en une capuche 3D \u00e0 l&rsquo;aide d&rsquo;un cordon de serrage. Le nouveau mat\u00e9riau ext\u00e9rieur est l\u00e9ger, pr\u00e9sente un toucher agr\u00e9able et soyeux et ne colle pas \u00e0 la peau. Sa finition Eco Finish sans PFC est d\u00e9perlante et antisalissures. Le sac de couchage Navajo 100 prend part au concept d&rsquo;\u00e9conomie circulaire VAUDE. Les mat\u00e9riaux principaux, ainsi que le garnissage, sont compos\u00e9s \u00e0 100&nbsp;% de polyester recycl\u00e9. Le sac de couchage l\u00e9ger se distingue en plus par une coupe favorisant l&rsquo;efficacit\u00e9 mat\u00e9rielle, sa robustesse et sa r\u00e9parabilit\u00e9 ais\u00e9e. Le label Green Shape de VAUDE garantit un produit \u00e9cologique, fonctionnel et fabriqu\u00e9 dans des mat\u00e9riaux durables.<\/p>\n<p><em>Sac de couchage couverture tr\u00e8s l\u00e9ger avec garnissage en fibres synth\u00e9tiques #1&nbsp;saison (pour les mois d&rsquo;\u00e9t\u00e9) #forme de couverture carr\u00e9e, usage polyvalent #fabrication principale en polyester recycl\u00e9<\/em><\/p>","protected":false},"excerpt":{"rendered":"<p>Sac de couchage couverture tr\u00e8s l\u00e9ger avec garnissage en fibres synth\u00e9tiques #1&nbsp;saison (pour les mois d&rsquo;\u00e9t\u00e9) #forme de couverture carr\u00e9e, usage polyvalent #fabrication principale en polyester recycl\u00e9<\/p>","protected":false},"featured_media":6717,"comment_status":"closed","ping_status":"open","template":"","meta":[],"product_brand":[375],"product_cat":[213,401,362],"product_tag":[365,389,368,390],"class_list":["post-6716","product","type-product","status-publish","has-post-thumbnail","product_brand-vaude","product_cat-boutique","product_cat-fibre-synthetique","product_cat-sacs-de-couchage","product_tag-boutique","product_tag-sac-de-couchage","product_tag-vente","product_tag-vente-sac-de-couchage","pa_saison-toutes-saisons-ete-printemps-automne","first","instock","purchasable","product-type-simple"],"_links":{"self":[{"href":"https:\/\/www.tracea.ch\/en\/wp-json\/wp\/v2\/product\/6716","targetHints":{"allow":["GET"]}}],"collection":[{"href":"https:\/\/www.tracea.ch\/en\/wp-json\/wp\/v2\/product"}],"about":[{"href":"https:\/\/www.tracea.ch\/en\/wp-json\/wp\/v2\/types\/product"}],"replies":[{"embeddable":true,"href":"https:\/\/www.tracea.ch\/en\/wp-json\/wp\/v2\/comments?post=6716"}],"version-history":[{"count":0,"href":"https:\/\/www.tracea.ch\/en\/wp-json\/wp\/v2\/product\/6716\/revisions"}],"wp:featuredmedia":[{"embeddable":true,"href":"https:\/\/www.tracea.ch\/en\/wp-json\/wp\/v2\/media\/6717"}],"wp:attachment":[{"href":"https:\/\/www.tracea.ch\/en\/wp-json\/wp\/v2\/media?parent=6716"}],"wp:term":[{"taxonomy":"product_brand","embeddable":true,"href":"https:\/\/www.tracea.ch\/en\/wp-json\/wp\/v2\/product_brand?post=6716"},{"taxonomy":"product_cat","embeddable":true,"href":"https:\/\/www.tracea.ch\/en\/wp-json\/wp\/v2\/product_cat?post=6716"},{"taxonomy":"product_tag","embeddable":true,"href":"https:\/\/www.tracea.ch\/en\/wp-json\/wp\/v2\/product_tag?post=6716"}],"curies":[{"name":"wp","href":"https:\/\/api.w.org\/{rel}","templated":true}]}}