{"id":6792,"date":"2026-06-29T16:26:52","date_gmt":"2026-06-29T16:26:52","guid":{"rendered":"https:\/\/www.tracea.ch\/boutique\/non%20class\u00e9\/adventure-taurus-xt-4p\/"},"modified":"2026-06-29T16:28:06","modified_gmt":"2026-06-29T16:28:06","slug":"adventure-taurus-xt-4p","status":"publish","type":"product","link":"https:\/\/www.tracea.ch\/en\/boutique\/adventure-taurus-xt-4p\/","title":{"rendered":"Adventure Taurus XT 4P"},"content":{"rendered":"<p>Que ce soit pour un trekking ou un voyage d&rsquo;aventure \u00e0 v\u00e9lo, la tente Adventure Taurus 4 personnes est con\u00e7ue pour \u00eatre utilis\u00e9e toute l&rsquo;ann\u00e9e. Sa construction stable en tunnel de fa\u00eetage cr\u00e9e un espace de couchage spacieux dans lequel quatre personnes peuvent s&rsquo;allonger et s&rsquo;asseoir confortablement. Le grand vestibule est particuli\u00e8rement pratique, car il peut non seulement servir d&rsquo;espace de rangement pour les bagages, mais aussi de coin cuisine. Les trois portes du vestibule s&rsquo;ouvrent en grand par beau temps pour une a\u00e9ration maximale ; en cas de mauvais temps, il est toujours possible de laisser la porte la plus avanc\u00e9e compl\u00e8tement ouverte. La porte suppl\u00e9mentaire \u00e0 l&rsquo;arri\u00e8re peut \u00eatre utilis\u00e9e comme acc\u00e8s alternatif ou pour am\u00e9liorer la circulation de l&rsquo;air par temps sec. L&rsquo;une des portes lat\u00e9rales de la tente ext\u00e9rieure et la porte avant de la tente int\u00e9rieure disposent chacune d&rsquo;une porte doubl\u00e9e de mesh, qui assure \u00e9galement l&rsquo;\u00e9change d&rsquo;air tout en tenant les insectes \u00e0 distance. Une caract\u00e9ristique bien pens\u00e9e est le montage simultan\u00e9 de la tente int\u00e9rieure et de la tente ext\u00e9rieure, ce qui permet \u00e0 la tente int\u00e9rieure de rester s\u00e8che m\u00eame en cas de pluie. Les gaines d\u2019armature ferm\u00e9es d&rsquo;un c\u00f4t\u00e9 facilitent et acc\u00e9l\u00e8rent de plus le montage. La tente reste stable m\u00eame par temps orageux, gr\u00e2ce \u00e0 l&rsquo;armature en aluminium DAC de haute qualit\u00e9 et aux cordelettes temp\u00eate Edelrid r\u00e9sistantes. Plusieurs poches int\u00e9rieures offrent un espace de rangement, ce qui facilite l&rsquo;organisation \u00e0 l&rsquo;int\u00e9rieur de la tente. La tente int\u00e9rieure peut \u00eatre retir\u00e9e de la tente, si l&rsquo;on souhaite la ranger au sec en cas de pluie ou simplement laisser la tente ext\u00e9rieure seule. Le label Green Shape de VAUDE garantit un produit \u00e9cologique, fonctionnel et fabriqu\u00e9 dans des mat\u00e9riaux durables.<\/p>\n<p><em>freestanding tent design, very quick and easy to pitch, flat channels, Attachable inner tent for rainproof assembly, additional rear flap to improve ventilation and provide extra access, fully lined inner tent doors with zipped mesh panels for maximum additional ventilation, excellent ventilation thanks to the mesh window and ventilation openings, the ventilation openings can be closed, the extended vestibule with 3&nbsp; doors offering a variety of openings for cooking and\/or storing belongings, as well as a side door lined with a mosquito net, ingenious organisation inside the inner tent with side and ceiling pockets, 100&nbsp; % waterproof seams, ultra-strong and robust Edelrid storm cord winders, pack sack with woven strap attachment for bikes or rucksacks, and high-quality DAC poles and pegs<\/em><\/p>","protected":false},"excerpt":{"rendered":"<p>Tente de trekking 4 personnes polyvalente grands espace et confort #stable au vent, imperm\u00e9able et avec de nombreuses a\u00e9rations #montage simple et rapide #tente ext\u00e9rieure et sol en nylon recycl\u00e9<\/p>","protected":false},"featured_media":6793,"comment_status":"closed","ping_status":"open","template":"","meta":[],"product_brand":[375],"product_cat":[403,213,361],"product_tag":[365,404,368,405],"class_list":["post-6792","product","type-product","status-publish","has-post-thumbnail","product_brand-vaude","product_cat-4-places","product_cat-boutique","product_cat-tentes","product_tag-boutique","product_tag-tente","product_tag-vente","product_tag-vente-tente","first","instock","purchasable","product-type-simple"],"_links":{"self":[{"href":"https:\/\/www.tracea.ch\/en\/wp-json\/wp\/v2\/product\/6792","targetHints":{"allow":["GET"]}}],"collection":[{"href":"https:\/\/www.tracea.ch\/en\/wp-json\/wp\/v2\/product"}],"about":[{"href":"https:\/\/www.tracea.ch\/en\/wp-json\/wp\/v2\/types\/product"}],"replies":[{"embeddable":true,"href":"https:\/\/www.tracea.ch\/en\/wp-json\/wp\/v2\/comments?post=6792"}],"version-history":[{"count":0,"href":"https:\/\/www.tracea.ch\/en\/wp-json\/wp\/v2\/product\/6792\/revisions"}],"wp:featuredmedia":[{"embeddable":true,"href":"https:\/\/www.tracea.ch\/en\/wp-json\/wp\/v2\/media\/6793"}],"wp:attachment":[{"href":"https:\/\/www.tracea.ch\/en\/wp-json\/wp\/v2\/media?parent=6792"}],"wp:term":[{"taxonomy":"product_brand","embeddable":true,"href":"https:\/\/www.tracea.ch\/en\/wp-json\/wp\/v2\/product_brand?post=6792"},{"taxonomy":"product_cat","embeddable":true,"href":"https:\/\/www.tracea.ch\/en\/wp-json\/wp\/v2\/product_cat?post=6792"},{"taxonomy":"product_tag","embeddable":true,"href":"https:\/\/www.tracea.ch\/en\/wp-json\/wp\/v2\/product_tag?post=6792"}],"curies":[{"name":"wp","href":"https:\/\/api.w.org\/{rel}","templated":true}]}}