{"id":6804,"date":"2026-06-29T16:28:09","date_gmt":"2026-06-29T16:28:09","guid":{"rendered":"https:\/\/www.tracea.ch\/boutique\/non%20class\u00e9\/allround-taurus-1p\/"},"modified":"2026-06-29T16:28:38","modified_gmt":"2026-06-29T16:28:38","slug":"allround-taurus-1p","status":"publish","type":"product","link":"https:\/\/www.tracea.ch\/en\/boutique\/allround-taurus-1p\/","title":{"rendered":"Allround Taurus 1P"},"content":{"rendered":"<p>Avec sa construction en tripode et un poids n&rsquo;exc\u00e9dant pas deux kilogrammes, la tente de trekking Allround Taurus pour une personne convient tant pour le bikepacking que pour les randonn\u00e9es qui s&rsquo;\u00e9talent sur plusieurs jours. Car la construction en tripode offre \u00e0 l&rsquo;avant suffisant d&rsquo;espace pour pouvoir s&rsquo;assoir \u00e0 la verticale. Sa forme se r\u00e9duit au niveau des pieds, ce qui permet d&rsquo;\u00e9conomiser du poids. La tente 1 personne tient debout toute seule \u00e0 l&rsquo;exception de l&rsquo;abside. Elle se manipule bien et se monte rapidement. Des codes couleur et des pi\u00e8ces en plastique facilitent le montage pour la r\u00e9ception des armatures. Gr\u00e2ce au montage combin\u00e9 des tentes int\u00e9rieure et ext\u00e9rieure en une op\u00e9ration, la tente se monte rapidement et la tente int\u00e9rieure peut ainsi rester au sec s&rsquo;il pleut pendant ce temps. Une armature DAC haut de gamme en aluminium, une ouverture de ventilation prot\u00e9g\u00e9e contre la pluie et r\u00e9glable en continu, une corde \u00e0 linge dans la tente int\u00e9rieure, des enrouleurs de cordelette temp\u00eate et deux poches dans la tente int\u00e9rieure compl\u00e8tent son \u00e9quipement.<\/p>\n<p><em>1 entr\u00e9e, 1 abside spacieuse, montage tr\u00e8s rapide et facile, Tente int\u00e9rieure accroch\u00e9e pour un montage \u00e0 l\u2019\u00e9preuve de la pluie, canaux plats , parois de tente int\u00e9rieure avec empi\u00e8cements d\u2019a\u00e9ration en mesh anti-moustique pour un climat ambiant optimal, porte de tente int\u00e9rieure avec empi\u00e8cements d\u2019a\u00e9ration en mesh anti-moustique pour une bonne ventilation sur la dur\u00e9e, cabines int\u00e9rieures amovibles pour un plus grand espace s\u00e9jour ou rangement, y compris sardines et cordon de s\u00e9curit\u00e9, 2 en 1: manette pour enrouler le cordon et pince<\/em><\/p>","protected":false},"excerpt":{"rendered":"<p>Tente 1 personne l\u00e9g\u00e8re et r\u00e9sistant aux intemp\u00e9ries pour le trekking et le bikepacking #autoportante #montage combin\u00e9 (double pitching) #fabrication compl\u00e8te du mat\u00e9riau de la tente ext\u00e9rieure et du fond \u00e0 partir de bouteilles PET recycl\u00e9es<\/p>","protected":false},"featured_media":6805,"comment_status":"closed","ping_status":"open","template":"","meta":[],"product_brand":[375],"product_cat":[407,213,361],"product_tag":[365,404,368,405],"class_list":["post-6804","product","type-product","status-publish","has-post-thumbnail","product_brand-vaude","product_cat-1-place","product_cat-boutique","product_cat-tentes","product_tag-boutique","product_tag-tente","product_tag-vente","product_tag-vente-tente","first","instock","purchasable","product-type-simple"],"_links":{"self":[{"href":"https:\/\/www.tracea.ch\/en\/wp-json\/wp\/v2\/product\/6804","targetHints":{"allow":["GET"]}}],"collection":[{"href":"https:\/\/www.tracea.ch\/en\/wp-json\/wp\/v2\/product"}],"about":[{"href":"https:\/\/www.tracea.ch\/en\/wp-json\/wp\/v2\/types\/product"}],"replies":[{"embeddable":true,"href":"https:\/\/www.tracea.ch\/en\/wp-json\/wp\/v2\/comments?post=6804"}],"version-history":[{"count":0,"href":"https:\/\/www.tracea.ch\/en\/wp-json\/wp\/v2\/product\/6804\/revisions"}],"wp:featuredmedia":[{"embeddable":true,"href":"https:\/\/www.tracea.ch\/en\/wp-json\/wp\/v2\/media\/6805"}],"wp:attachment":[{"href":"https:\/\/www.tracea.ch\/en\/wp-json\/wp\/v2\/media?parent=6804"}],"wp:term":[{"taxonomy":"product_brand","embeddable":true,"href":"https:\/\/www.tracea.ch\/en\/wp-json\/wp\/v2\/product_brand?post=6804"},{"taxonomy":"product_cat","embeddable":true,"href":"https:\/\/www.tracea.ch\/en\/wp-json\/wp\/v2\/product_cat?post=6804"},{"taxonomy":"product_tag","embeddable":true,"href":"https:\/\/www.tracea.ch\/en\/wp-json\/wp\/v2\/product_tag?post=6804"}],"curies":[{"name":"wp","href":"https:\/\/api.w.org\/{rel}","templated":true}]}}