{"id":6812,"date":"2026-06-29T16:28:09","date_gmt":"2026-06-29T16:28:09","guid":{"rendered":"https:\/\/www.tracea.ch\/boutique\/non%20class\u00e9\/ultralight-hogan-1p\/"},"modified":"2026-06-29T16:29:07","modified_gmt":"2026-06-29T16:29:07","slug":"ultralight-hogan-1p","status":"publish","type":"product","link":"https:\/\/www.tracea.ch\/en\/boutique\/ultralight-hogan-1p\/","title":{"rendered":"Ultralight Hogan 1P"},"content":{"rendered":"<p>La tente ultral\u00e9g\u00e8re Hogan pour 1 personne est l&rsquo;\u00e9quipement id\u00e9al pour le trekking et les randonn\u00e9es \u00e0 v\u00e9lo. Avec sa structure \u00e0 double-toit autoportante, elle offre un espace optimis\u00e9 en termes de poids et se monte rapidement et facilement. L&rsquo;entr\u00e9e prot\u00e9g\u00e9e de la pluie et dot\u00e9e d&rsquo;une abside offre un espace de rangement suppl\u00e9mentaire pour un sac \u00e0 dos ou des paquetages. En cas de mauvais temps, l&rsquo;espace peut \u00eatre utilis\u00e9 pour cuisiner. Une ouverture d&rsquo;a\u00e9ration au-dessus de l&rsquo;entr\u00e9e, enti\u00e8rement refermable et prot\u00e9g\u00e9e de la pluie, assure une bonne circulation de l&rsquo;air et un climat agr\u00e9able dans la tente. Une caract\u00e9ristique particuli\u00e8re de la tente Hogan : La tente int\u00e9rieure peut \u00eatre mont\u00e9e seule. Cela permet de dormir \u00e0 la belle \u00e9toile lorsqu&rsquo;il fait chaud, tout en \u00e9tant prot\u00e9g\u00e9 des insectes. La tente est \u00e9quip\u00e9e d&rsquo;arceaux robustes en aluminium DAC et de solides cordelettes temp\u00eate Edelrid. Elle est particuli\u00e8rement pratique pour les bikepackers, car elle peut \u00eatre transport\u00e9e sur le v\u00e9lo sans prendre trop de place gr\u00e2ce \u00e0 des housses de rangement sp\u00e9ciales. Le label Green Shape de VAUDE garantit un produit \u00e9cologique, fonctionnel et fabriqu\u00e9 dans des mat\u00e9riaux durables.<\/p>\n<p><em>1 entr\u00e9e, 1 abside, construction de tente autoportante, construction par jetage ultra l\u00e9g\u00e8re, peut \u00eatre mont\u00e9e sur une toute petite surface, coutures 100&#038;nbsp, % \u00e9tanches \u00e0 l\u2019eau, tente int\u00e9rieure peut \u00eatre mont\u00e9e s\u00e9par\u00e9ment, organisation ing\u00e9nieuse dans la tente int\u00e9rieure avec des poches lat\u00e9rales et de plafond, porte de tente int\u00e9rieure avec empi\u00e8cements d\u2019a\u00e9ration en mesh anti-moustique pour une bonne ventilation sur la dur\u00e9e, enrouleurs de cordelette temp\u00eate Edelrid ultrar\u00e9sistants \u00e0 la traction et robustes, armatures et piquets DAC de qualit\u00e9 sup\u00e9rieure, Packsack avec fixation de bande tiss\u00e9e pour v\u00e9los ou sacs \u00e0 dos<\/em><\/p>","protected":false},"excerpt":{"rendered":"<p>Tente autoportante 1 personne pour aventures ultral\u00e9g\u00e8res #montage simple et rapide #la tente int\u00e9rieure peut \u00eatre mont\u00e9e seule #tente ext\u00e9rieure et sol en nylon recycl\u00e9<\/p>","protected":false},"featured_media":6813,"comment_status":"closed","ping_status":"open","template":"","meta":[],"product_brand":[375],"product_cat":[407,213,361],"product_tag":[365,404,368,405],"class_list":["post-6812","product","type-product","status-publish","has-post-thumbnail","product_brand-vaude","product_cat-1-place","product_cat-boutique","product_cat-tentes","product_tag-boutique","product_tag-tente","product_tag-vente","product_tag-vente-tente","first","instock","purchasable","product-type-simple"],"_links":{"self":[{"href":"https:\/\/www.tracea.ch\/en\/wp-json\/wp\/v2\/product\/6812","targetHints":{"allow":["GET"]}}],"collection":[{"href":"https:\/\/www.tracea.ch\/en\/wp-json\/wp\/v2\/product"}],"about":[{"href":"https:\/\/www.tracea.ch\/en\/wp-json\/wp\/v2\/types\/product"}],"replies":[{"embeddable":true,"href":"https:\/\/www.tracea.ch\/en\/wp-json\/wp\/v2\/comments?post=6812"}],"version-history":[{"count":0,"href":"https:\/\/www.tracea.ch\/en\/wp-json\/wp\/v2\/product\/6812\/revisions"}],"wp:featuredmedia":[{"embeddable":true,"href":"https:\/\/www.tracea.ch\/en\/wp-json\/wp\/v2\/media\/6813"}],"wp:attachment":[{"href":"https:\/\/www.tracea.ch\/en\/wp-json\/wp\/v2\/media?parent=6812"}],"wp:term":[{"taxonomy":"product_brand","embeddable":true,"href":"https:\/\/www.tracea.ch\/en\/wp-json\/wp\/v2\/product_brand?post=6812"},{"taxonomy":"product_cat","embeddable":true,"href":"https:\/\/www.tracea.ch\/en\/wp-json\/wp\/v2\/product_cat?post=6812"},{"taxonomy":"product_tag","embeddable":true,"href":"https:\/\/www.tracea.ch\/en\/wp-json\/wp\/v2\/product_tag?post=6812"}],"curies":[{"name":"wp","href":"https:\/\/api.w.org\/{rel}","templated":true}]}}