{"id":6898,"date":"2026-06-29T16:33:29","date_gmt":"2026-06-29T16:33:29","guid":{"rendered":"https:\/\/www.tracea.ch\/boutique\/non%20class\u00e9\/allround-chapel-xt-2p\/"},"modified":"2026-06-29T16:33:29","modified_gmt":"2026-06-29T16:33:29","slug":"allround-chapel-xt-2p","status":"publish","type":"product","link":"https:\/\/www.tracea.ch\/en\/boutique\/allround-chapel-xt-2p\/","title":{"rendered":"Allround Chapel XT 2P"},"content":{"rendered":"<p>La tente Allround Chapel XT 2 personnes pr\u00e9sente une hauteur de 170 centim\u00e8tres \u00e0 son point le plus haut au niveau du vestibule\u00a0: on y trouve ainsi suffisamment de place pour se changer avec aisance ou pour mettre des v\u00e9los \u00e0 l&rsquo;abri. Des rep\u00e8res color\u00e9s et des pi\u00e8ces en plastique pour la r\u00e9ception de l&rsquo;armature facilitent le montage. On peut appr\u00e9cier le paysage \u00e0 l&rsquo;ext\u00e9rieur \u00e0 travers deux lucarnes de ventilation. Pour former des courants d&rsquo;air afin d&rsquo;a\u00e9rer efficacement la tente par jours et nuits de chaleur sans pluie, on peut enrouler la paroi jusqu&rsquo;\u00e0 l&rsquo;arceau aux pieds \u00e0 l&rsquo;arri\u00e8re. Il s&rsquo;y trouve \u00e9galement une a\u00e9ration prot\u00e9g\u00e9e contre la pluie et r\u00e9glable en continu. On peut ouvrir le \u00ab\u00a0porche d&rsquo;entr\u00e9e\u00a0\u00bb de la tente ext\u00e9rieure \u00e0 l&rsquo;avant ais\u00e9ment en station debout gr\u00e2ce \u00e0 un hauban. La tente 2 personnes est munie d&rsquo;une armature DAC haut de gamme en aluminium, d&rsquo;une corde \u00e0 linge et de deux poches \u00e0 l&rsquo;int\u00e9rieur de la tente.<\/p>\n<p><em>1 entr\u00e9e, 1 abside spacieuse qui permet de se tenir debout (hauteur 180 cm), montage tr\u00e8s rapide gr\u00e2ce au syst\u00e8me de piquets \u00e0 clips, entr\u00e9e avec protection r\u00e9glable contre la pluie et les regards indiscrets, domaine de l&rsquo;entr\u00e9e confortable, excellente a\u00e9ration gr\u00e2ce \u00e0 la fen\u00eatre filet et aux orifices de ventilation, Tente int\u00e9rieure accroch\u00e9e pour un montage \u00e0 l\u2019\u00e9preuve de la pluie, int\u00e9rieur tr\u00e8s spacieux, parois de tente int\u00e9rieure avec empi\u00e8cements d\u2019a\u00e9ration en mesh anti-moustique pour un climat ambiant optimal, porte de tente int\u00e9rieure avec empi\u00e8cements d\u2019a\u00e9ration en mesh anti-moustique pour une bonne ventilation sur la dur\u00e9e, cabines int\u00e9rieures amovibles pour un plus grand espace s\u00e9jour ou rangement, y compris sardines et cordon de s\u00e9curit\u00e9, 2 en 1: manette pour enrouler le cordon et pince<\/em><\/p>","protected":false},"excerpt":{"rendered":"<p>Tente 2 personnes avec vestibule haut pour le cyclotourisme et le camping #compromis id\u00e9al place\/poids #montage combin\u00e9 des tentes int\u00e9rieure et ext\u00e9rieure #fabrication compl\u00e8te du mat\u00e9riau de la tente ext\u00e9rieure et du fond \u00e0 partir de bouteilles PET recycl\u00e9es<\/p>","protected":false},"featured_media":6899,"comment_status":"closed","ping_status":"open","template":"","meta":[],"product_brand":[375],"product_cat":[408,213,361],"product_tag":[365,404,368,405],"class_list":["post-6898","product","type-product","status-publish","has-post-thumbnail","product_brand-vaude","product_cat-2-places","product_cat-boutique","product_cat-tentes","product_tag-boutique","product_tag-tente","product_tag-vente","product_tag-vente-tente","first","instock","purchasable","product-type-simple"],"_links":{"self":[{"href":"https:\/\/www.tracea.ch\/en\/wp-json\/wp\/v2\/product\/6898","targetHints":{"allow":["GET"]}}],"collection":[{"href":"https:\/\/www.tracea.ch\/en\/wp-json\/wp\/v2\/product"}],"about":[{"href":"https:\/\/www.tracea.ch\/en\/wp-json\/wp\/v2\/types\/product"}],"replies":[{"embeddable":true,"href":"https:\/\/www.tracea.ch\/en\/wp-json\/wp\/v2\/comments?post=6898"}],"version-history":[{"count":0,"href":"https:\/\/www.tracea.ch\/en\/wp-json\/wp\/v2\/product\/6898\/revisions"}],"wp:featuredmedia":[{"embeddable":true,"href":"https:\/\/www.tracea.ch\/en\/wp-json\/wp\/v2\/media\/6899"}],"wp:attachment":[{"href":"https:\/\/www.tracea.ch\/en\/wp-json\/wp\/v2\/media?parent=6898"}],"wp:term":[{"taxonomy":"product_brand","embeddable":true,"href":"https:\/\/www.tracea.ch\/en\/wp-json\/wp\/v2\/product_brand?post=6898"},{"taxonomy":"product_cat","embeddable":true,"href":"https:\/\/www.tracea.ch\/en\/wp-json\/wp\/v2\/product_cat?post=6898"},{"taxonomy":"product_tag","embeddable":true,"href":"https:\/\/www.tracea.ch\/en\/wp-json\/wp\/v2\/product_tag?post=6898"}],"curies":[{"name":"wp","href":"https:\/\/api.w.org\/{rel}","templated":true}]}}