{"id":59399,"date":"2024-08-15T08:12:10","date_gmt":"2024-08-15T06:12:10","guid":{"rendered":"https:\/\/monvtt.ch\/?p=34337"},"modified":"2024-08-15T08:12:10","modified_gmt":"2024-08-15T06:12:10","slug":"la-barillette-bike-vtt-n993","status":"publish","type":"ra_trace","link":"https:\/\/www.tracea.ch\/en\/traces\/la-barillette-bike-vtt-n993\/","title":{"rendered":"La Barillette Mountain Bike No. 993"},"content":{"rendered":"<p>L\u2019itin\u00e9raire commence sur la place du centre sportif de Ch\u00e9serex et emprunte un chemin carrossable en plaine qui vous am\u00e8nera dans les bois dominant la C\u00f4te. Vous attaquez alors la mont\u00e9e \u00e0 la Barillette sur des chemins forestiers au pourcentage parfois \u00e9lev\u00e9s. Mais ce n\u2019est pas la seule raison pour laquelle il est recommand\u00e9 de faire une pause de temps en temps: pendant que l\u2019on grimpe les quelque 1000 m\u00e8tres de d\u00e9nivel\u00e9 \u00e0 la force du mollet, une belle vue sur la vall\u00e9e s\u2019ouvre r\u00e9guli\u00e8rement entre les arbres. Apr\u00e8s avoir enchain\u00e9 quelques lacets, la pente s\u2019accentue encore jusqu\u2019au pied de l\u2019antenne de la Barillette. La cr\u00eate bois\u00e9e pr\u00e9c\u00e8de la D\u00f4le. C\u2019est ici que l\u2019on atteint le point culminant, situ\u00e9 \u00e0 1500 m\u00e8tres. Et la r\u00e9compense n\u2019en est que plus belle: Probablement l\u2019un des plus beaux panoramas de la r\u00e9gion, avec une vue sur tout l\u2019arc l\u00e9manique, surplomb\u00e9 par les Alpes et son majestueux Mont-Blanc.<\/p>\n<p>Vous allez ensuite attaquer la descente sur la route menant au Restaurant de la Barillette (r\u00e9servation recommand\u00e9e). Sur la terrasse, on peut encore une fois admirer la vue en d\u00e9gustant des sp\u00e9cialit\u00e9s r\u00e9gionales. Apr\u00e8s la pause, l\u2019heure est \u00e0 nouveau \u00e0 la concentration: C\u2019est ici que la descente deviendra plus technique. Quelques m\u00e8tres sur le p\u00e2turage, avant d\u2019aller d\u00e9valer un pierrier qui demandera une certaine agilit\u00e9. L\u2019itin\u00e9raire passe ensuite par Guinfard au travers de chemins forestiers puis vous am\u00e8ne au \u00ab Vieux Ch\u00e2teau \u00bb avec l\u00e0 encore un panorama \u00e9poustouflant.<\/p>\n<p>La prochaine \u00e9tape est St-Cergue, qui se trouve dans le Parc naturel r\u00e9gional Jura vaudois. Au milieu du XIXe si\u00e8cle, ce village jurassien s\u2019est transform\u00e9 en station d\u2019altitude, aujourd\u2019hui il s\u2019agit d\u2019un domaine de randonn\u00e9e et de ski de fond attrayant. Un peu de route pour se remettre de ces \u00e9motions puis la 2\u00e8me partie de la descente, toujours en for\u00eat, redevient tr\u00e8s ludique, m\u00ealant chemins forestiers et \u00ab single track \u00bb jusqu\u2019en plaine, o\u00f9 de beaux sentiers en lisi\u00e8re de for\u00eat, puis de petites routes, vous am\u00e8neront au point de d\u00e9part pour un repos bien m\u00e9rit\u00e9.<\/p>","protected":false},"excerpt":{"rendered":"<p>L\u2019itin\u00e9raire commence sur la place du centre sportif de Ch\u00e9serex et emprunte un chemin carrossable en plaine qui vous am\u00e8nera dans les bois dominant la C\u00f4te. Vous attaquez alors la mont\u00e9e \u00e0 la Barillette sur des chemins forestiers au pourcentage parfois \u00e9lev\u00e9s. Mais ce n\u2019est pas la seule raison pour laquelle il est recommand\u00e9 de [&hellip;]<\/p>\n","protected":false},"featured_media":59877,"template":"","class_list":["post-59399","ra_trace","type-ra_trace","status-publish","has-post-thumbnail","hentry"],"_links":{"self":[{"href":"https:\/\/www.tracea.ch\/en\/wp-json\/wp\/v2\/ra_trace\/59399","targetHints":{"allow":["GET"]}}],"collection":[{"href":"https:\/\/www.tracea.ch\/en\/wp-json\/wp\/v2\/ra_trace"}],"about":[{"href":"https:\/\/www.tracea.ch\/en\/wp-json\/wp\/v2\/types\/ra_trace"}],"wp:featuredmedia":[{"embeddable":true,"href":"https:\/\/www.tracea.ch\/en\/wp-json\/wp\/v2\/media\/59877"}],"wp:attachment":[{"href":"https:\/\/www.tracea.ch\/en\/wp-json\/wp\/v2\/media?parent=59399"}],"curies":[{"name":"wp","href":"https:\/\/api.w.org\/{rel}","templated":true}]}}