{"id":59116,"date":"2026-08-07T02:42:18","date_gmt":"2026-08-07T02:42:18","guid":{"rendered":"https:\/\/www.tracea.ch\/nos-activites\/"},"modified":"2026-08-10T02:21:22","modified_gmt":"2026-08-10T02:21:22","slug":"le-nostre-attivita","status":"publish","type":"page","link":"https:\/\/www.tracea.ch\/it\/nos-activites\/","title":{"rendered":"Le nostre attivit\u00e0"},"content":{"rendered":"<div class=\"ra-plp\">\t\t<header class=\"ra-plp-header\">\n\t\t\t<p class=\"ra-plp-slogan\">Sorties guid\u00e9es \u00e0 v\u00e9lo<\/p>\t\t\t<h1 class=\"ra-plp-h1\">Le nostre attivit\u00e0<\/h1>\t\t\t<nav class=\"ra-plp-fil\" aria-label=\"Fil d&#039;Ariane\"><a href=\"https:\/\/www.tracea.ch\/it\/\">Home<\/a><span class=\"ra-plp-fil-sep\" aria-hidden=\"true\"> \u203a <\/span><span class=\"ra-plp-fil-actuel\">Le nostre attivit\u00e0<\/span><\/nav>\t\t<\/header>\n\t\t\t\t\t<div class=\"ra-plp-intro\"><\/p>\n<p>Benvenuti da <strong>Tracea<\/strong>, il vostro specialista delle escursioni in bicicletta nella <strong>Giura vodese<\/strong>. Escursioni guidate, corsi di guida, campi estivi per bambini e soggiorni di pi\u00f9 giorni: offriamo una gamma completa di attivit\u00e0 in mountain bike, mountain bike elettrica e gravel, per tutti i livelli e tutte le et\u00e0.<\/p>\n<p>Ogni uscita \u00e8 supervisionata dai nostri <strong>guide diplomate Swiss Cycling<\/strong>, che vivono nella zona e adattano ogni percorso al vostro livello. Dall\u2019avvicinamento in famiglia all\u2019enduro impegnativo, c\u2019\u00e8 sicuramente un\u2019avventura Tracea fatta apposta per voi.<\/p>\n<p>Utilizza i filtri qui sotto per trovare quella che fa per te: <strong>livello, durata, et\u00e0, tipo di bicicletta\u2026<\/strong><\/p>\n<p>\n<\/div>\n\t\t\t\t\t\t\t\t\t<div class=\"ra-quick-cats\">\n\t\t\t\t\t\t\t\t\t<button type=\"button\" class=\"ra-quick-cat\" data-cat=\"nordique\">Nordique<\/button>\n\t\t\t\t\t\t\t\t\t<button type=\"button\" class=\"ra-quick-cat\" data-cat=\"trail\">Trail<\/button>\n\t\t\t\t\t\t\t\t\t<button type=\"button\" class=\"ra-quick-cat\" data-cat=\"velo\" data-a-sous-themes=\"1\">Bicicletta<\/button>\n\t\t\t\t\t\t\t\t<button type=\"button\" class=\"ra-quick-cat ra-quick-cat--evenements\" data-evenement=\"1\">\u00c9v\u00e9nements<\/button>\n\t\t\t<\/div>\n\t\t\t\t\t\t\t<div class=\"ra-sous-themes\" data-parent=\"velo\" hidden>\n\t\t\t\t\t<span class=\"ra-sous-themes-lbl\">Affiner :<\/span>\n\t\t\t\t\t\t\t\t\t\t\t<button type=\"button\" class=\"ra-sous-theme\" data-cat=\"gravel\">Gravel<\/button>\n\t\t\t\t\t\t\t\t\t\t\t<button type=\"button\" class=\"ra-sous-theme\" data-cat=\"vtt\">MTB<\/button>\n\t\t\t\t\t\t\t\t\t\t\t<button type=\"button\" class=\"ra-sous-theme\" data-cat=\"vtt-electrique\">Mountain bike elettrica<\/button>\n\t\t\t\t\t\t\t\t\t<\/div>\n\t\t\t\t\t\t<div class=\"ra-barre-filtres ra-facettes\">\n\t\t\t\t\t\t\t\t\t<div class=\"ra-facette ra-facette-dd\" data-facette=\"niveau\">\n\t\t\t\t\t\t<button type=\"button\" class=\"ra-facette-btn\"><span class=\"ra-facette-lbl\">Niveau<\/span><span class=\"ra-facette-nb\"><\/span><span class=\"dashicons dashicons-arrow-down-alt2\" aria-hidden=\"true\"><\/span><\/button>\n\t\t\t\t\t\t<div class=\"ra-facette-panel\">\n\t\t\t\t\t\t\t\t\t\t\t\t\t\t\t<label class=\"ra-facette-option\"><input type=\"checkbox\" value=\"vert\" \/> Vert <span class=\"ra-facette-compte\"><\/span><\/label>\n\t\t\t\t\t\t\t\t\t\t\t\t\t\t\t<label class=\"ra-facette-option\"><input type=\"checkbox\" value=\"bleu\" \/> Bleu <span class=\"ra-facette-compte\"><\/span><\/label>\n\t\t\t\t\t\t\t\t\t\t\t\t\t\t\t<label class=\"ra-facette-option\"><input type=\"checkbox\" value=\"rouge\" \/> Rouge <span class=\"ra-facette-compte\"><\/span><\/label>\n\t\t\t\t\t\t\t\t\t\t\t\t\t\t\t<label class=\"ra-facette-option\"><input type=\"checkbox\" value=\"noir\" \/> Noir <span class=\"ra-facette-compte\"><\/span><\/label>\n\t\t\t\t\t\t\t\t\t\t\t\t\t<\/div>\n\t\t\t\t\t<\/div>\n\t\t\t\t\n\t\t\t\t<div class=\"ra-facette ra-facette-dd\" data-facette=\"duree\">\n\t\t\t\t\t<button type=\"button\" class=\"ra-facette-btn\"><span class=\"ra-facette-lbl\">Durata<\/span><span class=\"ra-facette-nb\"><\/span><span class=\"dashicons dashicons-arrow-down-alt2\" aria-hidden=\"true\"><\/span><\/button>\n\t\t\t\t\t<div class=\"ra-facette-panel\">\n\t\t\t\t\t\t\t\t\t\t\t\t\t<label class=\"ra-facette-option\"><input type=\"checkbox\" value=\"courte\" \/> Moins de 3h <span class=\"ra-facette-compte\"><\/span><\/label>\n\t\t\t\t\t\t\t\t\t\t\t\t\t<label class=\"ra-facette-option\"><input type=\"checkbox\" value=\"demi\" \/> 3h \u00e0 5h <span class=\"ra-facette-compte\"><\/span><\/label>\n\t\t\t\t\t\t\t\t\t\t\t\t\t<label class=\"ra-facette-option\"><input type=\"checkbox\" value=\"longue\" \/> Plus de 5h <span class=\"ra-facette-compte\"><\/span><\/label>\n\t\t\t\t\t\t\t\t\t\t\t<\/div>\n\t\t\t\t<\/div>\n\n\t\t\t\t\t\t\t\t\t<div class=\"ra-facette ra-facette-dd\" data-facette=\"age-min\">\n\t\t\t\t\t\t<button type=\"button\" class=\"ra-facette-btn\"><span class=\"ra-facette-lbl\">\u00c2ge minimum<\/span><span class=\"ra-facette-nb\"><\/span><span class=\"dashicons dashicons-arrow-down-alt2\" aria-hidden=\"true\"><\/span><\/button>\n\t\t\t\t\t\t<div class=\"ra-facette-panel\">\n\t\t\t\t\t\t\t\t\t\t\t\t\t\t\t<label class=\"ra-facette-option\"><input type=\"checkbox\" value=\"5\" \/> D\u00e8s 5 ans <span class=\"ra-facette-compte\"><\/span><\/label>\n\t\t\t\t\t\t\t\t\t\t\t\t\t\t\t<label class=\"ra-facette-option\"><input type=\"checkbox\" value=\"7\" \/> D\u00e8s 7 ans <span class=\"ra-facette-compte\"><\/span><\/label>\n\t\t\t\t\t\t\t\t\t\t\t\t\t\t\t<label class=\"ra-facette-option\"><input type=\"checkbox\" value=\"10\" \/> D\u00e8s 10 ans <span class=\"ra-facette-compte\"><\/span><\/label>\n\t\t\t\t\t\t\t\t\t\t\t\t\t\t\t<label class=\"ra-facette-option\"><input type=\"checkbox\" value=\"11\" \/> D\u00e8s 11 ans <span class=\"ra-facette-compte\"><\/span><\/label>\n\t\t\t\t\t\t\t\t\t\t\t\t\t\t\t<label class=\"ra-facette-option\"><input type=\"checkbox\" value=\"12\" \/> D\u00e8s 12 ans <span class=\"ra-facette-compte\"><\/span><\/label>\n\t\t\t\t\t\t\t\t\t\t\t\t\t\t\t<label class=\"ra-facette-option\"><input type=\"checkbox\" value=\"14\" \/> D\u00e8s 14 ans <span class=\"ra-facette-compte\"><\/span><\/label>\n\t\t\t\t\t\t\t\t\t\t\t\t\t\t\t<label class=\"ra-facette-option\"><input type=\"checkbox\" value=\"16\" \/> D\u00e8s 16 ans <span class=\"ra-facette-compte\"><\/span><\/label>\n\t\t\t\t\t\t\t\t\t\t\t\t\t\t\t<label class=\"ra-facette-option\"><input type=\"checkbox\" value=\"18\" \/> D\u00e8s 18 ans <span class=\"ra-facette-compte\"><\/span><\/label>\n\t\t\t\t\t\t\t\t\t\t\t\t\t<\/div>\n\t\t\t\t\t<\/div>\n\t\t\t\t\n\t\t\t\t\t\t\t\t\t<div class=\"ra-facette ra-facette-dd\" data-facette=\"perso-saison\">\n\t\t\t\t\t\t<button type=\"button\" class=\"ra-facette-btn\"><span class=\"ra-facette-lbl\">Stagione<\/span><span class=\"ra-facette-nb\"><\/span><span class=\"dashicons dashicons-arrow-down-alt2\" aria-hidden=\"true\"><\/span><\/button>\n\t\t\t\t\t\t<div class=\"ra-facette-panel\">\n\t\t\t\t\t\t\t\t\t\t\t\t\t\t\t<label class=\"ra-facette-option\"><input type=\"checkbox\" value=\"automne\" \/> Autunno <span class=\"ra-facette-compte\"><\/span><\/label>\n\t\t\t\t\t\t\t\t\t\t\t\t\t\t\t<label class=\"ra-facette-option\"><input type=\"checkbox\" value=\"ete\" \/> Estate <span class=\"ra-facette-compte\"><\/span><\/label>\n\t\t\t\t\t\t\t\t\t\t\t\t\t\t\t<label class=\"ra-facette-option\"><input type=\"checkbox\" value=\"hiver\" \/> Inverno <span class=\"ra-facette-compte\"><\/span><\/label>\n\t\t\t\t\t\t\t\t\t\t\t\t\t\t\t<label class=\"ra-facette-option\"><input type=\"checkbox\" value=\"printemps\" \/> Primavera <span class=\"ra-facette-compte\"><\/span><\/label>\n\t\t\t\t\t\t\t\t\t\t\t\t\t<\/div>\n\t\t\t\t\t<\/div>\n\t\t\t\t\t\t\t\t\t<div class=\"ra-facette ra-facette-dd\" data-facette=\"perso-pays\">\n\t\t\t\t\t\t<button type=\"button\" class=\"ra-facette-btn\"><span class=\"ra-facette-lbl\">Paese<\/span><span class=\"ra-facette-nb\"><\/span><span class=\"dashicons dashicons-arrow-down-alt2\" aria-hidden=\"true\"><\/span><\/button>\n\t\t\t\t\t\t<div class=\"ra-facette-panel\">\n\t\t\t\t\t\t\t\t\t\t\t\t\t\t\t<label class=\"ra-facette-option\"><input type=\"checkbox\" value=\"france\" \/> Francia <span class=\"ra-facette-compte\"><\/span><\/label>\n\t\t\t\t\t\t\t\t\t\t\t\t\t\t\t<label class=\"ra-facette-option\"><input type=\"checkbox\" value=\"suisse\" \/> Svizzera <span class=\"ra-facette-compte\"><\/span><\/label>\n\t\t\t\t\t\t\t\t\t\t\t\t\t<\/div>\n\t\t\t\t\t<\/div>\n\t\t\t\t\t\t\t\t\t<div class=\"ra-facette ra-facette-dd\" data-facette=\"perso-typedesortie\">\n\t\t\t\t\t\t<button type=\"button\" class=\"ra-facette-btn\"><span class=\"ra-facette-lbl\">Tipo di uscita<\/span><span class=\"ra-facette-nb\"><\/span><span class=\"dashicons dashicons-arrow-down-alt2\" aria-hidden=\"true\"><\/span><\/button>\n\t\t\t\t\t\t<div class=\"ra-facette-panel\">\n\t\t\t\t\t\t\t\t\t\t\t\t\t\t\t<label class=\"ra-facette-option\"><input type=\"checkbox\" value=\"camp\" \/> Campo <span class=\"ra-facette-compte\"><\/span><\/label>\n\t\t\t\t\t\t\t\t\t\t\t\t\t\t\t<label class=\"ra-facette-option\"><input type=\"checkbox\" value=\"coaching\" \/> Coaching <span class=\"ra-facette-compte\"><\/span><\/label>\n\t\t\t\t\t\t\t\t\t\t\t\t\t\t\t<label class=\"ra-facette-option\"><input type=\"checkbox\" value=\"sejours\" \/> Soggiorni <span class=\"ra-facette-compte\"><\/span><\/label>\n\t\t\t\t\t\t\t\t\t\t\t\t\t\t\t<label class=\"ra-facette-option\"><input type=\"checkbox\" value=\"social-ride\" \/> Social Ride <span class=\"ra-facette-compte\"><\/span><\/label>\n\t\t\t\t\t\t\t\t\t\t\t\t\t\t\t<label class=\"ra-facette-option\"><input type=\"checkbox\" value=\"sortie-guidee\" \/> Visita guidata <span class=\"ra-facette-compte\"><\/span><\/label>\n\t\t\t\t\t\t\t\t\t\t\t\t\t\t\t<label class=\"ra-facette-option\"><input type=\"checkbox\" value=\"trail\" \/> Trail <span class=\"ra-facette-compte\"><\/span><\/label>\n\t\t\t\t\t\t\t\t\t\t\t\t\t<\/div>\n\t\t\t\t\t<\/div>\n\t\t\t\t\t\t\t<\/div>\n\t\t\n\t\t\t\t<div class=\"ra-liste-activites\" >\n\t\t\t\t\t\t\t\t\t\t\t<div class=\"ra-carte-activite\"\n\t\t\t\t\tdata-qv-type=\"activite\"\n\t\t\t\t\tdata-qv-id=\"60156\"\n\t\t\t\t\tdata-categorie=\"velo vtt-electrique\"\n\t\t\t\t\tdata-niveau=\"\"\n\t\t\t\t\tdata-age-min=\"\"\n\t\t\t\t\tdata-duree=\"\"\n\t\t\t\t\t\t\t\t\t\t\t\t\t\t\t\tdata-perso-saison=\"\"\n\t\t\t\t\t\t\t\t\t\t\tdata-perso-pays=\"\"\n\t\t\t\t\t\t\t\t\t\t\tdata-perso-typedesortie=\"\"\n\t\t\t\t\t\t\t\t\t>\n\t\t\t\t\t\t\t\t\t\t\t\t\t\t\t\t\t\t\t\t<h3><a href=\"https:\/\/www.tracea.ch\/it\/activites\/vtt-electrique-sur-neige\/\">VTT \u00e9lectrique sur neige<\/a><\/h3>\n\t\t\t\t\t\t\t\t\t\t\t\t\t\t\t<p>Rouler en VTT l\u00e0 o\u00f9 l&#039;on marche habituellement en raquettes&nbsp;: c&#039;est l&#039;exp\u00e9rience que propose cette sortie hivernale au d\u00e9part de Saint-Cergue. Des VTT \u00e9lectriques \u00e9quip\u00e9s&hellip;<\/p>\n\t\t\t\t\t\t\t\t\t\t\t\t\t\t\t\t\t\t\t\t\t<p class=\"ra-prix ra-prix--gratuit\">Gratuit<\/p>\n\t\t\t\t\t\t\t\t\t\t<a class=\"ra-bouton\" href=\"https:\/\/www.tracea.ch\/it\/activites\/vtt-electrique-sur-neige\/\"><span class=\"dashicons dashicons-calendar-alt\" aria-hidden=\"true\"><\/span>R\u00e9server<\/a>\n\t\t\t\t<\/div>\n\t\t\t\t\t\t\t\t\t\t\t<div class=\"ra-carte-activite\"\n\t\t\t\t\tdata-qv-type=\"activite\"\n\t\t\t\t\tdata-qv-id=\"60154\"\n\t\t\t\t\tdata-categorie=\"nordique\"\n\t\t\t\t\tdata-niveau=\"\"\n\t\t\t\t\tdata-age-min=\"\"\n\t\t\t\t\tdata-duree=\"\"\n\t\t\t\t\t\t\t\t\t\t\t\t\t\t\t\tdata-perso-saison=\"\"\n\t\t\t\t\t\t\t\t\t\t\tdata-perso-pays=\"\"\n\t\t\t\t\t\t\t\t\t\t\tdata-perso-typedesortie=\"\"\n\t\t\t\t\t\t\t\t\t>\n\t\t\t\t\t\t\t\t\t\t\t\t\t\t\t\t\t\t\t\t<h3><a href=\"https:\/\/www.tracea.ch\/it\/activites\/stage-ski-de-fond-enfants\/\">Stage de ski de fond pour enfants<\/a><\/h3>\n\t\t\t\t\t\t\t\t\t\t\t\t\t\t\t<p>Un stage pour faire d\u00e9couvrir le ski de fond aux 7 \u00e0 12 ans, sur les pistes de Saint-Cergue et de la Givrine, dans une&hellip;<\/p>\n\t\t\t\t\t\t\t\t\t\t\t\t\t\t\t\t\t\t\t\t\t<p class=\"ra-prix ra-prix--gratuit\">Gratuit<\/p>\n\t\t\t\t\t\t\t\t\t\t<a class=\"ra-bouton\" href=\"https:\/\/www.tracea.ch\/it\/activites\/stage-ski-de-fond-enfants\/\"><span class=\"dashicons dashicons-calendar-alt\" aria-hidden=\"true\"><\/span>R\u00e9server<\/a>\n\t\t\t\t<\/div>\n\t\t\t\t\t\t\t\t\t\t\t<div class=\"ra-carte-activite\"\n\t\t\t\t\tdata-qv-type=\"activite\"\n\t\t\t\t\tdata-qv-id=\"60153\"\n\t\t\t\t\tdata-categorie=\"velo vtt vtt-electrique\"\n\t\t\t\t\tdata-niveau=\"\"\n\t\t\t\t\tdata-age-min=\"\"\n\t\t\t\t\tdata-duree=\"\"\n\t\t\t\t\t\t\t\t\t\t\t\t\t\t\t\tdata-perso-saison=\"\"\n\t\t\t\t\t\t\t\t\t\t\tdata-perso-pays=\"\"\n\t\t\t\t\t\t\t\t\t\t\tdata-perso-typedesortie=\"\"\n\t\t\t\t\t\t\t\t\t>\n\t\t\t\t\t\t\t\t\t\t\t\t\t\t\t\t\t\t\t\t<h3><a href=\"https:\/\/www.tracea.ch\/it\/activites\/perfectionnement-vtt-electrique\/\">Perfectionnement VTT \u00e9lectrique<\/a><\/h3>\n\t\t\t\t\t\t\t\t\t\t\t\t\t\t\t<p>Le VTT \u00e9lectrique ne dispense pas de savoir piloter \u2014 il demande m\u00eame quelques r\u00e9flexes qui lui sont propres. Plus lourd, plus rapide en mont\u00e9e,&hellip;<\/p>\n\t\t\t\t\t\t\t\t\t\t\t\t\t\t\t\t\t\t\t\t\t<p class=\"ra-prix ra-prix--gratuit\">Gratuit<\/p>\n\t\t\t\t\t\t\t\t\t\t<a class=\"ra-bouton\" href=\"https:\/\/www.tracea.ch\/it\/activites\/perfectionnement-vtt-electrique\/\"><span class=\"dashicons dashicons-calendar-alt\" aria-hidden=\"true\"><\/span>R\u00e9server<\/a>\n\t\t\t\t<\/div>\n\t\t\t\t\t\t\t\t\t\t\t<div class=\"ra-carte-activite\"\n\t\t\t\t\tdata-qv-type=\"activite\"\n\t\t\t\t\tdata-qv-id=\"60152\"\n\t\t\t\t\tdata-categorie=\"nordique\"\n\t\t\t\t\tdata-niveau=\"\"\n\t\t\t\t\tdata-age-min=\"\"\n\t\t\t\t\tdata-duree=\"\"\n\t\t\t\t\t\t\t\t\t\t\t\t\t\t\t\tdata-perso-saison=\"\"\n\t\t\t\t\t\t\t\t\t\t\tdata-perso-pays=\"\"\n\t\t\t\t\t\t\t\t\t\t\tdata-perso-typedesortie=\"\"\n\t\t\t\t\t\t\t\t\t>\n\t\t\t\t\t\t\t\t\t\t\t\t\t\t\t\t\t\t\t\t<h3><a href=\"https:\/\/www.tracea.ch\/it\/activites\/cours-ski-de-fond\/\">Cours de ski de fond<\/a><\/h3>\n\t\t\t\t\t\t\t\t\t\t\t\t\t\t\t<p>Le plateau de Saint-Cergue et les pistes de la Givrine forment l&#039;un des plus beaux domaines nordiques du Jura vaudois. Nos cours de ski de&hellip;<\/p>\n\t\t\t\t\t\t\t\t\t\t\t\t\t\t\t\t\t\t\t\t\t<p class=\"ra-prix ra-prix--gratuit\">Gratuit<\/p>\n\t\t\t\t\t\t\t\t\t\t<a class=\"ra-bouton\" href=\"https:\/\/www.tracea.ch\/it\/activites\/cours-ski-de-fond\/\"><span class=\"dashicons dashicons-calendar-alt\" aria-hidden=\"true\"><\/span>R\u00e9server<\/a>\n\t\t\t\t<\/div>\n\t\t\t\t\t\t\t\t\t\t\t<div class=\"ra-carte-activite\"\n\t\t\t\t\tdata-qv-type=\"activite\"\n\t\t\t\t\tdata-qv-id=\"60150\"\n\t\t\t\t\tdata-categorie=\"velo vtt\"\n\t\t\t\t\tdata-niveau=\"\"\n\t\t\t\t\tdata-age-min=\"\"\n\t\t\t\t\tdata-duree=\"\"\n\t\t\t\t\t\t\t\t\t\t\t\t\t\t\t\tdata-perso-saison=\"\"\n\t\t\t\t\t\t\t\t\t\t\tdata-perso-pays=\"\"\n\t\t\t\t\t\t\t\t\t\t\tdata-perso-typedesortie=\"\"\n\t\t\t\t\t\t\t\t\t>\n\t\t\t\t\t\t\t\t\t\t\t\t\t\t\t\t\t\t\t\t<h3><a href=\"https:\/\/www.tracea.ch\/it\/activites\/camps-vtt\/\">Camps VTT<\/a><\/h3>\n\t\t\t\t\t\t\t\t\t\t\t\t\t\t\t<p>Un camp VTT, ce n&#039;est pas une succession de sorties. C&#039;est le temps qu&#039;il faut pour qu&#039;une technique s&#039;installe&nbsp;: on travaille un geste le matin,&hellip;<\/p>\n\t\t\t\t\t\t\t\t\t\t\t\t\t\t\t\t\t\t\t\t\t<p class=\"ra-prix ra-prix--gratuit\">Gratuit<\/p>\n\t\t\t\t\t\t\t\t\t\t<a class=\"ra-bouton\" href=\"https:\/\/www.tracea.ch\/it\/activites\/camps-vtt\/\"><span class=\"dashicons dashicons-calendar-alt\" aria-hidden=\"true\"><\/span>R\u00e9server<\/a>\n\t\t\t\t<\/div>\n\t\t\t\t\t\t\t\t\t\t\t<div class=\"ra-carte-activite\"\n\t\t\t\t\tdata-qv-type=\"activite\"\n\t\t\t\t\tdata-qv-id=\"60151\"\n\t\t\t\t\tdata-categorie=\"velo vtt\"\n\t\t\t\t\tdata-niveau=\"\"\n\t\t\t\t\tdata-age-min=\"\"\n\t\t\t\t\tdata-duree=\"\"\n\t\t\t\t\t\t\t\t\t\t\t\t\t\t\t\tdata-perso-saison=\"\"\n\t\t\t\t\t\t\t\t\t\t\tdata-perso-pays=\"\"\n\t\t\t\t\t\t\t\t\t\t\tdata-perso-typedesortie=\"\"\n\t\t\t\t\t\t\t\t\t>\n\t\t\t\t\t\t\t\t\t\t\t\t\t\t\t\t\t\t\t\t<h3><a href=\"https:\/\/www.tracea.ch\/it\/activites\/camps-vtt-enfants\/\">Camps VTT pour enfants<\/a><\/h3>\n\t\t\t\t\t\t\t\t\t\t\t\t\t\t\t<p>Nos camps VTT pour enfants font d\u00e9couvrir le v\u00e9lo de montagne aux 7 \u00e0 15 ans, dans le Jura vaudois, avec un encadrement adapt\u00e9 \u00e0&hellip;<\/p>\n\t\t\t\t\t\t\t\t\t\t\t\t\t\t\t\t\t\t\t\t\t<p class=\"ra-prix ra-prix--gratuit\">Gratuit<\/p>\n\t\t\t\t\t\t\t\t\t\t<a class=\"ra-bouton\" href=\"https:\/\/www.tracea.ch\/it\/activites\/camps-vtt-enfants\/\"><span class=\"dashicons dashicons-calendar-alt\" aria-hidden=\"true\"><\/span>R\u00e9server<\/a>\n\t\t\t\t<\/div>\n\t\t\t\t\t\t\t\t\t\t\t<div class=\"ra-carte-activite\"\n\t\t\t\t\tdata-qv-type=\"activite\"\n\t\t\t\t\tdata-qv-id=\"60073\"\n\t\t\t\t\tdata-categorie=\"gravel velo\"\n\t\t\t\t\tdata-niveau=\"bleu rouge\"\n\t\t\t\t\tdata-age-min=\"16\"\n\t\t\t\t\tdata-duree=\"courte\"\n\t\t\t\t\tdata-evenement=\"1\" data-event-date=\"2026-09-18\"\t\t\t\t\t\t\t\t\t\t\tdata-perso-saison=\"automne ete printemps\"\n\t\t\t\t\t\t\t\t\t\t\tdata-perso-pays=\"france\"\n\t\t\t\t\t\t\t\t\t\t\tdata-perso-typedesortie=\"social-ride\"\n\t\t\t\t\t\t\t\t\t>\n\t\t\t\t\t\t\t\t\t\t\t<a href=\"https:\/\/www.tracea.ch\/it\/activites\/social-ride-gravel\/\"><img fetchpriority=\"high\" decoding=\"async\" width=\"800\" height=\"534\" src=\"https:\/\/www.tracea.ch\/wp-content\/uploads\/2026\/08\/DSC02412-1024x683.jpg\" class=\"attachment-large size-large wp-post-image\" alt=\"\" sizes=\"(max-width: 420px) 92vw, (max-width: 820px) 46vw, (max-width: 1100px) 31vw, 300px\" srcset=\"https:\/\/www.tracea.ch\/wp-content\/uploads\/2026\/08\/DSC02412-1024x683.jpg 1024w, https:\/\/www.tracea.ch\/wp-content\/uploads\/2026\/08\/DSC02412-300x200.jpg 300w, https:\/\/www.tracea.ch\/wp-content\/uploads\/2026\/08\/DSC02412-768x512.jpg 768w, https:\/\/www.tracea.ch\/wp-content\/uploads\/2026\/08\/DSC02412-1536x1024.jpg 1536w, https:\/\/www.tracea.ch\/wp-content\/uploads\/2026\/08\/DSC02412-2048x1365.jpg 2048w, https:\/\/www.tracea.ch\/wp-content\/uploads\/2026\/08\/DSC02412-18x12.jpg 18w, https:\/\/www.tracea.ch\/wp-content\/uploads\/2026\/08\/DSC02412-600x400.jpg 600w\" \/><\/a>\n\t\t\t\t\t\t\t\t\t\t\t\t\t\t\t\t\t\t\t\t\t<div class=\"ra-carte-niveaux\">\n\t\t\t\t\t\t\t\t\t\t\t\t\t\t\t<span class=\"ra-badge-niveau ra-badge-multi\" style=\"background-color: #f7c948;\">\u00c0 plusieurs niveaux<\/span>\n\t\t\t\t\t\t\t\t\t\t\t\t\t<\/div>\n\t\t\t\t\t\t\t\t\t\t<h3><a href=\"https:\/\/www.tracea.ch\/it\/activites\/social-ride-gravel\/\">Social Ride \u2013 Gravel<\/a><\/h3>\n\t\t\t\t\t\t\t\t\t\t\t\t\t\t\t\t<p class=\"ra-slogan\">Solo gravel, divertimento e amici!<\/p>\n\t\t\t\t\t\t\t\t\t\t<p>Per dare il via alla stagione gravel, Tracea vi propone il suo primissimo Social Ride Gravel! Social Ride Gravel \u2013 Saint-Cergue Che siate principianti o\u2026<\/p>\n\t\t\t\t\t\t\t\t\t\t\t<p class=\"ra-age-minimum\">D\u00e8s 16 ans<\/p>\n\t\t\t\t\t\t\t\t\t\t\t\t\t\t\t\t\t\t\t\t\t<p class=\"ra-prix ra-prix--gratuit\">Gratuit<\/p>\n\t\t\t\t\t\t\t\t\t\t<a class=\"ra-bouton\" href=\"https:\/\/www.tracea.ch\/it\/activites\/social-ride-gravel\/\"><span class=\"dashicons dashicons-calendar-alt\" aria-hidden=\"true\"><\/span>R\u00e9server<\/a>\n\t\t\t\t<\/div>\n\t\t\t\t\t\t\t\t\t\t\t<div class=\"ra-carte-activite\"\n\t\t\t\t\tdata-qv-type=\"activite\"\n\t\t\t\t\tdata-qv-id=\"59989\"\n\t\t\t\t\tdata-categorie=\"trail\"\n\t\t\t\t\tdata-niveau=\"vert bleu rouge\"\n\t\t\t\t\tdata-age-min=\"18\"\n\t\t\t\t\tdata-duree=\"courte\"\n\t\t\t\t\tdata-evenement=\"1\" data-event-date=\"2026-09-10\"\t\t\t\t\t\t\t\t\t\t\tdata-perso-saison=\"automne\"\n\t\t\t\t\t\t\t\t\t\t\tdata-perso-pays=\"suisse\"\n\t\t\t\t\t\t\t\t\t\t\tdata-perso-typedesortie=\"trail\"\n\t\t\t\t\t\t\t\t\t>\n\t\t\t\t\t\t\t\t\t\t\t<a href=\"https:\/\/www.tracea.ch\/it\/activites\/stage-trail-preparation-racetafari\/\"><img decoding=\"async\" width=\"699\" height=\"504\" src=\"https:\/\/www.tracea.ch\/wp-content\/uploads\/2026\/08\/Lorick-LG-Trail.jpg\" class=\"attachment-large size-large wp-post-image\" alt=\"\" sizes=\"(max-width: 420px) 92vw, (max-width: 820px) 46vw, (max-width: 1100px) 31vw, 300px\" srcset=\"https:\/\/www.tracea.ch\/wp-content\/uploads\/2026\/08\/Lorick-LG-Trail.jpg 699w, https:\/\/www.tracea.ch\/wp-content\/uploads\/2026\/08\/Lorick-LG-Trail-300x216.jpg 300w, https:\/\/www.tracea.ch\/wp-content\/uploads\/2026\/08\/Lorick-LG-Trail-18x12.jpg 18w, https:\/\/www.tracea.ch\/wp-content\/uploads\/2026\/08\/Lorick-LG-Trail-600x433.jpg 600w\" \/><\/a>\n\t\t\t\t\t\t\t\t\t\t\t\t\t\t\t\t\t\t\t\t\t<div class=\"ra-carte-niveaux\">\n\t\t\t\t\t\t\t\t\t\t\t\t\t\t\t<span class=\"ra-badge-niveau ra-badge-multi\" style=\"background-color: #f7c948;\">\u00c0 plusieurs niveaux<\/span>\n\t\t\t\t\t\t\t\t\t\t\t\t\t<\/div>\n\t\t\t\t\t\t\t\t\t\t<h3><a href=\"https:\/\/www.tracea.ch\/it\/activites\/stage-trail-preparation-racetafari\/\">Stage di trail running - Preparazione al Racetafari<\/a><\/h3>\n\t\t\t\t\t\t\t\t\t\t\t\t\t\t\t\t<p class=\"ra-slogan\">La vostra preparazione alla RACETAFARI<\/p>\n\t\t\t\t\t\t\t\t\t\t<p>Lasciatevi coinvolgere da emozionanti uscite di trail \u00abafter-work\u00bb nel cuore del Giura svizzero, guidate da Lorick Buclin, giovane trail runner pluripremiato nelle gare di breve distanza. Durante 3 sessioni gratuite\u2026<\/p>\n\t\t\t\t\t\t\t\t\t\t\t<p class=\"ra-age-minimum\">D\u00e8s 18 ans<\/p>\n\t\t\t\t\t\t\t\t\t\t\t\t\t\t\t\t\t\t\t\t\t<p class=\"ra-prix ra-prix--gratuit\">Gratuit<\/p>\n\t\t\t\t\t\t\t\t\t\t<a class=\"ra-bouton\" href=\"https:\/\/www.tracea.ch\/it\/activites\/stage-trail-preparation-racetafari\/\"><span class=\"dashicons dashicons-calendar-alt\" aria-hidden=\"true\"><\/span>R\u00e9server<\/a>\n\t\t\t\t<\/div>\n\t\t\t\t\t\t\t\t\t\t\t<div class=\"ra-carte-activite\"\n\t\t\t\t\tdata-qv-type=\"activite\"\n\t\t\t\t\tdata-qv-id=\"1012\"\n\t\t\t\t\tdata-categorie=\"velo\"\n\t\t\t\t\tdata-niveau=\"vert bleu rouge\"\n\t\t\t\t\tdata-age-min=\"11\"\n\t\t\t\t\tdata-duree=\"\"\n\t\t\t\t\t\t\t\t\t\t\t\t\t\t\t\tdata-perso-saison=\"\"\n\t\t\t\t\t\t\t\t\t\t\tdata-perso-pays=\"\"\n\t\t\t\t\t\t\t\t\t\t\tdata-perso-typedesortie=\"\"\n\t\t\t\t\t\t\t\t\t>\n\t\t\t\t\t\t\t\t\t\t\t<a href=\"https:\/\/www.tracea.ch\/it\/activites\/camp-vtt-juillet-2027-11-a-15-ans-saint-cergue\/\"><img decoding=\"async\" width=\"800\" height=\"420\" src=\"https:\/\/www.tracea.ch\/wp-content\/uploads\/2026\/08\/1-1-1-1024x537.jpg\" class=\"attachment-large size-large wp-post-image\" alt=\"Camp VTT juillet 2026 \u2013 11 \u00e0 15 ans \u2013 Saint-Cergue\" sizes=\"(max-width: 420px) 92vw, (max-width: 820px) 46vw, (max-width: 1100px) 31vw, 300px\" srcset=\"https:\/\/www.tracea.ch\/wp-content\/uploads\/2026\/08\/1-1-1-1024x537.jpg 1024w, https:\/\/www.tracea.ch\/wp-content\/uploads\/2026\/08\/1-1-1-300x157.jpg 300w, https:\/\/www.tracea.ch\/wp-content\/uploads\/2026\/08\/1-1-1-768x402.jpg 768w, https:\/\/www.tracea.ch\/wp-content\/uploads\/2026\/08\/1-1-1-600x314.jpg 600w, https:\/\/www.tracea.ch\/wp-content\/uploads\/2026\/08\/1-1-1-760x398.jpg 760w, https:\/\/www.tracea.ch\/wp-content\/uploads\/2026\/08\/1-1-1-370x194.jpg 370w, https:\/\/www.tracea.ch\/wp-content\/uploads\/2026\/08\/1-1-1.jpg 1080w\" \/><\/a>\n\t\t\t\t\t\t\t\t\t\t\t\t\t\t\t\t\t\t\t\t\t<div class=\"ra-carte-niveaux\">\n\t\t\t\t\t\t\t\t\t\t\t\t\t\t\t<span class=\"ra-badge-niveau ra-badge-multi\" style=\"background-color: #f7c948;\">\u00c0 plusieurs niveaux<\/span>\n\t\t\t\t\t\t\t\t\t\t\t\t\t<\/div>\n\t\t\t\t\t\t\t\t\t\t<h3><a href=\"https:\/\/www.tracea.ch\/it\/activites\/camp-vtt-juillet-2027-11-a-15-ans-saint-cergue\/\">Campo di mountain bike luglio 2027 \u2013 Dai 11 ai 15 anni \u2013 Saint-Cergue<\/a><\/h3>\n\t\t\t\t\t\t\t\t\t\t\t\t\t\t\t\t<p class=\"ra-slogan\">Campi di mountain bike di 5 giorni nel cuore del Giura vodese<\/p>\n\t\t\t\t\t\t\t\t\t\t<p>Una settimana di mountain bike per ragazzi dagli 11 ai 15 anni a Saint-Cergue, nel cuore del Giura vodese. Cinque giorni per migliorare, divertirsi e pedalare in\u2026<\/p>\n\t\t\t\t\t\t\t\t\t\t\t<p class=\"ra-age-minimum\">D\u00e8s 11 ans<\/p>\n\t\t\t\t\t\t\t\t\t\t\t\t\t\t\t\t\t\t\t\t\t<p class=\"ra-prix\">450.00 CHF \/ personne<\/p>\n\t\t\t\t\t\t\t\t\t\t<a class=\"ra-bouton\" href=\"https:\/\/www.tracea.ch\/it\/activites\/camp-vtt-juillet-2027-11-a-15-ans-saint-cergue\/\"><span class=\"dashicons dashicons-calendar-alt\" aria-hidden=\"true\"><\/span>R\u00e9server<\/a>\n\t\t\t\t<\/div>\n\t\t\t\t\t\t\t\t\t\t\t<div class=\"ra-carte-activite\"\n\t\t\t\t\tdata-qv-type=\"activite\"\n\t\t\t\t\tdata-qv-id=\"1011\"\n\t\t\t\t\tdata-categorie=\"velo\"\n\t\t\t\t\tdata-niveau=\"vert bleu rouge\"\n\t\t\t\t\tdata-age-min=\"7\"\n\t\t\t\t\tdata-duree=\"\"\n\t\t\t\t\t\t\t\t\t\t\t\t\t\t\t\tdata-perso-saison=\"ete\"\n\t\t\t\t\t\t\t\t\t\t\tdata-perso-pays=\"\"\n\t\t\t\t\t\t\t\t\t\t\tdata-perso-typedesortie=\"\"\n\t\t\t\t\t\t\t\t\t>\n\t\t\t\t\t\t\t\t\t\t\t<a href=\"https:\/\/www.tracea.ch\/it\/activites\/camps-vtt-juillet-2027-7-a-10-ans\/\"><img loading=\"lazy\" decoding=\"async\" width=\"800\" height=\"451\" src=\"https:\/\/www.tracea.ch\/wp-content\/uploads\/2026\/08\/Camp-VTT-enfants-18-1-1024x577.jpg\" class=\"attachment-large size-large wp-post-image\" alt=\"Camps VTT juillet 2026 \u2013 7 \u00e0 10 ans\" sizes=\"(max-width: 420px) 92vw, (max-width: 820px) 46vw, (max-width: 1100px) 31vw, 300px\" srcset=\"https:\/\/www.tracea.ch\/wp-content\/uploads\/2026\/08\/Camp-VTT-enfants-18-1-1024x577.jpg 1024w, https:\/\/www.tracea.ch\/wp-content\/uploads\/2026\/08\/Camp-VTT-enfants-18-1-300x169.jpg 300w, https:\/\/www.tracea.ch\/wp-content\/uploads\/2026\/08\/Camp-VTT-enfants-18-1-768x432.jpg 768w, https:\/\/www.tracea.ch\/wp-content\/uploads\/2026\/08\/Camp-VTT-enfants-18-1-1536x865.jpg 1536w, https:\/\/www.tracea.ch\/wp-content\/uploads\/2026\/08\/Camp-VTT-enfants-18-1-600x338.jpg 600w, https:\/\/www.tracea.ch\/wp-content\/uploads\/2026\/08\/Camp-VTT-enfants-18-1-1170x658.jpg 1170w, https:\/\/www.tracea.ch\/wp-content\/uploads\/2026\/08\/Camp-VTT-enfants-18-1-760x428.jpg 760w, https:\/\/www.tracea.ch\/wp-content\/uploads\/2026\/08\/Camp-VTT-enfants-18-1-370x208.jpg 370w, https:\/\/www.tracea.ch\/wp-content\/uploads\/2026\/08\/Camp-VTT-enfants-18-1-270x152.jpg 270w, https:\/\/www.tracea.ch\/wp-content\/uploads\/2026\/08\/Camp-VTT-enfants-18-1.jpg 1920w\" \/><\/a>\n\t\t\t\t\t\t\t\t\t\t\t\t\t\t\t\t\t\t\t\t\t<div class=\"ra-carte-niveaux\">\n\t\t\t\t\t\t\t\t\t\t\t\t\t\t\t<span class=\"ra-badge-niveau ra-badge-multi\" style=\"background-color: #f7c948;\">\u00c0 plusieurs niveaux<\/span>\n\t\t\t\t\t\t\t\t\t\t\t\t\t<\/div>\n\t\t\t\t\t\t\t\t\t\t<h3><a href=\"https:\/\/www.tracea.ch\/it\/activites\/camps-vtt-juillet-2027-7-a-10-ans\/\">Campi di mountain bike luglio 2027 \u2013 dai 7 ai 10 anni<\/a><\/h3>\n\t\t\t\t\t\t\t\t\t\t\t\t\t\t\t\t<p class=\"ra-slogan\">Campi di mountain bike di 5 giorni nel cuore del Giura vodese<\/p>\n\t\t\t\t\t\t\t\t\t\t<p>Cinque giorni di avventura in mountain bike per bambini dai 7 ai 10 anni, nel cuore del Giura vodese! Per una settimana, i bambini imparano a pedalare\u2026<\/p>\n\t\t\t\t\t\t\t\t\t\t\t<p class=\"ra-age-minimum\">D\u00e8s 7 ans<\/p>\n\t\t\t\t\t\t\t\t\t\t\t\t\t\t\t\t\t\t\t\t\t<p class=\"ra-prix\">550.00 CHF \/ personne<\/p>\n\t\t\t\t\t\t\t\t\t\t<a class=\"ra-bouton\" href=\"https:\/\/www.tracea.ch\/it\/activites\/camps-vtt-juillet-2027-7-a-10-ans\/\"><span class=\"dashicons dashicons-calendar-alt\" aria-hidden=\"true\"><\/span>R\u00e9server<\/a>\n\t\t\t\t<\/div>\n\t\t\t\t\t\t\t\t\t\t\t<div class=\"ra-carte-activite\"\n\t\t\t\t\tdata-qv-type=\"activite\"\n\t\t\t\t\tdata-qv-id=\"1010\"\n\t\t\t\t\tdata-categorie=\"velo vtt\"\n\t\t\t\t\tdata-niveau=\"vert\"\n\t\t\t\t\tdata-age-min=\"5\"\n\t\t\t\t\tdata-duree=\"courte\"\n\t\t\t\t\tdata-evenement=\"1\" data-event-date=\"2026-09-02\"\t\t\t\t\t\t\t\t\t\t\tdata-perso-saison=\"\"\n\t\t\t\t\t\t\t\t\t\t\tdata-perso-pays=\"\"\n\t\t\t\t\t\t\t\t\t\t\tdata-perso-typedesortie=\"\"\n\t\t\t\t\t\t\t\t\t>\n\t\t\t\t\t\t\t\t\t\t\t<a href=\"https:\/\/www.tracea.ch\/it\/activites\/ecole-de-vtt-5-a-15-ans\/\"><img loading=\"lazy\" decoding=\"async\" width=\"800\" height=\"451\" src=\"https:\/\/www.tracea.ch\/wp-content\/uploads\/2026\/08\/Camp-VTT-enfants-46-1-1024x577.jpg\" class=\"attachment-large size-large wp-post-image\" alt=\"Scuola di mountain bike \u2013 dai 5 ai 15 anni\" sizes=\"(max-width: 420px) 92vw, (max-width: 820px) 46vw, (max-width: 1100px) 31vw, 300px\" srcset=\"https:\/\/www.tracea.ch\/wp-content\/uploads\/2026\/08\/Camp-VTT-enfants-46-1-1024x577.jpg 1024w, https:\/\/www.tracea.ch\/wp-content\/uploads\/2026\/08\/Camp-VTT-enfants-46-1-300x169.jpg 300w, https:\/\/www.tracea.ch\/wp-content\/uploads\/2026\/08\/Camp-VTT-enfants-46-1-768x432.jpg 768w, https:\/\/www.tracea.ch\/wp-content\/uploads\/2026\/08\/Camp-VTT-enfants-46-1-1536x865.jpg 1536w, https:\/\/www.tracea.ch\/wp-content\/uploads\/2026\/08\/Camp-VTT-enfants-46-1-600x338.jpg 600w, https:\/\/www.tracea.ch\/wp-content\/uploads\/2026\/08\/Camp-VTT-enfants-46-1-1170x658.jpg 1170w, https:\/\/www.tracea.ch\/wp-content\/uploads\/2026\/08\/Camp-VTT-enfants-46-1-760x428.jpg 760w, https:\/\/www.tracea.ch\/wp-content\/uploads\/2026\/08\/Camp-VTT-enfants-46-1-370x208.jpg 370w, https:\/\/www.tracea.ch\/wp-content\/uploads\/2026\/08\/Camp-VTT-enfants-46-1-270x152.jpg 270w, https:\/\/www.tracea.ch\/wp-content\/uploads\/2026\/08\/Camp-VTT-enfants-46-1.jpg 1920w\" \/><\/a>\n\t\t\t\t\t\t\t\t\t\t\t\t\t\t\t\t\t\t\t\t\t<div class=\"ra-carte-niveaux\">\n\t\t\t\t\t\t\t\t\t\t\t\t\t\t\t<span class=\"ra-badge-niveau\" style=\"background-color: #2ecc71;\">Vert<\/span>\n\t\t\t\t\t\t\t\t\t\t\t\t\t<\/div>\n\t\t\t\t\t\t\t\t\t\t<h3><a href=\"https:\/\/www.tracea.ch\/it\/activites\/ecole-de-vtt-5-a-15-ans\/\">Scuola di mountain bike \u2013 dai 5 ai 15 anni<\/a><\/h3>\n\t\t\t\t\t\t\t\t\t\t\t\t\t\t\t\t<p class=\"ra-slogan\">Scuola di mountain bike per ragazzi dai 5 ai 15 anni<\/p>\n\t\t\t\t\t\t\t\t\t\t<p>Cercate corsi di mountain bike per bambini nel Cantone di Vaud? A Saint-Cergue, la scuola di mountain bike Tracea accoglie i bambini dai 5 anni\u2026<\/p>\n\t\t\t\t\t\t\t\t\t\t\t<p class=\"ra-age-minimum\">D\u00e8s 5 ans<\/p>\n\t\t\t\t\t\t\t\t\t\t\t\t\t\t\t\t\t\t\t\t\t<p class=\"ra-prix ra-prix--gratuit\">Gratuit<\/p>\n\t\t\t\t\t\t\t\t\t\t<a class=\"ra-bouton\" href=\"https:\/\/www.tracea.ch\/it\/activites\/ecole-de-vtt-5-a-15-ans\/\"><span class=\"dashicons dashicons-calendar-alt\" aria-hidden=\"true\"><\/span>R\u00e9server<\/a>\n\t\t\t\t<\/div>\n\t\t\t\t\t\t\t\t\t\t\t<div class=\"ra-carte-activite\"\n\t\t\t\t\tdata-qv-type=\"activite\"\n\t\t\t\t\tdata-qv-id=\"1009\"\n\t\t\t\t\tdata-categorie=\"velo vtt vtt-electrique\"\n\t\t\t\t\tdata-niveau=\"vert bleu rouge\"\n\t\t\t\t\tdata-age-min=\"16\"\n\t\t\t\t\tdata-duree=\"longue\"\n\t\t\t\t\tdata-evenement=\"1\" data-event-date=\"2026-10-10\"\t\t\t\t\t\t\t\t\t\t\tdata-perso-saison=\"automne\"\n\t\t\t\t\t\t\t\t\t\t\tdata-perso-pays=\"suisse\"\n\t\t\t\t\t\t\t\t\t\t\tdata-perso-typedesortie=\"coaching sortie-guidee\"\n\t\t\t\t\t\t\t\t\t>\n\t\t\t\t\t\t\t\t\t\t\t<a href=\"https:\/\/www.tracea.ch\/it\/activites\/journee-vtt-electrique-tcs-vaud\/\"><img loading=\"lazy\" decoding=\"async\" width=\"800\" height=\"800\" src=\"https:\/\/www.tracea.ch\/wp-content\/uploads\/2026\/08\/Perfectionnement-VTT-Electrique-1024x1024.webp\" class=\"attachment-large size-large wp-post-image\" alt=\"Giornata dedicata alle mountain bike elettriche \u2013 TCS Vaud\" sizes=\"(max-width: 420px) 92vw, (max-width: 820px) 46vw, (max-width: 1100px) 31vw, 300px\" srcset=\"https:\/\/www.tracea.ch\/wp-content\/uploads\/2026\/08\/Perfectionnement-VTT-Electrique-1024x1024.webp 1024w, https:\/\/www.tracea.ch\/wp-content\/uploads\/2026\/08\/Perfectionnement-VTT-Electrique-300x300.webp 300w, https:\/\/www.tracea.ch\/wp-content\/uploads\/2026\/08\/Perfectionnement-VTT-Electrique-150x150.webp 150w, https:\/\/www.tracea.ch\/wp-content\/uploads\/2026\/08\/Perfectionnement-VTT-Electrique-768x768.webp 768w, https:\/\/www.tracea.ch\/wp-content\/uploads\/2026\/08\/Perfectionnement-VTT-Electrique-600x600.webp 600w, https:\/\/www.tracea.ch\/wp-content\/uploads\/2026\/08\/Perfectionnement-VTT-Electrique-100x100.webp 100w, https:\/\/www.tracea.ch\/wp-content\/uploads\/2026\/08\/Perfectionnement-VTT-Electrique-460x460.webp 460w, https:\/\/www.tracea.ch\/wp-content\/uploads\/2026\/08\/Perfectionnement-VTT-Electrique-370x370.webp 370w, https:\/\/www.tracea.ch\/wp-content\/uploads\/2026\/08\/Perfectionnement-VTT-Electrique-75x75.webp 75w, https:\/\/www.tracea.ch\/wp-content\/uploads\/2026\/08\/Perfectionnement-VTT-Electrique-760x760.webp 760w, https:\/\/www.tracea.ch\/wp-content\/uploads\/2026\/08\/Perfectionnement-VTT-Electrique.webp 1440w\" \/><\/a>\n\t\t\t\t\t\t\t\t\t\t\t\t\t\t\t\t\t\t\t\t\t<div class=\"ra-carte-niveaux\">\n\t\t\t\t\t\t\t\t\t\t\t\t\t\t\t<span class=\"ra-badge-niveau ra-badge-multi\" style=\"background-color: #f7c948;\">\u00c0 plusieurs niveaux<\/span>\n\t\t\t\t\t\t\t\t\t\t\t\t\t<\/div>\n\t\t\t\t\t\t\t\t\t\t<h3><a href=\"https:\/\/www.tracea.ch\/it\/activites\/journee-vtt-electrique-tcs-vaud\/\">Giornata dedicata alle mountain bike elettriche \u2013 TCS Vaud<\/a><\/h3>\n\t\t\t\t\t\t\t\t\t\t\t\t\t\t\t\t<p class=\"ra-slogan\">Giornata di avvicinamento e perfezionamento alla mountain bike elettrica<\/p>\n\t\t\t\t\t\t\t\t\t\t<p>Un'intera giornata dedicata alla mountain bike elettrica, in collaborazione con il TCS Vaud, aperta a tutti \u2014 principianti ed esperti. Nel cuore del\u2026<\/p>\n\t\t\t\t\t\t\t\t\t\t\t<p class=\"ra-age-minimum\">D\u00e8s 16 ans<\/p>\n\t\t\t\t\t\t\t\t\t\t\t\t\t\t\t\t\t\t\t\t\t<p class=\"ra-prix\">100.00 CHF \/ personne<\/p>\n\t\t\t\t\t\t\t\t\t\t<a class=\"ra-bouton\" href=\"https:\/\/www.tracea.ch\/it\/activites\/journee-vtt-electrique-tcs-vaud\/\"><span class=\"dashicons dashicons-calendar-alt\" aria-hidden=\"true\"><\/span>R\u00e9server<\/a>\n\t\t\t\t<\/div>\n\t\t\t\t\t\t\t\t\t\t\t<div class=\"ra-carte-activite\"\n\t\t\t\t\tdata-qv-type=\"activite\"\n\t\t\t\t\tdata-qv-id=\"1008\"\n\t\t\t\t\tdata-categorie=\"velo vtt\"\n\t\t\t\t\tdata-niveau=\"vert\"\n\t\t\t\t\tdata-age-min=\"7\"\n\t\t\t\t\tdata-duree=\"courte\"\n\t\t\t\t\t\t\t\t\t\t\t\t\t\t\t\tdata-perso-saison=\"\"\n\t\t\t\t\t\t\t\t\t\t\tdata-perso-pays=\"\"\n\t\t\t\t\t\t\t\t\t\t\tdata-perso-typedesortie=\"\"\n\t\t\t\t\t\t\t\t\t>\n\t\t\t\t\t\t\t\t\t\t\t<a href=\"https:\/\/www.tracea.ch\/it\/activites\/biathlon-vtt-et-course-a-pieds\/\"><img loading=\"lazy\" decoding=\"async\" width=\"473\" height=\"1024\" src=\"https:\/\/www.tracea.ch\/wp-content\/uploads\/2026\/08\/Biathlon-VTT-1-473x1024.jpg\" class=\"attachment-large size-large wp-post-image\" alt=\"Biathlon in mountain bike e corsa a piedi\" sizes=\"(max-width: 420px) 92vw, (max-width: 820px) 46vw, (max-width: 1100px) 31vw, 300px\" srcset=\"https:\/\/www.tracea.ch\/wp-content\/uploads\/2026\/08\/Biathlon-VTT-1-473x1024.jpg 473w, https:\/\/www.tracea.ch\/wp-content\/uploads\/2026\/08\/Biathlon-VTT-1-139x300.jpg 139w, https:\/\/www.tracea.ch\/wp-content\/uploads\/2026\/08\/Biathlon-VTT-1-709x1536.jpg 709w, https:\/\/www.tracea.ch\/wp-content\/uploads\/2026\/08\/Biathlon-VTT-1-600x1299.jpg 600w, https:\/\/www.tracea.ch\/wp-content\/uploads\/2026\/08\/Biathlon-VTT-1-370x801.jpg 370w, https:\/\/www.tracea.ch\/wp-content\/uploads\/2026\/08\/Biathlon-VTT-1.jpg 739w\" \/><\/a>\n\t\t\t\t\t\t\t\t\t\t\t\t\t\t\t\t\t\t\t\t\t<div class=\"ra-carte-niveaux\">\n\t\t\t\t\t\t\t\t\t\t\t\t\t\t\t<span class=\"ra-badge-niveau\" style=\"background-color: #2ecc71;\">Vert<\/span>\n\t\t\t\t\t\t\t\t\t\t\t\t\t<\/div>\n\t\t\t\t\t\t\t\t\t\t<h3><a href=\"https:\/\/www.tracea.ch\/it\/activites\/biathlon-vtt-et-course-a-pieds\/\">Biathlon in mountain bike e corsa a piedi<\/a><\/h3>\n\t\t\t\t\t\t\t\t\t\t\t\t\t\t\t\t<p class=\"ra-slogan\">Iniziazione al biathlon estivo a Saint-Cergue<\/p>\n\t\t\t\t\t\t\t\t\t\t<p>Scoprite il biathlon estivo in un contesto naturale unico, nel cuore del Giura vodese! Adatto a partire dai 7 anni, il nostro corso introduttivo unisce lo sforzo della mountain bike\u2026<\/p>\n\t\t\t\t\t\t\t\t\t\t\t<p class=\"ra-age-minimum\">D\u00e8s 7 ans<\/p>\n\t\t\t\t\t\t\t\t\t\t\t\t\t\t\t\t\t\t\t\t\t<p class=\"ra-prix\">90.00 CHF \/ personne<\/p>\n\t\t\t\t\t\t\t\t\t\t<a class=\"ra-bouton\" href=\"https:\/\/www.tracea.ch\/it\/activites\/biathlon-vtt-et-course-a-pieds\/\"><span class=\"dashicons dashicons-calendar-alt\" aria-hidden=\"true\"><\/span>R\u00e9server<\/a>\n\t\t\t\t<\/div>\n\t\t\t\t\t\t\t\t\t\t\t<div class=\"ra-carte-activite\"\n\t\t\t\t\tdata-qv-type=\"activite\"\n\t\t\t\t\tdata-qv-id=\"1007\"\n\t\t\t\t\tdata-categorie=\"velo vtt vtt-electrique\"\n\t\t\t\t\tdata-niveau=\"vert\"\n\t\t\t\t\tdata-age-min=\"14\"\n\t\t\t\t\tdata-duree=\"courte\"\n\t\t\t\t\t\t\t\t\t\t\t\t\t\t\t\tdata-perso-saison=\"\"\n\t\t\t\t\t\t\t\t\t\t\tdata-perso-pays=\"\"\n\t\t\t\t\t\t\t\t\t\t\tdata-perso-typedesortie=\"\"\n\t\t\t\t\t\t\t\t\t>\n\t\t\t\t\t\t\t\t\t\t\t<a href=\"https:\/\/www.tracea.ch\/it\/activites\/sortie-pleine-lune-en-vtt-electrique\/\"><img loading=\"lazy\" decoding=\"async\" width=\"800\" height=\"420\" src=\"https:\/\/www.tracea.ch\/wp-content\/uploads\/2026\/08\/Sortie-VTT-Nocturne-Saint-Cergue-4-1024x537.jpg\" class=\"attachment-large size-large wp-post-image\" alt=\"Escursione in mountain bike elettrica sotto la luna piena\" sizes=\"(max-width: 420px) 92vw, (max-width: 820px) 46vw, (max-width: 1100px) 31vw, 300px\" srcset=\"https:\/\/www.tracea.ch\/wp-content\/uploads\/2026\/08\/Sortie-VTT-Nocturne-Saint-Cergue-4-1024x537.jpg 1024w, https:\/\/www.tracea.ch\/wp-content\/uploads\/2026\/08\/Sortie-VTT-Nocturne-Saint-Cergue-4-300x157.jpg 300w, https:\/\/www.tracea.ch\/wp-content\/uploads\/2026\/08\/Sortie-VTT-Nocturne-Saint-Cergue-4-768x402.jpg 768w, https:\/\/www.tracea.ch\/wp-content\/uploads\/2026\/08\/Sortie-VTT-Nocturne-Saint-Cergue-4-600x314.jpg 600w, https:\/\/www.tracea.ch\/wp-content\/uploads\/2026\/08\/Sortie-VTT-Nocturne-Saint-Cergue-4-760x398.jpg 760w, https:\/\/www.tracea.ch\/wp-content\/uploads\/2026\/08\/Sortie-VTT-Nocturne-Saint-Cergue-4-370x194.jpg 370w, https:\/\/www.tracea.ch\/wp-content\/uploads\/2026\/08\/Sortie-VTT-Nocturne-Saint-Cergue-4.jpg 1080w\" \/><\/a>\n\t\t\t\t\t\t\t\t\t\t\t\t\t\t\t\t\t\t\t\t\t<div class=\"ra-carte-niveaux\">\n\t\t\t\t\t\t\t\t\t\t\t\t\t\t\t<span class=\"ra-badge-niveau\" style=\"background-color: #2ecc71;\">Vert<\/span>\n\t\t\t\t\t\t\t\t\t\t\t\t\t<\/div>\n\t\t\t\t\t\t\t\t\t\t<h3><a href=\"https:\/\/www.tracea.ch\/it\/activites\/sortie-pleine-lune-en-vtt-electrique\/\">Escursione in mountain bike elettrica sotto la luna piena<\/a><\/h3>\n\t\t\t\t\t\t\t\t\t\t\t\t\t\t\t\t<p class=\"ra-slogan\">Scoprite la magia di un'escursione notturna in mountain bike elettrica al chiaro di luna a Saint-Cergue<\/p>\n\t\t\t\t\t\t\t\t\t\t<p>Scoprite il Giura vodese come non l\u2019avete mai visto: di notte, sotto lo splendore della luna piena. Questa escursione guidata in mountain bike elettrica\u2026<\/p>\n\t\t\t\t\t\t\t\t\t\t\t<p class=\"ra-age-minimum\">D\u00e8s 14 ans<\/p>\n\t\t\t\t\t\t\t\t\t\t\t\t\t\t\t\t\t\t\t\t\t<p class=\"ra-prix\">100.00 CHF \/ personne<\/p>\n\t\t\t\t\t\t\t\t\t\t<a class=\"ra-bouton\" href=\"https:\/\/www.tracea.ch\/it\/activites\/sortie-pleine-lune-en-vtt-electrique\/\"><span class=\"dashicons dashicons-calendar-alt\" aria-hidden=\"true\"><\/span>R\u00e9server<\/a>\n\t\t\t\t<\/div>\n\t\t\t\t\t\t\t\t\t\t\t<div class=\"ra-carte-activite\"\n\t\t\t\t\tdata-qv-type=\"activite\"\n\t\t\t\t\tdata-qv-id=\"1006\"\n\t\t\t\t\tdata-categorie=\"velo\"\n\t\t\t\t\tdata-niveau=\"\"\n\t\t\t\t\tdata-age-min=\"16\"\n\t\t\t\t\tdata-duree=\"longue\"\n\t\t\t\t\t\t\t\t\t\t\t\t\t\t\t\tdata-perso-saison=\"\"\n\t\t\t\t\t\t\t\t\t\t\tdata-perso-pays=\"\"\n\t\t\t\t\t\t\t\t\t\t\tdata-perso-typedesortie=\"\"\n\t\t\t\t\t\t\t\t\t>\n\t\t\t\t\t\t\t\t\t\t\t<a href=\"https:\/\/www.tracea.ch\/it\/activites\/journee-guidee-groupes-et-entreprises\/\"><img loading=\"lazy\" decoding=\"async\" width=\"800\" height=\"420\" src=\"https:\/\/www.tracea.ch\/wp-content\/uploads\/2026\/08\/Sortie-guidee-VTT-Electrique-2-1024x537.jpg\" class=\"attachment-large size-large wp-post-image\" alt=\"Visita guidata \u2013 Gruppi e aziende\" sizes=\"(max-width: 420px) 92vw, (max-width: 820px) 46vw, (max-width: 1100px) 31vw, 300px\" srcset=\"https:\/\/www.tracea.ch\/wp-content\/uploads\/2026\/08\/Sortie-guidee-VTT-Electrique-2-1024x537.jpg 1024w, https:\/\/www.tracea.ch\/wp-content\/uploads\/2026\/08\/Sortie-guidee-VTT-Electrique-2-300x157.jpg 300w, https:\/\/www.tracea.ch\/wp-content\/uploads\/2026\/08\/Sortie-guidee-VTT-Electrique-2-768x402.jpg 768w, https:\/\/www.tracea.ch\/wp-content\/uploads\/2026\/08\/Sortie-guidee-VTT-Electrique-2-600x314.jpg 600w, https:\/\/www.tracea.ch\/wp-content\/uploads\/2026\/08\/Sortie-guidee-VTT-Electrique-2-760x398.jpg 760w, https:\/\/www.tracea.ch\/wp-content\/uploads\/2026\/08\/Sortie-guidee-VTT-Electrique-2-370x194.jpg 370w, https:\/\/www.tracea.ch\/wp-content\/uploads\/2026\/08\/Sortie-guidee-VTT-Electrique-2.jpg 1080w\" \/><\/a>\n\t\t\t\t\t\t\t\t\t\t\t\t\t\t\t\t\t\t\t\t<h3><a href=\"https:\/\/www.tracea.ch\/it\/activites\/journee-guidee-groupes-et-entreprises\/\">Visita guidata \u2013 Gruppi e aziende<\/a><\/h3>\n\t\t\t\t\t\t\t\t\t\t\t\t\t\t\t\t<p class=\"ra-slogan\">Gita guidata in mountain bike elettrica \u2013 Gruppi e aziende<\/p>\n\t\t\t\t\t\t\t\t\t\t<p>Per un evento aziendale, un\u2019attivit\u00e0 di team building o una semplice gita tra amici, prenotate una giornata guidata in mountain bike elettrica nel Giura vodese. Gruppi gi\u00e0 formati\u2026<\/p>\n\t\t\t\t\t\t\t\t\t\t\t<p class=\"ra-age-minimum\">D\u00e8s 16 ans<\/p>\n\t\t\t\t\t\t\t\t\t\t\t\t\t\t\t\t\t\t\t\t\t<p class=\"ra-prix ra-prix--devis\">Sur devis<\/p>\n\t\t\t\t\t\t\t\t\t\t<a class=\"ra-bouton\" href=\"https:\/\/www.tracea.ch\/it\/activites\/journee-guidee-groupes-et-entreprises\/\"><span class=\"dashicons dashicons-calendar-alt\" aria-hidden=\"true\"><\/span>R\u00e9server<\/a>\n\t\t\t\t<\/div>\n\t\t\t\t\t\t\t\t\t\t\t<div class=\"ra-carte-activite\"\n\t\t\t\t\tdata-qv-type=\"activite\"\n\t\t\t\t\tdata-qv-id=\"1005\"\n\t\t\t\t\tdata-categorie=\"velo vtt\"\n\t\t\t\t\tdata-niveau=\"\"\n\t\t\t\t\tdata-age-min=\"10\"\n\t\t\t\t\tdata-duree=\"courte\"\n\t\t\t\t\t\t\t\t\t\t\t\t\t\t\t\tdata-perso-saison=\"\"\n\t\t\t\t\t\t\t\t\t\t\tdata-perso-pays=\"\"\n\t\t\t\t\t\t\t\t\t\t\tdata-perso-typedesortie=\"\"\n\t\t\t\t\t\t\t\t\t>\n\t\t\t\t\t\t\t\t\t\t\t<a href=\"https:\/\/www.tracea.ch\/it\/activites\/cours-coaching-pilotage-vtt\/\"><img loading=\"lazy\" decoding=\"async\" width=\"800\" height=\"534\" src=\"https:\/\/www.tracea.ch\/wp-content\/uploads\/2026\/08\/MonVTT-55-1024x683.jpg\" class=\"attachment-large size-large wp-post-image\" alt=\"Corsi e coaching di guida in mountain bike\" sizes=\"(max-width: 420px) 92vw, (max-width: 820px) 46vw, (max-width: 1100px) 31vw, 300px\" srcset=\"https:\/\/www.tracea.ch\/wp-content\/uploads\/2026\/08\/MonVTT-55-1024x683.jpg 1024w, https:\/\/www.tracea.ch\/wp-content\/uploads\/2026\/08\/MonVTT-55-300x200.jpg 300w, https:\/\/www.tracea.ch\/wp-content\/uploads\/2026\/08\/MonVTT-55-768x512.jpg 768w, https:\/\/www.tracea.ch\/wp-content\/uploads\/2026\/08\/MonVTT-55-1536x1024.jpg 1536w, https:\/\/www.tracea.ch\/wp-content\/uploads\/2026\/08\/MonVTT-55-600x400.jpg 600w, https:\/\/www.tracea.ch\/wp-content\/uploads\/2026\/08\/MonVTT-55-760x507.jpg 760w, https:\/\/www.tracea.ch\/wp-content\/uploads\/2026\/08\/MonVTT-55-370x247.jpg 370w, https:\/\/www.tracea.ch\/wp-content\/uploads\/2026\/08\/MonVTT-55.jpg 1920w\" \/><\/a>\n\t\t\t\t\t\t\t\t\t\t\t\t\t\t\t\t\t\t\t\t<h3><a href=\"https:\/\/www.tracea.ch\/it\/activites\/cours-coaching-pilotage-vtt\/\">Corsi e coaching di guida in mountain bike<\/a><\/h3>\n\t\t\t\t\t\t\t\t\t\t\t\t\t\t\t\t<p class=\"ra-slogan\">Una guida alla mountain bike per aiutarti a migliorare \u2013 Corsi e coaching<\/p>\n\t\t\t\t\t\t\t\t\t\t<p>Hai appena acquistato una nuova mountain bike, oppure stai riprendendo a pedalare con una mountain bike elettrica nuova di zecca? Regalati una lezione privata di guida in\u2026<\/p>\n\t\t\t\t\t\t\t\t\t\t\t<p class=\"ra-age-minimum\">D\u00e8s 10 ans<\/p>\n\t\t\t\t\t\t\t\t\t\t\t\t\t\t\t\t\t\t\t\t\t<p class=\"ra-prix\">160.00 CHF \/ personne<\/p>\n\t\t\t\t\t\t\t\t\t\t<a class=\"ra-bouton\" href=\"https:\/\/www.tracea.ch\/it\/activites\/cours-coaching-pilotage-vtt\/\"><span class=\"dashicons dashicons-calendar-alt\" aria-hidden=\"true\"><\/span>R\u00e9server<\/a>\n\t\t\t\t<\/div>\n\t\t\t\t\t\t\t\t\t\t\t<div class=\"ra-carte-activite\"\n\t\t\t\t\tdata-qv-type=\"activite\"\n\t\t\t\t\tdata-qv-id=\"1004\"\n\t\t\t\t\tdata-categorie=\"velo vtt\"\n\t\t\t\t\tdata-niveau=\"\"\n\t\t\t\t\tdata-age-min=\"12\"\n\t\t\t\t\tdata-duree=\"courte\"\n\t\t\t\t\t\t\t\t\t\t\t\t\t\t\t\tdata-perso-saison=\"\"\n\t\t\t\t\t\t\t\t\t\t\tdata-perso-pays=\"\"\n\t\t\t\t\t\t\t\t\t\t\tdata-perso-typedesortie=\"\"\n\t\t\t\t\t\t\t\t\t>\n\t\t\t\t\t\t\t\t\t\t\t<a href=\"https:\/\/www.tracea.ch\/it\/activites\/sortie-guidee-vtt-enduro-jura-vaudois\/\"><img loading=\"lazy\" decoding=\"async\" width=\"800\" height=\"420\" src=\"https:\/\/www.tracea.ch\/wp-content\/uploads\/2026\/08\/Tour-guidee-VTT-Enduro-1024x537.jpg\" class=\"attachment-large size-large wp-post-image\" alt=\"Escursione guidata in mountain bike enduro \u2013 Giura vodese\" sizes=\"(max-width: 420px) 92vw, (max-width: 820px) 46vw, (max-width: 1100px) 31vw, 300px\" srcset=\"https:\/\/www.tracea.ch\/wp-content\/uploads\/2026\/08\/Tour-guidee-VTT-Enduro-1024x537.jpg 1024w, https:\/\/www.tracea.ch\/wp-content\/uploads\/2026\/08\/Tour-guidee-VTT-Enduro-300x157.jpg 300w, https:\/\/www.tracea.ch\/wp-content\/uploads\/2026\/08\/Tour-guidee-VTT-Enduro-768x402.jpg 768w, https:\/\/www.tracea.ch\/wp-content\/uploads\/2026\/08\/Tour-guidee-VTT-Enduro-600x314.jpg 600w, https:\/\/www.tracea.ch\/wp-content\/uploads\/2026\/08\/Tour-guidee-VTT-Enduro-760x398.jpg 760w, https:\/\/www.tracea.ch\/wp-content\/uploads\/2026\/08\/Tour-guidee-VTT-Enduro-370x194.jpg 370w, https:\/\/www.tracea.ch\/wp-content\/uploads\/2026\/08\/Tour-guidee-VTT-Enduro.jpg 1080w\" \/><\/a>\n\t\t\t\t\t\t\t\t\t\t\t\t\t\t\t\t\t\t\t\t<h3><a href=\"https:\/\/www.tracea.ch\/it\/activites\/sortie-guidee-vtt-enduro-jura-vaudois\/\">Escursione guidata in mountain bike enduro \u2013 Giura vodese<\/a><\/h3>\n\t\t\t\t\t\t\t\t\t\t\t\t\t\t\t\t<p class=\"ra-slogan\">Organizzate un'escursione in mountain bike enduro con la vostra guida nel Giura vodese<\/p>\n\t\t\t\t\t\t\t\t\t\t<p>Hai voglia di adrenalina ed emozioni forti in sella alla tua mountain bike? Le nostre escursioni enduro guidate nel Giura vodese sono proprio quello che fa per te:\u2026<\/p>\n\t\t\t\t\t\t\t\t\t\t\t<p class=\"ra-age-minimum\">D\u00e8s 12 ans<\/p>\n\t\t\t\t\t\t\t\t\t\t\t\t\t\t\t\t\t\t\t\t\t<p class=\"ra-prix\">120.00 CHF \/ personne<\/p>\n\t\t\t\t\t\t\t\t\t\t<a class=\"ra-bouton\" href=\"https:\/\/www.tracea.ch\/it\/activites\/sortie-guidee-vtt-enduro-jura-vaudois\/\"><span class=\"dashicons dashicons-calendar-alt\" aria-hidden=\"true\"><\/span>R\u00e9server<\/a>\n\t\t\t\t<\/div>\n\t\t\t\t\t\t\t\t\t\t\t<div class=\"ra-carte-activite\"\n\t\t\t\t\tdata-qv-type=\"activite\"\n\t\t\t\t\tdata-qv-id=\"1003\"\n\t\t\t\t\tdata-categorie=\"gravel velo\"\n\t\t\t\t\tdata-niveau=\"rouge noir\"\n\t\t\t\t\tdata-age-min=\"14\"\n\t\t\t\t\tdata-duree=\"longue\"\n\t\t\t\t\t\t\t\t\t\t\t\t\t\t\t\tdata-perso-saison=\"automne ete printemps\"\n\t\t\t\t\t\t\t\t\t\t\tdata-perso-pays=\"france suisse\"\n\t\t\t\t\t\t\t\t\t\t\tdata-perso-typedesortie=\"sortie-guidee\"\n\t\t\t\t\t\t\t\t\t>\n\t\t\t\t\t\t\t\t\t\t\t<a href=\"https:\/\/www.tracea.ch\/it\/activites\/sortie-guidee-en-velo-gravel\/\"><img loading=\"lazy\" decoding=\"async\" width=\"800\" height=\"420\" src=\"https:\/\/www.tracea.ch\/wp-content\/uploads\/2026\/08\/Sortie-guidee-gravel-Monvtt-4-1024x537.jpg\" class=\"attachment-large size-large wp-post-image\" alt=\"Escursione guidata in bici gravel\" sizes=\"(max-width: 420px) 92vw, (max-width: 820px) 46vw, (max-width: 1100px) 31vw, 300px\" srcset=\"https:\/\/www.tracea.ch\/wp-content\/uploads\/2026\/08\/Sortie-guidee-gravel-Monvtt-4-1024x537.jpg 1024w, https:\/\/www.tracea.ch\/wp-content\/uploads\/2026\/08\/Sortie-guidee-gravel-Monvtt-4-300x157.jpg 300w, https:\/\/www.tracea.ch\/wp-content\/uploads\/2026\/08\/Sortie-guidee-gravel-Monvtt-4-768x402.jpg 768w, https:\/\/www.tracea.ch\/wp-content\/uploads\/2026\/08\/Sortie-guidee-gravel-Monvtt-4-600x314.jpg 600w, https:\/\/www.tracea.ch\/wp-content\/uploads\/2026\/08\/Sortie-guidee-gravel-Monvtt-4-760x398.jpg 760w, https:\/\/www.tracea.ch\/wp-content\/uploads\/2026\/08\/Sortie-guidee-gravel-Monvtt-4-370x194.jpg 370w, https:\/\/www.tracea.ch\/wp-content\/uploads\/2026\/08\/Sortie-guidee-gravel-Monvtt-4.jpg 1080w\" \/><\/a>\n\t\t\t\t\t\t\t\t\t\t\t\t\t\t\t\t\t\t\t\t\t<div class=\"ra-carte-niveaux\">\n\t\t\t\t\t\t\t\t\t\t\t\t\t\t\t<span class=\"ra-badge-niveau ra-badge-multi\" style=\"background-color: #f7c948;\">\u00c0 plusieurs niveaux<\/span>\n\t\t\t\t\t\t\t\t\t\t\t\t\t<\/div>\n\t\t\t\t\t\t\t\t\t\t<h3><a href=\"https:\/\/www.tracea.ch\/it\/activites\/sortie-guidee-en-velo-gravel\/\">Tour guidato in bici gravel \u2013 3 ore<\/a><\/h3>\n\t\t\t\t\t\t\t\t\t\t\t\t\t\t\t\t<p class=\"ra-slogan\">Un'escursione su sterrato alla scoperta del Giura.<\/p>\n\t\t\t\t\t\t\t\t\t\t<p>Hai voglia di scoprire la gravel, quella bici a met\u00e0 strada tra la bici da strada e quella da fuoristrada? Tracea ti accoglie per una mezza giornata di introduzione guidata nei dintorni di\u2026<\/p>\n\t\t\t\t\t\t\t\t\t\t\t<p class=\"ra-age-minimum\">D\u00e8s 14 ans<\/p>\n\t\t\t\t\t\t\t\t\t\t\t\t\t\t\t\t\t\t\t\t\t<p class=\"ra-prix\">120.00 CHF \/ personne<\/p>\n\t\t\t\t\t\t\t\t\t\t<a class=\"ra-bouton\" href=\"https:\/\/www.tracea.ch\/it\/activites\/sortie-guidee-en-velo-gravel\/\"><span class=\"dashicons dashicons-calendar-alt\" aria-hidden=\"true\"><\/span>R\u00e9server<\/a>\n\t\t\t\t<\/div>\n\t\t\t\t\t\t\t\t\t\t\t<div class=\"ra-carte-activite\"\n\t\t\t\t\tdata-qv-type=\"activite\"\n\t\t\t\t\tdata-qv-id=\"1002\"\n\t\t\t\t\tdata-categorie=\"velo vtt vtt-electrique\"\n\t\t\t\t\tdata-niveau=\"vert bleu rouge noir\"\n\t\t\t\t\tdata-age-min=\"14\"\n\t\t\t\t\tdata-duree=\"longue\"\n\t\t\t\t\t\t\t\t\t\t\t\t\t\t\t\tdata-perso-saison=\"automne ete printemps\"\n\t\t\t\t\t\t\t\t\t\t\tdata-perso-pays=\"suisse\"\n\t\t\t\t\t\t\t\t\t\t\tdata-perso-typedesortie=\"sortie-guidee\"\n\t\t\t\t\t\t\t\t\t>\n\t\t\t\t\t\t\t\t\t\t\t<a href=\"https:\/\/www.tracea.ch\/it\/activites\/tour-guide-vtt-ou-vtt-electrique-journee\/\"><img loading=\"lazy\" decoding=\"async\" width=\"800\" height=\"534\" src=\"https:\/\/www.tracea.ch\/wp-content\/uploads\/2026\/08\/MonVTT-43-1024x683.jpg\" class=\"attachment-large size-large wp-post-image\" alt=\"Tour guidato in mountain bike o mountain bike elettrica (giornata)\" sizes=\"(max-width: 420px) 92vw, (max-width: 820px) 46vw, (max-width: 1100px) 31vw, 300px\" srcset=\"https:\/\/www.tracea.ch\/wp-content\/uploads\/2026\/08\/MonVTT-43-1024x683.jpg 1024w, https:\/\/www.tracea.ch\/wp-content\/uploads\/2026\/08\/MonVTT-43-300x200.jpg 300w, https:\/\/www.tracea.ch\/wp-content\/uploads\/2026\/08\/MonVTT-43-768x512.jpg 768w, https:\/\/www.tracea.ch\/wp-content\/uploads\/2026\/08\/MonVTT-43-1536x1024.jpg 1536w, https:\/\/www.tracea.ch\/wp-content\/uploads\/2026\/08\/MonVTT-43-600x400.jpg 600w, https:\/\/www.tracea.ch\/wp-content\/uploads\/2026\/08\/MonVTT-43-760x507.jpg 760w, https:\/\/www.tracea.ch\/wp-content\/uploads\/2026\/08\/MonVTT-43-370x247.jpg 370w, https:\/\/www.tracea.ch\/wp-content\/uploads\/2026\/08\/MonVTT-43.jpg 1920w\" \/><\/a>\n\t\t\t\t\t\t\t\t\t\t\t\t\t\t\t\t\t\t\t\t\t<div class=\"ra-carte-niveaux\">\n\t\t\t\t\t\t\t\t\t\t\t\t\t\t\t<span class=\"ra-badge-niveau ra-badge-multi\" style=\"background-color: #f7c948;\">\u00c0 plusieurs niveaux<\/span>\n\t\t\t\t\t\t\t\t\t\t\t\t\t<\/div>\n\t\t\t\t\t\t\t\t\t\t<h3><a href=\"https:\/\/www.tracea.ch\/it\/activites\/tour-guide-vtt-ou-vtt-electrique-journee\/\">Tour guidato in mountain bike o mountain bike elettrica (giornata)<\/a><\/h3>\n\t\t\t\t\t\t\t\t\t\t\t\t\t\t\t\t<p class=\"ra-slogan\">Un tour guidato in mountain bike o in e-bike sulle creste del Giura.<\/p>\n\t\t\t\t\t\t\t\t\t\t<p>Un'intera giornata per esplorare il Giura vodese in mountain bike o in e-bike, dalla mattina al tramonto. Accompagnati da un istruttore che conosce bene\u2026<\/p>\n\t\t\t\t\t\t\t\t\t\t\t<p class=\"ra-age-minimum\">D\u00e8s 14 ans<\/p>\n\t\t\t\t\t\t\t\t\t\t\t\t\t\t\t\t\t\t\t\t\t<p class=\"ra-prix\">300.00 CHF \/ personne<\/p>\n\t\t\t\t\t\t\t\t\t\t<a class=\"ra-bouton\" href=\"https:\/\/www.tracea.ch\/it\/activites\/tour-guide-vtt-ou-vtt-electrique-journee\/\"><span class=\"dashicons dashicons-calendar-alt\" aria-hidden=\"true\"><\/span>R\u00e9server<\/a>\n\t\t\t\t<\/div>\n\t\t\t\t\t\t\t\t\t\t\t<div class=\"ra-carte-activite\"\n\t\t\t\t\tdata-qv-type=\"activite\"\n\t\t\t\t\tdata-qv-id=\"1001\"\n\t\t\t\t\tdata-categorie=\"velo vtt vtt-electrique\"\n\t\t\t\t\tdata-niveau=\"vert bleu rouge\"\n\t\t\t\t\tdata-age-min=\"14\"\n\t\t\t\t\tdata-duree=\"courte\"\n\t\t\t\t\t\t\t\t\t\t\t\t\t\t\t\tdata-perso-saison=\"automne ete printemps\"\n\t\t\t\t\t\t\t\t\t\t\tdata-perso-pays=\"suisse\"\n\t\t\t\t\t\t\t\t\t\t\tdata-perso-typedesortie=\"sortie-guidee\"\n\t\t\t\t\t\t\t\t\t>\n\t\t\t\t\t\t\t\t\t\t\t<a href=\"https:\/\/www.tracea.ch\/it\/activites\/tour-guide-vtt-ou-vtt-electrique-3-heures\/\"><img loading=\"lazy\" decoding=\"async\" width=\"800\" height=\"534\" src=\"https:\/\/www.tracea.ch\/wp-content\/uploads\/2026\/08\/MonVTT-30-1024x683.jpg\" class=\"attachment-large size-large wp-post-image\" alt=\"Tour guidato in mountain bike o mountain bike elettrica \u2013 3 ore\" sizes=\"(max-width: 420px) 92vw, (max-width: 820px) 46vw, (max-width: 1100px) 31vw, 300px\" srcset=\"https:\/\/www.tracea.ch\/wp-content\/uploads\/2026\/08\/MonVTT-30-1024x683.jpg 1024w, https:\/\/www.tracea.ch\/wp-content\/uploads\/2026\/08\/MonVTT-30-300x200.jpg 300w, https:\/\/www.tracea.ch\/wp-content\/uploads\/2026\/08\/MonVTT-30-768x512.jpg 768w, https:\/\/www.tracea.ch\/wp-content\/uploads\/2026\/08\/MonVTT-30-1536x1024.jpg 1536w, https:\/\/www.tracea.ch\/wp-content\/uploads\/2026\/08\/MonVTT-30-600x400.jpg 600w, https:\/\/www.tracea.ch\/wp-content\/uploads\/2026\/08\/MonVTT-30-760x507.jpg 760w, https:\/\/www.tracea.ch\/wp-content\/uploads\/2026\/08\/MonVTT-30-370x247.jpg 370w, https:\/\/www.tracea.ch\/wp-content\/uploads\/2026\/08\/MonVTT-30.jpg 1920w\" \/><\/a>\n\t\t\t\t\t\t\t\t\t\t\t\t\t\t\t\t\t\t\t\t\t<div class=\"ra-carte-niveaux\">\n\t\t\t\t\t\t\t\t\t\t\t\t\t\t\t<span class=\"ra-badge-niveau ra-badge-multi\" style=\"background-color: #f7c948;\">\u00c0 plusieurs niveaux<\/span>\n\t\t\t\t\t\t\t\t\t\t\t\t\t<\/div>\n\t\t\t\t\t\t\t\t\t\t<h3><a href=\"https:\/\/www.tracea.ch\/it\/activites\/tour-guide-vtt-ou-vtt-electrique-3-heures\/\">Tour guidato in mountain bike o mountain bike elettrica \u2013 3 ore<\/a><\/h3>\n\t\t\t\t\t\t\t\t\t\t\t\t\t\t\t\t<p class=\"ra-slogan\">Organizzate un'escursione guidata in mountain bike o in mountain bike elettrica con la vostra guida nel Giura vodese<\/p>\n\t\t\t\t\t\t\t\t\t\t<p>In tre ore, concedetevi una prima immersione nel Giura vodese in sella a una mountain bike o a una e-bike. Accompagnati da una guida locale, potrete\u2026<\/p>\n\t\t\t\t\t\t\t\t\t\t\t<p class=\"ra-age-minimum\">D\u00e8s 14 ans<\/p>\n\t\t\t\t\t\t\t\t\t\t\t\t\t\t\t\t\t\t\t\t\t<p class=\"ra-prix\">120.00 CHF \/ personne<\/p>\n\t\t\t\t\t\t\t\t\t\t<a class=\"ra-bouton\" href=\"https:\/\/www.tracea.ch\/it\/activites\/tour-guide-vtt-ou-vtt-electrique-3-heures\/\"><span class=\"dashicons dashicons-calendar-alt\" aria-hidden=\"true\"><\/span>R\u00e9server<\/a>\n\t\t\t\t<\/div>\n\t\t\t\t\t<\/div>\n\t\t<p class=\"ra-aucun-resultat\" style=\"display:none;\">Aucune activit\u00e9 ne correspond \u00e0 ces crit\u00e8res.<\/p>\n\t\t<\/div>","protected":false},"excerpt":{"rendered":"<p>Tutte le attivit\u00e0 guidate da Tracea nel Giura vodese: escursioni in mountain bike, mountain bike elettrica e gravel, corsi, campi estivi per bambini e soggiorni. Prenotate online.<\/p>","protected":false},"author":1,"featured_media":0,"parent":0,"menu_order":0,"comment_status":"closed","ping_status":"closed","template":"","meta":{"footnotes":""},"class_list":["post-59116","page","type-page","status-publish","hentry"],"_links":{"self":[{"href":"https:\/\/www.tracea.ch\/it\/wp-json\/wp\/v2\/pages\/59116","targetHints":{"allow":["GET"]}}],"collection":[{"href":"https:\/\/www.tracea.ch\/it\/wp-json\/wp\/v2\/pages"}],"about":[{"href":"https:\/\/www.tracea.ch\/it\/wp-json\/wp\/v2\/types\/page"}],"author":[{"embeddable":true,"href":"https:\/\/www.tracea.ch\/it\/wp-json\/wp\/v2\/users\/1"}],"replies":[{"embeddable":true,"href":"https:\/\/www.tracea.ch\/it\/wp-json\/wp\/v2\/comments?post=59116"}],"version-history":[{"count":3,"href":"https:\/\/www.tracea.ch\/it\/wp-json\/wp\/v2\/pages\/59116\/revisions"}],"predecessor-version":[{"id":59192,"href":"https:\/\/www.tracea.ch\/it\/wp-json\/wp\/v2\/pages\/59116\/revisions\/59192"}],"wp:attachment":[{"href":"https:\/\/www.tracea.ch\/it\/wp-json\/wp\/v2\/media?parent=59116"}],"curies":[{"name":"wp","href":"https:\/\/api.w.org\/{rel}","templated":true}]}}