{"id":10424,"date":"2026-06-30T19:53:26","date_gmt":"2026-06-30T19:53:26","guid":{"rendered":"https:\/\/www.tracea.ch\/boutique\/non%20class\u00e9\/mens-caserina-3in1-jacket-ii\/"},"modified":"2026-07-07T17:24:06","modified_gmt":"2026-07-07T17:24:06","slug":"mens-caserina-3in1-jacket-ii","status":"publish","type":"product","link":"https:\/\/www.tracea.ch\/it\/boutique\/mens-caserina-3in1-jacket-ii\/","title":{"rendered":"Men&rsquo;s Caserina 3in1 Jacket II"},"content":{"rendered":"<p>Cette veste double homme tourne le dos au mauvais temps. Cette veste de trekking est en mesure d&rsquo;affronter la m\u00e9t\u00e9o capricieuse en montagne gr\u00e2ce \u00e0 sa membrane \u00e9tanche au vent et \u00e0 l&rsquo;eau. De plus, sa veste int\u00e9rieure d\u00e9tachable gr\u00e2ce \u00e0 un zip, chaude et rembourr\u00e9e avec l&rsquo;isolant \u00e9cologique PrimaLoft\u00ae Black assure un climat corporel agr\u00e9able m\u00eame en cas d&rsquo;humidit\u00e9. La veste 3-en-1 doit son look masculin \u00e0 ses \u00e9paules renforc\u00e9es. Elles garantissent le port confortable de la veste \u00e0 capuche hardshell et de la veste int\u00e9rieure s\u00e9par\u00e9e, m\u00eame avec un sac \u00e0 dos. Mais la veste de trekking Caserina se d\u00e9marque surtout par son \u00e9quipement astucieux. Ses nombreuses poches int\u00e9rieures et ext\u00e9rieures sont d&rsquo;un avantage pratique en randonn\u00e9e, tout comme sa ceinture r\u00e9glable et sa capuche amovible. De par sa coupe confortable, cette veste outdoor convient pratiquement toute l&rsquo;ann\u00e9e pour les trekkings et pour un look d\u00e9contract\u00e9 sportif et fonctionnel. Le label Green Shape de VAUDE garantit un produit \u00e9cologique, fonctionnel et fabriqu\u00e9 dans des mat\u00e9riaux durables certifi\u00e9s bluesign\u00ae.<\/p>\n<p><em>Veste ext\u00e9rieure:, mati\u00e8re double \u00e9paisseur, manches pr\u00e9form\u00e9es, zip frontal avec double rabat, 2 poches frontales dissimul\u00e9es avec zip, 1 poche int\u00e9rieure zipp\u00e9e, capuche amovible et largeur ajustable, poignets r\u00e9glables en largeur gr\u00e2ce \u00e0 un velcro, cordon \u00e0 la ceinture r\u00e9glable par les pochesVeste int\u00e9rieure:, zip frontal avec rabat int\u00e9rieur, 2 poches frontales avec fermeture \u00e9clair<\/em><\/p>","protected":false},"excerpt":{"rendered":"<p>Veste double pour la randonn\u00e9e et le trekking #\u00e9tanche \u00e0 l&rsquo;eau et au vent #tr\u00e8s chaude et respirante #fabrication \u00e9cologique<\/p>","protected":false},"featured_media":16579,"comment_status":"closed","ping_status":"open","template":"","meta":[],"product_brand":[375],"product_cat":[213,420,216],"product_tag":[365,368,422,421],"class_list":["post-10424","product","type-product","status-publish","has-post-thumbnail","product_brand-vaude","product_cat-boutique","product_cat-veste-3-en-1","product_cat-vetements","product_tag-boutique","product_tag-vente","product_tag-vente-vetement","product_tag-vetement","pa_couleur-black-khaki","pa_couleur-dark-sea-uni","pa_couleur-phantom-black","pa_taille-l","pa_taille-m","pa_taille-s","pa_taille-xl","pa_taille-xxl","pa_taille-xxxl","first","instock","purchasable","product-type-variable"],"_links":{"self":[{"href":"https:\/\/www.tracea.ch\/it\/wp-json\/wp\/v2\/product\/10424","targetHints":{"allow":["GET"]}}],"collection":[{"href":"https:\/\/www.tracea.ch\/it\/wp-json\/wp\/v2\/product"}],"about":[{"href":"https:\/\/www.tracea.ch\/it\/wp-json\/wp\/v2\/types\/product"}],"replies":[{"embeddable":true,"href":"https:\/\/www.tracea.ch\/it\/wp-json\/wp\/v2\/comments?post=10424"}],"version-history":[{"count":1,"href":"https:\/\/www.tracea.ch\/it\/wp-json\/wp\/v2\/product\/10424\/revisions"}],"predecessor-version":[{"id":28185,"href":"https:\/\/www.tracea.ch\/it\/wp-json\/wp\/v2\/product\/10424\/revisions\/28185"}],"wp:featuredmedia":[{"embeddable":true,"href":"https:\/\/www.tracea.ch\/it\/wp-json\/wp\/v2\/media\/16579"}],"wp:attachment":[{"href":"https:\/\/www.tracea.ch\/it\/wp-json\/wp\/v2\/media?parent=10424"}],"wp:term":[{"taxonomy":"product_brand","embeddable":true,"href":"https:\/\/www.tracea.ch\/it\/wp-json\/wp\/v2\/product_brand?post=10424"},{"taxonomy":"product_cat","embeddable":true,"href":"https:\/\/www.tracea.ch\/it\/wp-json\/wp\/v2\/product_cat?post=10424"},{"taxonomy":"product_tag","embeddable":true,"href":"https:\/\/www.tracea.ch\/it\/wp-json\/wp\/v2\/product_tag?post=10424"}],"curies":[{"name":"wp","href":"https:\/\/api.w.org\/{rel}","templated":true}]}}