{"id":10590,"date":"2026-06-30T19:56:43","date_gmt":"2026-06-30T19:56:43","guid":{"rendered":"https:\/\/www.tracea.ch\/boutique\/non%20class\u00e9\/mens-rosemoor-3in1-jacket\/"},"modified":"2026-07-07T17:29:37","modified_gmt":"2026-07-07T17:29:37","slug":"mens-rosemoor-3in1-jacket","status":"publish","type":"product","link":"https:\/\/www.tracea.ch\/it\/boutique\/mens-rosemoor-3in1-jacket\/","title":{"rendered":"Men&rsquo;s Rosemoor 3in1 Jacket"},"content":{"rendered":"<p>Une veste de randonn\u00e9e pratique pour toutes les personnes en qu\u00eate d&rsquo;une tenue r\u00e9sistante aux intemp\u00e9ries et sportive\u00a0: la veste Rosemoor 3 en 1 pour homme. La surveste est munie d&rsquo;une membrane imperm\u00e9able et \u00e9tanche au vent capable de braver les caprices du temps en montagne. La capuche r\u00e9glable se retire rapidement du col pour garder la t\u00eate et le cou bien \u00e0 l&rsquo;abri lors de randonn\u00e9es sous la pluie ou le vent. La ceinture se resserre \u00e0 travers les poches de la veste 3 en 1 pour homme pour am\u00e9liorer la protection thermique. La veste int\u00e9rieure agr\u00e9able en polaire gratt\u00e9e r\u00e9chauffe agr\u00e9ablement le corps. Les deux vestes peuvent se porter s\u00e9par\u00e9ment. Et la combinabilit\u00e9 des deux vestes permet de couvrir un tr\u00e8s large \u00e9ventail de conditions m\u00e9t\u00e9o et de plages de temp\u00e9rature. Le zip frontal de la surveste est ais\u00e9ment r\u00e9parable afin d&rsquo;offrir \u00e0 la veste une grande long\u00e9vit\u00e9. Le label Green Shape de VAUDE garantit un produit \u00e9cologique, fonctionnel et fabriqu\u00e9 dans des mat\u00e9riaux durables certifi\u00e9s bluesign\u00ae.<\/p>\n<p><em>Veste ext\u00e9rieure:, mati\u00e8re double \u00e9paisseur, capuche mont\u00e9e, r\u00e9glable en largeur et rangeable dans le col, fermeture \u00e9clair avec rabat int\u00e9rieur et ext\u00e9rieur sur le devant, 2 poches frontales dissimul\u00e9es avec zip, cordon \u00e0 la ceinture r\u00e9glable par les poches, poignets r\u00e9glables en largeur gr\u00e2ce \u00e0 un velcro, avec zip facilement r\u00e9parableVeste int\u00e9rieure:, sans coutures lat\u00e9rales, zip frontal avec rabat int\u00e9rieur, 2 poches dans la d\u00e9coupe<\/em><\/p>","protected":false},"excerpt":{"rendered":"<p>Veste multifonction 3 en 1 pour homme #veste ext\u00e9rieure imperm\u00e9able avec veste int\u00e9rieure en polaire incluse #capuche compressible dans le col #mati\u00e8re principale fabriqu\u00e9e en polyester recycl\u00e9<\/p>","protected":false},"featured_media":24822,"comment_status":"closed","ping_status":"open","template":"","meta":[],"product_brand":[375],"product_cat":[213,420,216],"product_tag":[365,368,422,421],"class_list":["post-10590","product","type-product","status-publish","has-post-thumbnail","product_brand-vaude","product_cat-boutique","product_cat-veste-3-en-1","product_cat-vetements","product_tag-boutique","product_tag-vente","product_tag-vente-vetement","product_tag-vetement","pa_couleur-black","pa_couleur-black-khaki","pa_couleur-dark-sea","pa_couleur-khaki","pa_couleur-tobacco","pa_taille-l","pa_taille-m","pa_taille-s","pa_taille-xl","pa_taille-xxl","pa_taille-xxxl","pa_taille-xxxxl","first","instock","purchasable","product-type-variable"],"_links":{"self":[{"href":"https:\/\/www.tracea.ch\/it\/wp-json\/wp\/v2\/product\/10590","targetHints":{"allow":["GET"]}}],"collection":[{"href":"https:\/\/www.tracea.ch\/it\/wp-json\/wp\/v2\/product"}],"about":[{"href":"https:\/\/www.tracea.ch\/it\/wp-json\/wp\/v2\/types\/product"}],"replies":[{"embeddable":true,"href":"https:\/\/www.tracea.ch\/it\/wp-json\/wp\/v2\/comments?post=10590"}],"version-history":[{"count":1,"href":"https:\/\/www.tracea.ch\/it\/wp-json\/wp\/v2\/product\/10590\/revisions"}],"predecessor-version":[{"id":28229,"href":"https:\/\/www.tracea.ch\/it\/wp-json\/wp\/v2\/product\/10590\/revisions\/28229"}],"wp:featuredmedia":[{"embeddable":true,"href":"https:\/\/www.tracea.ch\/it\/wp-json\/wp\/v2\/media\/24822"}],"wp:attachment":[{"href":"https:\/\/www.tracea.ch\/it\/wp-json\/wp\/v2\/media?parent=10590"}],"wp:term":[{"taxonomy":"product_brand","embeddable":true,"href":"https:\/\/www.tracea.ch\/it\/wp-json\/wp\/v2\/product_brand?post=10590"},{"taxonomy":"product_cat","embeddable":true,"href":"https:\/\/www.tracea.ch\/it\/wp-json\/wp\/v2\/product_cat?post=10590"},{"taxonomy":"product_tag","embeddable":true,"href":"https:\/\/www.tracea.ch\/it\/wp-json\/wp\/v2\/product_tag?post=10590"}],"curies":[{"name":"wp","href":"https:\/\/api.w.org\/{rel}","templated":true}]}}