{"id":10721,"date":"2026-06-30T19:59:24","date_gmt":"2026-06-30T19:59:24","guid":{"rendered":"https:\/\/www.tracea.ch\/boutique\/non%20class\u00e9\/bike-gaiter-short\/"},"modified":"2026-07-07T17:33:41","modified_gmt":"2026-07-07T17:33:41","slug":"bike-gaiter-short","status":"publish","type":"product","link":"https:\/\/www.tracea.ch\/it\/boutique\/bike-gaiter-short\/","title":{"rendered":"Bike Gaiter short"},"content":{"rendered":"<p>Prot\u00e8ge vos chaussures des \u00e9claboussures. Ces gu\u00eatres hydrophobe prot\u00e9g\u00e8rent de la pluie et des \u00e9claboussures et peuvent \u00eatre port\u00e9es par-dessus n&rsquo;importe quelle chaussure. Avec velcro continu et \u00e9l\u00e9ments r\u00e9flecteurs. Ce produit est imperm\u00e9abilis\u00e9 gr\u00e2ce \u00e0 la finition Eco Finish, \u00e9cologique et sans perfluorocarbures (PFC). Le label Green Shape de VAUDE garantit des produits fonctionnels et \u00e9cologiques en mati\u00e8res durables.<\/p>\n<p><em>Trekking VTT + cyclistes du quotidien, velcro continu, \u00e9l\u00e9ments r\u00e9fl\u00e9chissants, sous-pied \u00e9lastique<\/em><\/p>","protected":false},"excerpt":{"rendered":"<p>Gu\u00eatres courtes pour le sport cycliste #d\u00e9perlantes et coupe-vent #VAUDE s&rsquo;engage dans le monde entier pour des conditions de travail responsables<\/p>","protected":false},"featured_media":13784,"comment_status":"closed","ping_status":"open","template":"","meta":[],"product_brand":[375],"product_cat":[480,213,216],"product_tag":[365,368,422,421],"class_list":["post-10721","product","type-product","status-publish","has-post-thumbnail","product_brand-vaude","product_cat-accessoires-vetements","product_cat-boutique","product_cat-vetements","product_tag-boutique","product_tag-vente","product_tag-vente-vetement","product_tag-vetement","pa_couleur-black","pa_couleur-chute-green","pa_couleur-neon-yellow","pa_taille-36-39","pa_taille-40-43","pa_taille-44-46","pa_taille-47-49","pa_taille-50-52","first","instock","purchasable","product-type-variable"],"_links":{"self":[{"href":"https:\/\/www.tracea.ch\/it\/wp-json\/wp\/v2\/product\/10721","targetHints":{"allow":["GET"]}}],"collection":[{"href":"https:\/\/www.tracea.ch\/it\/wp-json\/wp\/v2\/product"}],"about":[{"href":"https:\/\/www.tracea.ch\/it\/wp-json\/wp\/v2\/types\/product"}],"replies":[{"embeddable":true,"href":"https:\/\/www.tracea.ch\/it\/wp-json\/wp\/v2\/comments?post=10721"}],"version-history":[{"count":1,"href":"https:\/\/www.tracea.ch\/it\/wp-json\/wp\/v2\/product\/10721\/revisions"}],"predecessor-version":[{"id":28275,"href":"https:\/\/www.tracea.ch\/it\/wp-json\/wp\/v2\/product\/10721\/revisions\/28275"}],"wp:featuredmedia":[{"embeddable":true,"href":"https:\/\/www.tracea.ch\/it\/wp-json\/wp\/v2\/media\/13784"}],"wp:attachment":[{"href":"https:\/\/www.tracea.ch\/it\/wp-json\/wp\/v2\/media?parent=10721"}],"wp:term":[{"taxonomy":"product_brand","embeddable":true,"href":"https:\/\/www.tracea.ch\/it\/wp-json\/wp\/v2\/product_brand?post=10721"},{"taxonomy":"product_cat","embeddable":true,"href":"https:\/\/www.tracea.ch\/it\/wp-json\/wp\/v2\/product_cat?post=10721"},{"taxonomy":"product_tag","embeddable":true,"href":"https:\/\/www.tracea.ch\/it\/wp-json\/wp\/v2\/product_tag?post=10721"}],"curies":[{"name":"wp","href":"https:\/\/api.w.org\/{rel}","templated":true}]}}