{"id":10950,"date":"2026-06-30T20:02:07","date_gmt":"2026-06-30T20:02:07","guid":{"rendered":"https:\/\/www.tracea.ch\/boutique\/non%20class\u00e9\/hanko-gloves-ii\/"},"modified":"2026-07-07T17:39:08","modified_gmt":"2026-07-07T17:39:08","slug":"hanko-gloves-ii","status":"publish","type":"product","link":"https:\/\/www.tracea.ch\/it\/boutique\/hanko-gloves-ii\/","title":{"rendered":"Hanko Gloves II"},"content":{"rendered":"<p>Gants chauds et herm\u00e9tiques en softshell 100% recycl\u00e9 au vent pour les journ\u00e9es d&rsquo;hiver. El\u00e9ments r\u00e9fl\u00e9chissants sur le dos de la main et surface absorbante sur le pouce. Le bout du majeur est \u00e9quip\u00e9 d&rsquo;un insert permettant le maniement des \u00e9crans tacites de votre Smartphone ou tachym\u00e8tre. Paumes des mains avec imprim\u00e9s silicon\u00e9s antiglisse pour une parfaite tenue et accroche sur le guidon.<\/p>\n<p><em>doigts pr\u00e9form\u00e9s, bout de l\u2019index compatible avec l\u2019utilisation d\u2019un \u00e9cran tactile, mati\u00e8re douce au niveau du pouce, enti\u00e8rement en mati\u00e8re Windproof 100, imprim\u00e9s silicon\u00e9s dans la paume de la main, imprim\u00e9s silicon\u00e9s aux bouts des doigts, \u00e9l\u00e9ments r\u00e9fl\u00e9chissants<\/em><\/p>","protected":false},"excerpt":{"rendered":"<p>Gants pour les sports cyclistes #100% Coupe-vent, respirants #chauds, \u00e9lastiques #avec fonction e-touch<\/p>","protected":false},"featured_media":15992,"comment_status":"closed","ping_status":"open","template":"","meta":[],"product_brand":[375],"product_cat":[480,213,216],"product_tag":[365,368,422,421],"class_list":["post-10950","product","type-product","status-publish","has-post-thumbnail","product_brand-vaude","product_cat-accessoires-vetements","product_cat-boutique","product_cat-vetements","product_tag-boutique","product_tag-vente","product_tag-vente-vetement","product_tag-vetement","pa_couleur-black-uni","pa_couleur-dark-sea","pa_taille-490","pa_taille-491","pa_taille-492","pa_taille-500","pa_taille-486","pa_taille-488","pa_taille-489","first","instock","purchasable","product-type-variable"],"_links":{"self":[{"href":"https:\/\/www.tracea.ch\/it\/wp-json\/wp\/v2\/product\/10950","targetHints":{"allow":["GET"]}}],"collection":[{"href":"https:\/\/www.tracea.ch\/it\/wp-json\/wp\/v2\/product"}],"about":[{"href":"https:\/\/www.tracea.ch\/it\/wp-json\/wp\/v2\/types\/product"}],"replies":[{"embeddable":true,"href":"https:\/\/www.tracea.ch\/it\/wp-json\/wp\/v2\/comments?post=10950"}],"version-history":[{"count":1,"href":"https:\/\/www.tracea.ch\/it\/wp-json\/wp\/v2\/product\/10950\/revisions"}],"predecessor-version":[{"id":28334,"href":"https:\/\/www.tracea.ch\/it\/wp-json\/wp\/v2\/product\/10950\/revisions\/28334"}],"wp:featuredmedia":[{"embeddable":true,"href":"https:\/\/www.tracea.ch\/it\/wp-json\/wp\/v2\/media\/15992"}],"wp:attachment":[{"href":"https:\/\/www.tracea.ch\/it\/wp-json\/wp\/v2\/media?parent=10950"}],"wp:term":[{"taxonomy":"product_brand","embeddable":true,"href":"https:\/\/www.tracea.ch\/it\/wp-json\/wp\/v2\/product_brand?post=10950"},{"taxonomy":"product_cat","embeddable":true,"href":"https:\/\/www.tracea.ch\/it\/wp-json\/wp\/v2\/product_cat?post=10950"},{"taxonomy":"product_tag","embeddable":true,"href":"https:\/\/www.tracea.ch\/it\/wp-json\/wp\/v2\/product_tag?post=10950"}],"curies":[{"name":"wp","href":"https:\/\/api.w.org\/{rel}","templated":true}]}}