{"id":11072,"date":"2026-06-30T20:03:34","date_gmt":"2026-06-30T20:03:34","guid":{"rendered":"https:\/\/www.tracea.ch\/boutique\/non%20class\u00e9\/kids-tammar-baseball-cap\/"},"modified":"2026-07-07T17:41:34","modified_gmt":"2026-07-07T17:41:34","slug":"kids-tammar-baseball-cap","status":"publish","type":"product","link":"https:\/\/www.tracea.ch\/it\/boutique\/kids-tammar-baseball-cap\/","title":{"rendered":"Kids Tammar Baseball Cap"},"content":{"rendered":"<p>Protection solaire pour les petits malins : casquette de baseball, avec bandeau fonctionnel \u00e0 l&rsquo;int\u00e9rieur et ouvertures de ventilation. Gr\u00e2ce \u00e0 la mati\u00e8re \u00e9lastique, il reste confortablement en place et s&rsquo;adapte \u00e0 n&rsquo;importe quelle forme de t\u00eate. Ce produit est imperm\u00e9abilis\u00e9 gr\u00e2ce \u00e0 la finition Eco Finish, \u00e9cologique et sans perfluorocarbures (PFC). Le label Green Shape de VAUDE garantit des produits fonctionnels et \u00e9cologiques en mati\u00e8res durables.<\/p>\n<p><em>ouvertures de ventilation, bandeau int\u00e9rieur fonctionnel et anti-humidit\u00e9, mati\u00e8re \u00e9lastique, \u00e9quipement hydrophobe, r\u00e9glable en largeur, logo int\u00e9gr\u00e9 dans le tricot<\/em><\/p>","protected":false},"excerpt":{"rendered":"<p>Casquette militaire d\u00e9contract\u00e9e enfant pour le quotidien et les loisirs # avec bandeau antitranspirant cousu \u00e0 l&rsquo;int\u00e9rieur # \u00e9lastique et respirant #fabrication principale en polyester recycl\u00e9<\/p>","protected":false},"featured_media":19850,"comment_status":"closed","ping_status":"open","template":"","meta":[],"product_brand":[375],"product_cat":[480,213,216],"product_tag":[365,368,422,421],"class_list":["post-11072","product","type-product","status-publish","has-post-thumbnail","product_brand-vaude","product_cat-accessoires-vetements","product_cat-boutique","product_cat-vetements","product_tag-boutique","product_tag-vente","product_tag-vente-vetement","product_tag-vetement","pa_couleur-dark-sea-pastel-blue","pa_couleur-icicle","pa_couleur-woodland","pa_taille-l","pa_taille-m","pa_taille-s","first","instock","purchasable","product-type-variable"],"_links":{"self":[{"href":"https:\/\/www.tracea.ch\/it\/wp-json\/wp\/v2\/product\/11072","targetHints":{"allow":["GET"]}}],"collection":[{"href":"https:\/\/www.tracea.ch\/it\/wp-json\/wp\/v2\/product"}],"about":[{"href":"https:\/\/www.tracea.ch\/it\/wp-json\/wp\/v2\/types\/product"}],"replies":[{"embeddable":true,"href":"https:\/\/www.tracea.ch\/it\/wp-json\/wp\/v2\/comments?post=11072"}],"version-history":[{"count":1,"href":"https:\/\/www.tracea.ch\/it\/wp-json\/wp\/v2\/product\/11072\/revisions"}],"predecessor-version":[{"id":28371,"href":"https:\/\/www.tracea.ch\/it\/wp-json\/wp\/v2\/product\/11072\/revisions\/28371"}],"wp:featuredmedia":[{"embeddable":true,"href":"https:\/\/www.tracea.ch\/it\/wp-json\/wp\/v2\/media\/19850"}],"wp:attachment":[{"href":"https:\/\/www.tracea.ch\/it\/wp-json\/wp\/v2\/media?parent=11072"}],"wp:term":[{"taxonomy":"product_brand","embeddable":true,"href":"https:\/\/www.tracea.ch\/it\/wp-json\/wp\/v2\/product_brand?post=11072"},{"taxonomy":"product_cat","embeddable":true,"href":"https:\/\/www.tracea.ch\/it\/wp-json\/wp\/v2\/product_cat?post=11072"},{"taxonomy":"product_tag","embeddable":true,"href":"https:\/\/www.tracea.ch\/it\/wp-json\/wp\/v2\/product_tag?post=11072"}],"curies":[{"name":"wp","href":"https:\/\/api.w.org\/{rel}","templated":true}]}}