{"id":11364,"date":"2026-06-30T20:06:45","date_gmt":"2026-06-30T20:06:45","guid":{"rendered":"https:\/\/www.tracea.ch\/boutique\/non%20class\u00e9\/bike-footies-ii\/"},"modified":"2026-07-07T17:47:27","modified_gmt":"2026-07-07T17:47:27","slug":"bike-footies-ii","status":"publish","type":"product","link":"https:\/\/www.tracea.ch\/it\/boutique\/bike-footies-ii\/","title":{"rendered":"Bike Footies II"},"content":{"rendered":"<p>Pour avoir le pied l\u00e9ger. Gr\u00e2ce \u00e0 une l\u00e9g\u00e8re structure en filet dans la partie sup\u00e9rieure et \u00e0 un mat\u00e9riau respirant, cette chaussette l\u00e9g\u00e8re et a\u00e9r\u00e9e est id\u00e9ale pour les sorties estivales sous la chaleur. Avec un talon et un bout de pied r\u00e9sistants pour un bon maintien dans la chaussure. Le label Green Shape de VAUDE garantit un produit \u00e9cologique, fonctionnel et fabriqu\u00e9 dans des mat\u00e9riaux durables.<\/p>\n<p><em>respirant(e)\/s et fonctionnel(le)\/s<\/em><\/p>","protected":false},"excerpt":{"rendered":"<p>Chaussettes fines et ultrarespirantes courtes pour le v\u00e9lo #avec rembourrage ergonomique et respirantes #mati\u00e8re \u00e9lastique \u00e0 s\u00e9chage rapide #mati\u00e8re principale essentiellement fabriqu\u00e9e en polyamide recycl\u00e9<\/p>","protected":false},"featured_media":24502,"comment_status":"closed","ping_status":"open","template":"","meta":[],"product_brand":[375],"product_cat":[480,213,216],"product_tag":[365,368,422,421],"class_list":["post-11364","product","type-product","status-publish","has-post-thumbnail","product_brand-vaude","product_cat-accessoires-vetements","product_cat-boutique","product_cat-vetements","product_tag-boutique","product_tag-vente","product_tag-vente-vetement","product_tag-vetement","pa_couleur-black","pa_couleur-white","pa_taille-36-38","pa_taille-39-41","pa_taille-42-44","pa_taille-45-47","first","instock","purchasable","product-type-variable"],"_links":{"self":[{"href":"https:\/\/www.tracea.ch\/it\/wp-json\/wp\/v2\/product\/11364","targetHints":{"allow":["GET"]}}],"collection":[{"href":"https:\/\/www.tracea.ch\/it\/wp-json\/wp\/v2\/product"}],"about":[{"href":"https:\/\/www.tracea.ch\/it\/wp-json\/wp\/v2\/types\/product"}],"replies":[{"embeddable":true,"href":"https:\/\/www.tracea.ch\/it\/wp-json\/wp\/v2\/comments?post=11364"}],"version-history":[{"count":1,"href":"https:\/\/www.tracea.ch\/it\/wp-json\/wp\/v2\/product\/11364\/revisions"}],"predecessor-version":[{"id":28450,"href":"https:\/\/www.tracea.ch\/it\/wp-json\/wp\/v2\/product\/11364\/revisions\/28450"}],"wp:featuredmedia":[{"embeddable":true,"href":"https:\/\/www.tracea.ch\/it\/wp-json\/wp\/v2\/media\/24502"}],"wp:attachment":[{"href":"https:\/\/www.tracea.ch\/it\/wp-json\/wp\/v2\/media?parent=11364"}],"wp:term":[{"taxonomy":"product_brand","embeddable":true,"href":"https:\/\/www.tracea.ch\/it\/wp-json\/wp\/v2\/product_brand?post=11364"},{"taxonomy":"product_cat","embeddable":true,"href":"https:\/\/www.tracea.ch\/it\/wp-json\/wp\/v2\/product_cat?post=11364"},{"taxonomy":"product_tag","embeddable":true,"href":"https:\/\/www.tracea.ch\/it\/wp-json\/wp\/v2\/product_tag?post=11364"}],"curies":[{"name":"wp","href":"https:\/\/api.w.org\/{rel}","templated":true}]}}