{"id":11438,"date":"2026-06-30T20:07:31","date_gmt":"2026-06-30T20:07:31","guid":{"rendered":"https:\/\/www.tracea.ch\/boutique\/non%20class\u00e9\/cuba-libre-cap-iii\/"},"modified":"2026-07-07T17:49:03","modified_gmt":"2026-07-07T17:49:03","slug":"cuba-libre-cap-iii","status":"publish","type":"product","link":"https:\/\/www.tracea.ch\/it\/boutique\/cuba-libre-cap-iii\/","title":{"rendered":"Cuba Libre Cap III"},"content":{"rendered":"<p>Pour garder la t\u00eate froide\u00a0: la casquette intemporelle Cuba Libre III Cap ne doit manquer dans aucun sac \u00e0 dos de rando ou de voyage. L\u00e9g\u00e8re et respirante, son ouverture est r\u00e9glable en continu et elle est munie de trous d&rsquo;a\u00e9ration. La casquette est munie d&rsquo;un bandeau int\u00e9rieur qui absorbe la sueur.<\/p>\n<p><em>ouvertures de ventilation, bandeau int\u00e9rieur fonctionnel et anti-humidit\u00e9, r\u00e9glable en largeur, avec une petite visi\u00e8re devant<\/em><\/p>","protected":false},"excerpt":{"rendered":"<p>Casquette pour la randonn\u00e9e, le trekking et le voyage #robuste et facile d&rsquo;entretien #protection anti-UV 50+ #mati\u00e8re principale fabriqu\u00e9e en polyester recycl\u00e9<\/p>","protected":false},"featured_media":25345,"comment_status":"closed","ping_status":"open","template":"","meta":[],"product_brand":[375],"product_cat":[480,213,216],"product_tag":[365,368,422,421],"class_list":["post-11438","product","type-product","status-publish","has-post-thumbnail","product_brand-vaude","product_cat-accessoires-vetements","product_cat-boutique","product_cat-vetements","product_tag-boutique","product_tag-vente","product_tag-vente-vetement","product_tag-vetement","pa_couleur-aqua","pa_couleur-black","pa_couleur-dark-sea","pa_couleur-khaki","pa_couleur-linen","pa_couleur-nordic-blue","pa_taille-l","pa_taille-m","pa_taille-s","first","instock","purchasable","product-type-variable"],"_links":{"self":[{"href":"https:\/\/www.tracea.ch\/it\/wp-json\/wp\/v2\/product\/11438","targetHints":{"allow":["GET"]}}],"collection":[{"href":"https:\/\/www.tracea.ch\/it\/wp-json\/wp\/v2\/product"}],"about":[{"href":"https:\/\/www.tracea.ch\/it\/wp-json\/wp\/v2\/types\/product"}],"replies":[{"embeddable":true,"href":"https:\/\/www.tracea.ch\/it\/wp-json\/wp\/v2\/comments?post=11438"}],"version-history":[{"count":1,"href":"https:\/\/www.tracea.ch\/it\/wp-json\/wp\/v2\/product\/11438\/revisions"}],"predecessor-version":[{"id":28460,"href":"https:\/\/www.tracea.ch\/it\/wp-json\/wp\/v2\/product\/11438\/revisions\/28460"}],"wp:featuredmedia":[{"embeddable":true,"href":"https:\/\/www.tracea.ch\/it\/wp-json\/wp\/v2\/media\/25345"}],"wp:attachment":[{"href":"https:\/\/www.tracea.ch\/it\/wp-json\/wp\/v2\/media?parent=11438"}],"wp:term":[{"taxonomy":"product_brand","embeddable":true,"href":"https:\/\/www.tracea.ch\/it\/wp-json\/wp\/v2\/product_brand?post=11438"},{"taxonomy":"product_cat","embeddable":true,"href":"https:\/\/www.tracea.ch\/it\/wp-json\/wp\/v2\/product_cat?post=11438"},{"taxonomy":"product_tag","embeddable":true,"href":"https:\/\/www.tracea.ch\/it\/wp-json\/wp\/v2\/product_tag?post=11438"}],"curies":[{"name":"wp","href":"https:\/\/api.w.org\/{rel}","templated":true}]}}