{"id":11520,"date":"2026-06-30T20:08:27","date_gmt":"2026-06-30T20:08:27","guid":{"rendered":"https:\/\/www.tracea.ch\/boutique\/non%20class\u00e9\/manukau-gloves-ii\/"},"modified":"2026-07-07T17:50:42","modified_gmt":"2026-07-07T17:50:42","slug":"manukau-gloves-ii","status":"publish","type":"product","link":"https:\/\/www.tracea.ch\/it\/boutique\/manukau-gloves-ii\/","title":{"rendered":"Manukau Gloves II"},"content":{"rendered":"<p>Gant urbain \u00e0 usage compl\u00e9mentaire : le gant Manukau est chaud, \u00e9tanche au vent et d\u00e9perlant. Le gant est doubl\u00e9 d\u2019une polaire sherpa douce et moelleuse. Les bords-c\u00f4tes \u00e0 l\u2019ourlet repoussent le froid et gr\u00e2ce au mat\u00e9riau compatible avec les \u00e9crans tactiles au niveau du pouce et de l\u2019index, l\u2019utilisation du smartphone reste possible m\u00eame par temps glacial. Le label Green Shape de VAUDE garantit un produit \u00e9cologique, fonctionnel et fabriqu\u00e9 dans des mat\u00e9riaux durables.<\/p>\n<p><em>ouatage 60g\/m\u00b2, renfort paume en cuir synth\u00e9tique, bordures c\u00f4tel\u00e9es, \u00e9lastique au poignet, bout de l\u2019index compatible avec l\u2019utilisation d\u2019un \u00e9cran tactile, int\u00e9rieur avec doublure , doublure en teddy fleece<\/em><\/p>","protected":false},"excerpt":{"rendered":"<p>Gants chauds et \u00e9tanches au vent pour le quotidien #compatibles avec l&rsquo;utilisation d&rsquo;un \u00e9cran tactile #avec bordures c\u00f4tel\u00e9es retenant la chaleur #rembourrage enti\u00e8rement fabriqu\u00e9 en polyester recycl\u00e9<\/p>","protected":false},"featured_media":0,"comment_status":"closed","ping_status":"open","template":"","meta":[],"product_brand":[375],"product_cat":[480,213,216],"product_tag":[365,368,422,421],"class_list":["post-11520","product","type-product","status-publish","product_brand-vaude","product_cat-accessoires-vetements","product_cat-boutique","product_cat-vetements","product_tag-boutique","product_tag-vente","product_tag-vente-vetement","product_tag-vetement","pa_couleur-black","pa_couleur-oat","pa_taille-490","pa_taille-491","pa_taille-500","pa_taille-486","pa_taille-488","pa_taille-489","first","instock","purchasable","product-type-variable"],"_links":{"self":[{"href":"https:\/\/www.tracea.ch\/it\/wp-json\/wp\/v2\/product\/11520","targetHints":{"allow":["GET"]}}],"collection":[{"href":"https:\/\/www.tracea.ch\/it\/wp-json\/wp\/v2\/product"}],"about":[{"href":"https:\/\/www.tracea.ch\/it\/wp-json\/wp\/v2\/types\/product"}],"replies":[{"embeddable":true,"href":"https:\/\/www.tracea.ch\/it\/wp-json\/wp\/v2\/comments?post=11520"}],"version-history":[{"count":1,"href":"https:\/\/www.tracea.ch\/it\/wp-json\/wp\/v2\/product\/11520\/revisions"}],"predecessor-version":[{"id":28484,"href":"https:\/\/www.tracea.ch\/it\/wp-json\/wp\/v2\/product\/11520\/revisions\/28484"}],"wp:attachment":[{"href":"https:\/\/www.tracea.ch\/it\/wp-json\/wp\/v2\/media?parent=11520"}],"wp:term":[{"taxonomy":"product_brand","embeddable":true,"href":"https:\/\/www.tracea.ch\/it\/wp-json\/wp\/v2\/product_brand?post=11520"},{"taxonomy":"product_cat","embeddable":true,"href":"https:\/\/www.tracea.ch\/it\/wp-json\/wp\/v2\/product_cat?post=11520"},{"taxonomy":"product_tag","embeddable":true,"href":"https:\/\/www.tracea.ch\/it\/wp-json\/wp\/v2\/product_tag?post=11520"}],"curies":[{"name":"wp","href":"https:\/\/api.w.org\/{rel}","templated":true}]}}