{"id":11812,"date":"2026-06-30T20:14:05","date_gmt":"2026-06-30T20:14:05","guid":{"rendered":"https:\/\/www.tracea.ch\/boutique\/non%20class\u00e9\/mens-albsteig-shirt-iii\/"},"modified":"2026-07-07T18:01:18","modified_gmt":"2026-07-07T18:01:18","slug":"mens-albsteig-shirt-iii","status":"publish","type":"product","link":"https:\/\/www.tracea.ch\/it\/boutique\/mens-albsteig-shirt-iii\/","title":{"rendered":"Men&rsquo;s Albsteig Shirt III"},"content":{"rendered":"<p>Se tailler un costume en bois&nbsp;? Cette chemise \u00e0 carreaux \u00e9coresponsable \u00e0 manches courtes est compos\u00e9e de fibres naturelles fonctionnelles tir\u00e9es de bois issu de la gestion durable des for\u00eats en plus du polyester. Le confort au porter associ\u00e9 est d\u00fb \u00e0 sa surface soyeuse, qui \u00e9vacue rapidement l&rsquo;humidit\u00e9 corporelle, repousse les odeurs d\u00e9sagr\u00e9ables et se pr\u00eate ainsi parfaitement aux grandes chaleurs. Cette chemise estivale est confectionn\u00e9e dans le respect des ressources, car elle est compos\u00e9e de fibres naturelles durables et de mati\u00e8res certifi\u00e9es bluesign\u00ae&nbsp;! Le label Green Shape de VAUDE garantit un produit \u00e9cologique, fonctionnel et fabriqu\u00e9 dans des mat\u00e9riaux durables.<\/p>\n<p><em>1 poche poitrine ajout\u00e9e<\/em><\/p>","protected":false},"excerpt":{"rendered":"<p>Chemise \u00e0 manches courtes homme confortable pour la randonn\u00e9e # rafraichissante et anti-odeurs # facile d&rsquo;entretien et \u00e0 s\u00e9chage rapide #composition principale en fibre de bois naturelle<\/p>","protected":false},"featured_media":21731,"comment_status":"closed","ping_status":"open","template":"","meta":[],"product_brand":[375],"product_cat":[213,559,216],"product_tag":[365,368,422,421],"class_list":["post-11812","product","type-product","status-publish","has-post-thumbnail","product_brand-vaude","product_cat-boutique","product_cat-chemisier","product_cat-vetements","product_tag-boutique","product_tag-vente","product_tag-vente-vetement","product_tag-vetement","pa_couleur-carmine-uni","pa_couleur-carmine-mars-red","pa_couleur-dark-leaf","pa_couleur-dark-sea-dark-sea","pa_couleur-dusty-fern","pa_couleur-heron","pa_couleur-linen","pa_taille-l","pa_taille-m","pa_taille-s","pa_taille-xl","pa_taille-xxl","pa_taille-xxxl","pa_taille-xxxxl","first","instock","purchasable","product-type-variable"],"_links":{"self":[{"href":"https:\/\/www.tracea.ch\/it\/wp-json\/wp\/v2\/product\/11812","targetHints":{"allow":["GET"]}}],"collection":[{"href":"https:\/\/www.tracea.ch\/it\/wp-json\/wp\/v2\/product"}],"about":[{"href":"https:\/\/www.tracea.ch\/it\/wp-json\/wp\/v2\/types\/product"}],"replies":[{"embeddable":true,"href":"https:\/\/www.tracea.ch\/it\/wp-json\/wp\/v2\/comments?post=11812"}],"version-history":[{"count":1,"href":"https:\/\/www.tracea.ch\/it\/wp-json\/wp\/v2\/product\/11812\/revisions"}],"predecessor-version":[{"id":28575,"href":"https:\/\/www.tracea.ch\/it\/wp-json\/wp\/v2\/product\/11812\/revisions\/28575"}],"wp:featuredmedia":[{"embeddable":true,"href":"https:\/\/www.tracea.ch\/it\/wp-json\/wp\/v2\/media\/21731"}],"wp:attachment":[{"href":"https:\/\/www.tracea.ch\/it\/wp-json\/wp\/v2\/media?parent=11812"}],"wp:term":[{"taxonomy":"product_brand","embeddable":true,"href":"https:\/\/www.tracea.ch\/it\/wp-json\/wp\/v2\/product_brand?post=11812"},{"taxonomy":"product_cat","embeddable":true,"href":"https:\/\/www.tracea.ch\/it\/wp-json\/wp\/v2\/product_cat?post=11812"},{"taxonomy":"product_tag","embeddable":true,"href":"https:\/\/www.tracea.ch\/it\/wp-json\/wp\/v2\/product_tag?post=11812"}],"curies":[{"name":"wp","href":"https:\/\/api.w.org\/{rel}","templated":true}]}}