{"id":12119,"date":"2026-06-30T20:20:45","date_gmt":"2026-06-30T20:20:45","guid":{"rendered":"https:\/\/www.tracea.ch\/boutique\/non%20class\u00e9\/womens-redmont-dress\/"},"modified":"2026-07-07T18:10:42","modified_gmt":"2026-07-07T18:10:42","slug":"womens-redmont-dress","status":"publish","type":"product","link":"https:\/\/www.tracea.ch\/it\/boutique\/womens-redmont-dress\/","title":{"rendered":"Women&rsquo;s Redmont Dress"},"content":{"rendered":"<p>L&rsquo;enfiler, c&rsquo;est l&rsquo;adopter\u00a0: la robe femme l\u00e9g\u00e8re et estivale dans un style d\u00e9contract\u00e9 de chemisier est toujours de mise. Lors des jours de chaleur en \u00e9t\u00e9, elle laisse passer beaucoup d&rsquo;air sur le corps et offre confort et facilit\u00e9 d&rsquo;entretien. On peut ranger un mouchoir et des petites affaires dans 2\u00a0poches en biais. La robe est l\u00e9g\u00e8rement allong\u00e9e \u00e0 l&rsquo;arri\u00e8re et tombe bien gr\u00e2ce au pli cousu. Le label Green Shape de VAUDE garantit un produit \u00e9cologique, fonctionnel et fabriqu\u00e9 dans des mat\u00e9riaux durables. En tant que membre Leader de l&rsquo;organisme ind\u00e9pendant Fair Wear, VAUDE s&rsquo;engage en faveur de conditions de travail et de salaires \u00e9quitables.<\/p>\n<p><em>col rabattable, passant avant avec boutons, 2 poches lat\u00e9rales, pli au dos<\/em><\/p>","protected":false},"excerpt":{"rendered":"<p>Robe femme a\u00e9rienne style chemise pour le quotidien et les loisirs #confortable et facile d&rsquo;entretien #avec poches en biais #m\u00e9lange de mati\u00e8res en polyester recycl\u00e9, chanvre et \u00e9lasthanne<\/p>","protected":false},"featured_media":26892,"comment_status":"closed","ping_status":"open","template":"","meta":[],"product_brand":[375],"product_cat":[213,569,570,216],"product_tag":[365,368,422,421],"class_list":["post-12119","product","type-product","status-publish","has-post-thumbnail","product_brand-vaude","product_cat-boutique","product_cat-jupes","product_cat-robes","product_cat-vetements","product_tag-boutique","product_tag-vente","product_tag-vente-vetement","product_tag-vetement","pa_couleur-black","pa_couleur-jade","pa_couleur-linen","pa_taille-436","pa_taille-437","pa_taille-438","pa_taille-439","pa_taille-440","pa_taille-441","first","instock","purchasable","product-type-variable"],"_links":{"self":[{"href":"https:\/\/www.tracea.ch\/it\/wp-json\/wp\/v2\/product\/12119","targetHints":{"allow":["GET"]}}],"collection":[{"href":"https:\/\/www.tracea.ch\/it\/wp-json\/wp\/v2\/product"}],"about":[{"href":"https:\/\/www.tracea.ch\/it\/wp-json\/wp\/v2\/types\/product"}],"replies":[{"embeddable":true,"href":"https:\/\/www.tracea.ch\/it\/wp-json\/wp\/v2\/comments?post=12119"}],"version-history":[{"count":1,"href":"https:\/\/www.tracea.ch\/it\/wp-json\/wp\/v2\/product\/12119\/revisions"}],"predecessor-version":[{"id":28672,"href":"https:\/\/www.tracea.ch\/it\/wp-json\/wp\/v2\/product\/12119\/revisions\/28672"}],"wp:featuredmedia":[{"embeddable":true,"href":"https:\/\/www.tracea.ch\/it\/wp-json\/wp\/v2\/media\/26892"}],"wp:attachment":[{"href":"https:\/\/www.tracea.ch\/it\/wp-json\/wp\/v2\/media?parent=12119"}],"wp:term":[{"taxonomy":"product_brand","embeddable":true,"href":"https:\/\/www.tracea.ch\/it\/wp-json\/wp\/v2\/product_brand?post=12119"},{"taxonomy":"product_cat","embeddable":true,"href":"https:\/\/www.tracea.ch\/it\/wp-json\/wp\/v2\/product_cat?post=12119"},{"taxonomy":"product_tag","embeddable":true,"href":"https:\/\/www.tracea.ch\/it\/wp-json\/wp\/v2\/product_tag?post=12119"}],"curies":[{"name":"wp","href":"https:\/\/api.w.org\/{rel}","templated":true}]}}