{"id":12830,"date":"2026-06-30T21:30:45","date_gmt":"2026-06-30T21:30:45","guid":{"rendered":"https:\/\/www.tracea.ch\/boutique\/non%20class\u00e9\/mens-ledro-shorts\/"},"modified":"2026-07-07T19:04:42","modified_gmt":"2026-07-07T19:04:42","slug":"mens-ledro-shorts","status":"publish","type":"product","link":"https:\/\/www.tracea.ch\/it\/boutique\/mens-ledro-shorts\/","title":{"rendered":"Men&rsquo;s Ledro Shorts"},"content":{"rendered":"<p>Pr\u00eat pour un tour \u2013 Ce confortable mod\u00e8le polyvalent est le choix id\u00e9al pour les petites et les grandes sorties \u00e0 VTT.Ultra-confortable et dot\u00e9 d&#8217;empi\u00e8cements en stretch ton sur ton, le Ledro Bike Shorts t&rsquo;offre une tr\u00e8s grande libert\u00e9 de mouvement. Le mat\u00e9riau fonctionnel l\u00e9ger et agr\u00e9able \u00e0 porter est fabriqu\u00e9 dans le plus grand respect de l&rsquo;environnement conform\u00e9ment \u00e0 la tr\u00e8s stricte norme bluesign\u00ae. Les coutures contrast\u00e9es lui conf\u00e8rent un look original. Cuissard avec rembourrage de fessier haute qualit\u00e9 inclus. Le label Green Shape de VAUDE garantit un produit \u00e9cologique, fonctionnel et fabriqu\u00e9 dans des mat\u00e9riaux durables.<\/p>\n<p><em>ceinture \u00e0 la coupe montante \u00e0 l&rsquo;arri\u00e8re, 1 poche lat\u00e9rale avec zip, 2 poches dans la d\u00e9coupe \u00e0 l&rsquo;avant, ceinture ajustable en largeur, coutures d\u00e9coratives, avec pantalon int\u00e9rieur avec matelassage du fessier<\/em><\/p>","protected":false},"excerpt":{"rendered":"<p>Short confortable pour le cyclisme # \u00e9lastique, respirant et \u00e0 s\u00e9chage rapide # cuissard inclus #fabrication \u00e9cologique<\/p>","protected":false},"featured_media":20204,"comment_status":"closed","ping_status":"open","template":"","meta":[],"product_brand":[375],"product_cat":[213,574,216],"product_tag":[365,368,422,421],"class_list":["post-12830","product","type-product","status-publish","has-post-thumbnail","product_brand-vaude","product_cat-boutique","product_cat-pantalons","product_cat-vetements","product_tag-boutique","product_tag-vente","product_tag-vente-vetement","product_tag-vetement","pa_couleur-black-black","pa_couleur-dark-sea","pa_taille-l","pa_taille-m","pa_taille-s","pa_taille-xl","pa_taille-xxl","pa_taille-xxxl","first","instock","purchasable","product-type-variable"],"_links":{"self":[{"href":"https:\/\/www.tracea.ch\/it\/wp-json\/wp\/v2\/product\/12830","targetHints":{"allow":["GET"]}}],"collection":[{"href":"https:\/\/www.tracea.ch\/it\/wp-json\/wp\/v2\/product"}],"about":[{"href":"https:\/\/www.tracea.ch\/it\/wp-json\/wp\/v2\/types\/product"}],"replies":[{"embeddable":true,"href":"https:\/\/www.tracea.ch\/it\/wp-json\/wp\/v2\/comments?post=12830"}],"version-history":[{"count":1,"href":"https:\/\/www.tracea.ch\/it\/wp-json\/wp\/v2\/product\/12830\/revisions"}],"predecessor-version":[{"id":28906,"href":"https:\/\/www.tracea.ch\/it\/wp-json\/wp\/v2\/product\/12830\/revisions\/28906"}],"wp:featuredmedia":[{"embeddable":true,"href":"https:\/\/www.tracea.ch\/it\/wp-json\/wp\/v2\/media\/20204"}],"wp:attachment":[{"href":"https:\/\/www.tracea.ch\/it\/wp-json\/wp\/v2\/media?parent=12830"}],"wp:term":[{"taxonomy":"product_brand","embeddable":true,"href":"https:\/\/www.tracea.ch\/it\/wp-json\/wp\/v2\/product_brand?post=12830"},{"taxonomy":"product_cat","embeddable":true,"href":"https:\/\/www.tracea.ch\/it\/wp-json\/wp\/v2\/product_cat?post=12830"},{"taxonomy":"product_tag","embeddable":true,"href":"https:\/\/www.tracea.ch\/it\/wp-json\/wp\/v2\/product_tag?post=12830"}],"curies":[{"name":"wp","href":"https:\/\/api.w.org\/{rel}","templated":true}]}}