{"id":12848,"date":"2026-06-30T21:31:18","date_gmt":"2026-06-30T21:31:18","guid":{"rendered":"https:\/\/www.tracea.ch\/boutique\/non%20class\u00e9\/womens-altissimo-shorts-ii\/"},"modified":"2026-07-07T19:05:30","modified_gmt":"2026-07-07T19:05:30","slug":"womens-altissimo-shorts-ii","status":"publish","type":"product","link":"https:\/\/www.tracea.ch\/it\/boutique\/womens-altissimo-shorts-ii\/","title":{"rendered":"Women&rsquo;s Altissimo Shorts II"},"content":{"rendered":"<p>Le short Women&rsquo;s Altissimo Shorts III est parfaitement \u00e0 l&rsquo;aise sur les trails VTT fluides. Le pantalon VTT \u00e0 la coupe d\u00e9contract\u00e9e en mati\u00e8re \u00e9lastique est le chouchou des circuits sinueux. La mati\u00e8re principale agr\u00e9ablement l\u00e9g\u00e8re et certifi\u00e9e selon la norme environnementale bluesign\u00ae aux couleurs contrast\u00e9es offre une libert\u00e9 de mouvement totale gr\u00e2ce \u00e0 son pourcentage d&rsquo;\u00e9lasthanne. Sa taille haute avec ouverture r\u00e9glable assure en outre un confort au porter agr\u00e9able. Cuissard \u00e0 fessier rembourr\u00e9 inclus et bas des jambes avec bande antid\u00e9rapante. Le label Green Shape de VAUDE garantit un produit \u00e9cologique, fonctionnel et fabriqu\u00e9 dans des mat\u00e9riaux durables.<\/p>\n<p><em>mati\u00e8re \u00e9lastique, 2 poches frontale avec zip cousu finement, ceinture avec passe-ceinture, ceinture ajustable en largeur, grand logo imprim\u00e9 d\u00e9coratif, avec pantalon int\u00e9rieur avec matelassage du fessier<\/em><\/p>","protected":false},"excerpt":{"rendered":"<p>Short \u00e9lastique pour le cyclisme # respirant et \u00e0 s\u00e9chage rapide # mati\u00e8re principale \u00e9lastique, cuissard inclus #mat\u00e9riau principal fabriqu\u00e9 principalement en polyamide recycl\u00e9<\/p>","protected":false},"featured_media":20397,"comment_status":"closed","ping_status":"open","template":"","meta":[],"product_brand":[375],"product_cat":[213,574,216],"product_tag":[365,368,422,421],"class_list":["post-12848","product","type-product","status-publish","has-post-thumbnail","product_brand-vaude","product_cat-boutique","product_cat-pantalons","product_cat-vetements","product_tag-boutique","product_tag-vente","product_tag-vente-vetement","product_tag-vetement","pa_couleur-black-uni","pa_couleur-brick","pa_couleur-dark-oak","pa_couleur-dark-sea","pa_taille-466","pa_taille-436","pa_taille-437","pa_taille-438","pa_taille-439","pa_taille-440","pa_taille-441","first","instock","purchasable","product-type-variable"],"_links":{"self":[{"href":"https:\/\/www.tracea.ch\/it\/wp-json\/wp\/v2\/product\/12848","targetHints":{"allow":["GET"]}}],"collection":[{"href":"https:\/\/www.tracea.ch\/it\/wp-json\/wp\/v2\/product"}],"about":[{"href":"https:\/\/www.tracea.ch\/it\/wp-json\/wp\/v2\/types\/product"}],"replies":[{"embeddable":true,"href":"https:\/\/www.tracea.ch\/it\/wp-json\/wp\/v2\/comments?post=12848"}],"version-history":[{"count":1,"href":"https:\/\/www.tracea.ch\/it\/wp-json\/wp\/v2\/product\/12848\/revisions"}],"predecessor-version":[{"id":28912,"href":"https:\/\/www.tracea.ch\/it\/wp-json\/wp\/v2\/product\/12848\/revisions\/28912"}],"wp:featuredmedia":[{"embeddable":true,"href":"https:\/\/www.tracea.ch\/it\/wp-json\/wp\/v2\/media\/20397"}],"wp:attachment":[{"href":"https:\/\/www.tracea.ch\/it\/wp-json\/wp\/v2\/media?parent=12848"}],"wp:term":[{"taxonomy":"product_brand","embeddable":true,"href":"https:\/\/www.tracea.ch\/it\/wp-json\/wp\/v2\/product_brand?post=12848"},{"taxonomy":"product_cat","embeddable":true,"href":"https:\/\/www.tracea.ch\/it\/wp-json\/wp\/v2\/product_cat?post=12848"},{"taxonomy":"product_tag","embeddable":true,"href":"https:\/\/www.tracea.ch\/it\/wp-json\/wp\/v2\/product_tag?post=12848"}],"curies":[{"name":"wp","href":"https:\/\/api.w.org\/{rel}","templated":true}]}}