{"id":14995,"date":"2026-06-30T22:22:04","date_gmt":"2026-06-30T22:22:04","guid":{"rendered":"https:\/\/www.tracea.ch\/boutique\/non%20class\u00e9\/womens-tamaro-shorts-ii\/"},"modified":"2026-07-07T21:49:23","modified_gmt":"2026-07-07T21:49:23","slug":"womens-tamaro-shorts-ii","status":"publish","type":"product","link":"https:\/\/www.tracea.ch\/it\/boutique\/womens-tamaro-shorts-ii\/","title":{"rendered":"Women&rsquo;s Tamaro Shorts II"},"content":{"rendered":"<p>Le short VTT ultraconfortable pour femme convient \u00e0 toute activit\u00e9 cycliste. Ce classique de VAUDE a \u00e9t\u00e9 revisit\u00e9 et se pr\u00e9sente \u00e0 nouveau avec 2poches en biais, une ceinture r\u00e9glable avec fermeture velcro, des genoux pr\u00e9form\u00e9s et des empi\u00e8cements \u00e9lastiques ton sur ton en polyester recycl\u00e9 pour une libert\u00e9 de mouvement tr\u00e8s g\u00e9n\u00e9reuse. Le short Tamaro pr\u00e9sente une coupe rehauss\u00e9e \u00e0 l&rsquo;arri\u00e8re et s&rsquo;accompagne d&rsquo;un cuissard avec rembourrage de fessier haut de gamme. La mati\u00e8re principale est respirante et \u00e0 s\u00e9chage rapide, tr\u00e8s r\u00e9sistante et pr\u00e9serve ainsi durablement les ressources. Une m\u00e9thode certifi\u00e9e du bilan massique est appliqu\u00e9e au cours de la fabrication du short VTT femme. De l&rsquo;huile de pyrolyse qui entre dans la fabrication du polyamide conventionnel est obtenue \u00e0 partir de pneus usag\u00e9s. Le recyclage chimique permet de r\u00e9duire les \u00e9missions de CO2 de 60%. Le label Green Shape de VAUDE garantit un produit \u00e9cologique, fonctionnel et fabriqu\u00e9 dans des mat\u00e9riaux durables certifi\u00e9s bluesign\u00ae.<\/p>\n<p><em>ceinture \u00e0 la coupe montante \u00e0 l&rsquo;arri\u00e8re, parties en stretch, 1 poche lat\u00e9rale avec zip, 2 poches dans la d\u00e9coupe \u00e0 l&rsquo;avant, ceinture avec passe-ceinture, ceinture ajustable en largeur, avec pantalon int\u00e9rieur avec matelassage du fessier<\/em><\/p>","protected":false},"excerpt":{"rendered":"<p>Short femme sportif pour les circuits de plusieurs jours #respirant et \u00e0 s\u00e9chage rapide #avec cuissard amovible #climatiquement neutre&nbsp;; fabrication \u00e9cologique par recyclage innovant de pneus usag\u00e9s sous utilisation d&rsquo;une m\u00e9thode du bilan massique<\/p>","protected":false},"featured_media":23305,"comment_status":"closed","ping_status":"open","template":"","meta":[],"product_brand":[375],"product_cat":[213,574,216],"product_tag":[365,368,422,421],"class_list":["post-14995","product","type-product","status-publish","has-post-thumbnail","product_brand-vaude","product_cat-boutique","product_cat-pantalons","product_cat-vetements","product_tag-boutique","product_tag-vente","product_tag-vente-vetement","product_tag-vetement","pa_couleur-agave","pa_couleur-black","pa_couleur-brick","pa_couleur-dark-sea","pa_taille-466","pa_taille-436","pa_taille-437","pa_taille-438","pa_taille-439","pa_taille-440","pa_taille-441","pa_taille-459","first","instock","purchasable","product-type-variable"],"_links":{"self":[{"href":"https:\/\/www.tracea.ch\/it\/wp-json\/wp\/v2\/product\/14995","targetHints":{"allow":["GET"]}}],"collection":[{"href":"https:\/\/www.tracea.ch\/it\/wp-json\/wp\/v2\/product"}],"about":[{"href":"https:\/\/www.tracea.ch\/it\/wp-json\/wp\/v2\/types\/product"}],"replies":[{"embeddable":true,"href":"https:\/\/www.tracea.ch\/it\/wp-json\/wp\/v2\/comments?post=14995"}],"version-history":[{"count":1,"href":"https:\/\/www.tracea.ch\/it\/wp-json\/wp\/v2\/product\/14995\/revisions"}],"predecessor-version":[{"id":29627,"href":"https:\/\/www.tracea.ch\/it\/wp-json\/wp\/v2\/product\/14995\/revisions\/29627"}],"wp:featuredmedia":[{"embeddable":true,"href":"https:\/\/www.tracea.ch\/it\/wp-json\/wp\/v2\/media\/23305"}],"wp:attachment":[{"href":"https:\/\/www.tracea.ch\/it\/wp-json\/wp\/v2\/media?parent=14995"}],"wp:term":[{"taxonomy":"product_brand","embeddable":true,"href":"https:\/\/www.tracea.ch\/it\/wp-json\/wp\/v2\/product_brand?post=14995"},{"taxonomy":"product_cat","embeddable":true,"href":"https:\/\/www.tracea.ch\/it\/wp-json\/wp\/v2\/product_cat?post=14995"},{"taxonomy":"product_tag","embeddable":true,"href":"https:\/\/www.tracea.ch\/it\/wp-json\/wp\/v2\/product_tag?post=14995"}],"curies":[{"name":"wp","href":"https:\/\/api.w.org\/{rel}","templated":true}]}}