{"id":15033,"date":"2026-06-30T22:22:48","date_gmt":"2026-06-30T22:22:48","guid":{"rendered":"https:\/\/www.tracea.ch\/boutique\/non%20class\u00e9\/mens-tamaro-shorts-ii\/"},"modified":"2026-07-07T21:50:14","modified_gmt":"2026-07-07T21:50:14","slug":"mens-tamaro-shorts-ii","status":"publish","type":"product","link":"https:\/\/www.tracea.ch\/it\/boutique\/mens-tamaro-shorts-ii\/","title":{"rendered":"Men&rsquo;s Tamaro Shorts II"},"content":{"rendered":"<p>Le short VTT pour homme n&rsquo;est pas seulement ultraconfortable mais convient aussi \u00e0 toute activit\u00e9 en selle. Nous avons l\u00e9g\u00e8rement revisit\u00e9 le classique de VAUDE. Les 2poches en biais, une ceinture r\u00e9glable avec fermeture velcro, des genoux pr\u00e9form\u00e9s et des empi\u00e8cements \u00e9lastiques ton sur ton en polyester recycl\u00e9 pour une libert\u00e9 de mouvement tr\u00e8s g\u00e9n\u00e9reuse sont conserv\u00e9s. Le short de v\u00e9lo Tamaro est rehauss\u00e9 \u00e0 l&rsquo;arri\u00e8re; un cuissard avec rembourrage de fessier haut de gamme est inclus. La mati\u00e8re principale est respirante et \u00e0 s\u00e9chage rapide, tr\u00e8s r\u00e9sistante et pr\u00e9serve ainsi durablement les ressources. Sa fabrication est r\u00e9alis\u00e9e \u00e0 travers une m\u00e9thode certifi\u00e9e du bilan massique. De l&rsquo;huile de pyrolyse qui entre dans la fabrication du polyamide conventionnel est obtenue \u00e0 partir de pneus usag\u00e9s. Le recyclage chimique permet de r\u00e9duire les \u00e9missions de CO2 de 60%. Le label Green Shape de VAUDE garantit un produit \u00e9cologique, fonctionnel et fabriqu\u00e9 dans des mat\u00e9riaux durables certifi\u00e9s bluesign\u00ae.<\/p>\n<p><em>ceinture \u00e0 la coupe montante \u00e0 l&rsquo;arri\u00e8re, parties en stretch, 1 poche lat\u00e9rale avec zip, 2 poches dans la d\u00e9coupe \u00e0 l&rsquo;avant, ceinture avec passe-ceinture, ceinture ajustable en largeur, coutures d\u00e9coratives, avec pantalon int\u00e9rieur avec matelassage du fessier<\/em><\/p>","protected":false},"excerpt":{"rendered":"<p>Short homme sportif pour les circuits de plusieurs jours \u00e0 v\u00e9lo #respirant et \u00e0 s\u00e9chage rapide #avec cuissard amovible #climatiquement neutre; fabrication \u00e9cologique par recyclage innovant de pneus usag\u00e9s sous utilisation d&rsquo;une m\u00e9thode du bilan massique<\/p>","protected":false},"featured_media":23326,"comment_status":"closed","ping_status":"open","template":"","meta":[],"product_brand":[375],"product_cat":[213,574,216],"product_tag":[365,368,422,421],"class_list":["post-15033","product","type-product","status-publish","has-post-thumbnail","product_brand-vaude","product_cat-boutique","product_cat-pantalons","product_cat-vetements","product_tag-boutique","product_tag-vente","product_tag-vente-vetement","product_tag-vetement","pa_couleur-black","pa_couleur-dark-sea","pa_couleur-willow-green","pa_taille-l","pa_taille-m","pa_taille-s","pa_taille-xl","pa_taille-xxl","pa_taille-xxxl","pa_taille-xxxxl","first","instock","purchasable","product-type-variable"],"_links":{"self":[{"href":"https:\/\/www.tracea.ch\/it\/wp-json\/wp\/v2\/product\/15033","targetHints":{"allow":["GET"]}}],"collection":[{"href":"https:\/\/www.tracea.ch\/it\/wp-json\/wp\/v2\/product"}],"about":[{"href":"https:\/\/www.tracea.ch\/it\/wp-json\/wp\/v2\/types\/product"}],"replies":[{"embeddable":true,"href":"https:\/\/www.tracea.ch\/it\/wp-json\/wp\/v2\/comments?post=15033"}],"version-history":[{"count":1,"href":"https:\/\/www.tracea.ch\/it\/wp-json\/wp\/v2\/product\/15033\/revisions"}],"predecessor-version":[{"id":29639,"href":"https:\/\/www.tracea.ch\/it\/wp-json\/wp\/v2\/product\/15033\/revisions\/29639"}],"wp:featuredmedia":[{"embeddable":true,"href":"https:\/\/www.tracea.ch\/it\/wp-json\/wp\/v2\/media\/23326"}],"wp:attachment":[{"href":"https:\/\/www.tracea.ch\/it\/wp-json\/wp\/v2\/media?parent=15033"}],"wp:term":[{"taxonomy":"product_brand","embeddable":true,"href":"https:\/\/www.tracea.ch\/it\/wp-json\/wp\/v2\/product_brand?post=15033"},{"taxonomy":"product_cat","embeddable":true,"href":"https:\/\/www.tracea.ch\/it\/wp-json\/wp\/v2\/product_cat?post=15033"},{"taxonomy":"product_tag","embeddable":true,"href":"https:\/\/www.tracea.ch\/it\/wp-json\/wp\/v2\/product_tag?post=15033"}],"curies":[{"name":"wp","href":"https:\/\/api.w.org\/{rel}","templated":true}]}}