{"id":15248,"date":"2026-06-30T22:26:57","date_gmt":"2026-06-30T22:26:57","guid":{"rendered":"https:\/\/www.tracea.ch\/boutique\/non%20class\u00e9\/mens-posta-bib-tights\/"},"modified":"2026-07-07T21:56:57","modified_gmt":"2026-07-07T21:56:57","slug":"mens-posta-bib-tights","status":"publish","type":"product","link":"https:\/\/www.tracea.ch\/it\/boutique\/mens-posta-bib-tights\/","title":{"rendered":"Men&rsquo;s Posta Bib Tights"},"content":{"rendered":"<p>Le pantalon de v\u00e9lo de course \u00e0 bretelles Posta pour homme s&rsquo;adresse aux cyclistes qui privil\u00e9gient la performance et le respect de l&rsquo;environnement. La mati\u00e8re principale est compos\u00e9e de polyamide recycl\u00e9 obtenu par upcycling de mat\u00e9riaux textiles tels que p. ex. des filets de p\u00eache usag\u00e9s. Le coussinet VAUDE R-Pad att\u00e9nue \u00e9galement les douleurs sur la selle et favorise une sensation imm\u00e9diate de confort de conduite. Les bretelles du pantalon de v\u00e9lo de course pour homme pr\u00e9sente une coupe ergonomique avec des coutures plates, une bordure plate et des bas de jambe silicon\u00e9s. Les bretelles l\u00e9g\u00e8res tr\u00e8s \u00e9lastiques \u00e9pousent parfaitement la silhouette du torse. Le pantalon \u00e0 bretelles Posta homme pour le v\u00e9lo de course est presque int\u00e9gralement compos\u00e9 de mat\u00e9riaux recycl\u00e9s et est parfaitement assorti aux autres articles des collections Posta et Matera. Le label Green Shape de VAUDE garantit un produit \u00e9cologique et fonctionnel fabriqu\u00e9 dans des mat\u00e9riaux durables.<\/p>\n<p><em>coupe ergonomique, coutures enti\u00e8rement \u00e9lastiques, matelassage hautement respirant, multi \u00e9paisseurs et ergonomique, bretelles en mesh dans la d\u00e9coupe, bordures avec impression en silicone int\u00e9rieure, bavette arri\u00e8re avec parties en mesh pour l&rsquo;a\u00e9ration<\/em><\/p>","protected":false},"excerpt":{"rendered":"<p>Pantalon de v\u00e9lo de course \u00e0 bretelles homme sportif et \u00e0 usage universel #avec R-Pad VAUDE, optimal pour les parcours sur route #respirant, \u00e9lastique et \u00e0 s\u00e9chage rapide #fabrication \u00e9cologique \u00e0 partir de mat\u00e9riau recycl\u00e9 en Europe<\/p>","protected":false},"featured_media":23434,"comment_status":"closed","ping_status":"open","template":"","meta":[],"product_brand":[375],"product_cat":[213,574,216],"product_tag":[365,368,422,421],"class_list":["post-15248","product","type-product","status-publish","has-post-thumbnail","product_brand-vaude","product_cat-boutique","product_cat-pantalons","product_cat-vetements","product_tag-boutique","product_tag-vente","product_tag-vente-vetement","product_tag-vetement","pa_couleur-black","pa_couleur-dark-sea","pa_taille-l","pa_taille-m","pa_taille-s","pa_taille-xl","pa_taille-xxl","pa_taille-xxxl","first","instock","purchasable","product-type-variable"],"_links":{"self":[{"href":"https:\/\/www.tracea.ch\/it\/wp-json\/wp\/v2\/product\/15248","targetHints":{"allow":["GET"]}}],"collection":[{"href":"https:\/\/www.tracea.ch\/it\/wp-json\/wp\/v2\/product"}],"about":[{"href":"https:\/\/www.tracea.ch\/it\/wp-json\/wp\/v2\/types\/product"}],"replies":[{"embeddable":true,"href":"https:\/\/www.tracea.ch\/it\/wp-json\/wp\/v2\/comments?post=15248"}],"version-history":[{"count":1,"href":"https:\/\/www.tracea.ch\/it\/wp-json\/wp\/v2\/product\/15248\/revisions"}],"predecessor-version":[{"id":29696,"href":"https:\/\/www.tracea.ch\/it\/wp-json\/wp\/v2\/product\/15248\/revisions\/29696"}],"wp:featuredmedia":[{"embeddable":true,"href":"https:\/\/www.tracea.ch\/it\/wp-json\/wp\/v2\/media\/23434"}],"wp:attachment":[{"href":"https:\/\/www.tracea.ch\/it\/wp-json\/wp\/v2\/media?parent=15248"}],"wp:term":[{"taxonomy":"product_brand","embeddable":true,"href":"https:\/\/www.tracea.ch\/it\/wp-json\/wp\/v2\/product_brand?post=15248"},{"taxonomy":"product_cat","embeddable":true,"href":"https:\/\/www.tracea.ch\/it\/wp-json\/wp\/v2\/product_cat?post=15248"},{"taxonomy":"product_tag","embeddable":true,"href":"https:\/\/www.tracea.ch\/it\/wp-json\/wp\/v2\/product_tag?post=15248"}],"curies":[{"name":"wp","href":"https:\/\/api.w.org\/{rel}","templated":true}]}}