{"id":15308,"date":"2026-06-30T22:28:09","date_gmt":"2026-06-30T22:28:09","guid":{"rendered":"https:\/\/www.tracea.ch\/boutique\/non%20class\u00e9\/kids-badile-shorts-ii\/"},"modified":"2026-07-07T21:59:04","modified_gmt":"2026-07-07T21:59:04","slug":"kids-badile-shorts-ii","status":"publish","type":"product","link":"https:\/\/www.tracea.ch\/it\/boutique\/kids-badile-shorts-ii\/","title":{"rendered":"Kids Badile Shorts II"},"content":{"rendered":"<p>Le short estival et \u00e9lastique pour les fous de plein-air! Le short Kids Badile Shorts II est ultrarobuste, durable et de plus respectueux du climat gr\u00e2ce aux mat\u00e9riaux recycl\u00e9s. Ce short enfant accompagne la croissance des enfants gr\u00e2ce \u00e0 la largeur r\u00e9glable interne et offre une grande libert\u00e9 de mouvement gr\u00e2ce \u00e0 l&#8217;empi\u00e8cement \u00e9lastique suppl\u00e9mentaire dans l&rsquo;entrejambe. Deux poches en biais zipp\u00e9es pratiques permettent de conserver des mouchoirs et des petites trouvailles. Le short enfant est facile d&rsquo;entretien, s\u00e8che rapidement et se laisse nettoyer \u00e0 la main de temps \u00e0 autre. Le label Green Shape de VAUDE garantit un produit \u00e9cologique, fonctionnel et fabriqu\u00e9 dans des mat\u00e9riaux durables certifi\u00e9s bluesign\u00ae.<\/p>\n<p><em>2 poches frontales avec fermeture \u00e9clair, ceinture avec ajustage int\u00e9rieur de la largeur<\/em><\/p>","protected":false},"excerpt":{"rendered":"<p>Short softshell l\u00e9ger et \u00e9lastique pour enfant #ceinture r\u00e9glable en largeur #poches en biais zipp\u00e9es #climatiquement neutre&nbsp;; fabrication en mat\u00e9riau recycl\u00e9<\/p>","protected":false},"featured_media":23466,"comment_status":"closed","ping_status":"open","template":"","meta":[],"product_brand":[375],"product_cat":[213,574,216],"product_tag":[365,368,422,421],"class_list":["post-15308","product","type-product","status-publish","has-post-thumbnail","product_brand-vaude","product_cat-boutique","product_cat-pantalons","product_cat-vetements","product_tag-boutique","product_tag-vente","product_tag-vente-vetement","product_tag-vetement","pa_couleur-dark-sea","pa_couleur-icicle","pa_couleur-woodland","pa_taille-424","pa_taille-110-116","pa_taille-122-128","pa_taille-134-140","pa_taille-146-152","pa_taille-158-164","pa_taille-423","first","instock","purchasable","product-type-variable"],"_links":{"self":[{"href":"https:\/\/www.tracea.ch\/it\/wp-json\/wp\/v2\/product\/15308","targetHints":{"allow":["GET"]}}],"collection":[{"href":"https:\/\/www.tracea.ch\/it\/wp-json\/wp\/v2\/product"}],"about":[{"href":"https:\/\/www.tracea.ch\/it\/wp-json\/wp\/v2\/types\/product"}],"replies":[{"embeddable":true,"href":"https:\/\/www.tracea.ch\/it\/wp-json\/wp\/v2\/comments?post=15308"}],"version-history":[{"count":1,"href":"https:\/\/www.tracea.ch\/it\/wp-json\/wp\/v2\/product\/15308\/revisions"}],"predecessor-version":[{"id":29709,"href":"https:\/\/www.tracea.ch\/it\/wp-json\/wp\/v2\/product\/15308\/revisions\/29709"}],"wp:featuredmedia":[{"embeddable":true,"href":"https:\/\/www.tracea.ch\/it\/wp-json\/wp\/v2\/media\/23466"}],"wp:attachment":[{"href":"https:\/\/www.tracea.ch\/it\/wp-json\/wp\/v2\/media?parent=15308"}],"wp:term":[{"taxonomy":"product_brand","embeddable":true,"href":"https:\/\/www.tracea.ch\/it\/wp-json\/wp\/v2\/product_brand?post=15308"},{"taxonomy":"product_cat","embeddable":true,"href":"https:\/\/www.tracea.ch\/it\/wp-json\/wp\/v2\/product_cat?post=15308"},{"taxonomy":"product_tag","embeddable":true,"href":"https:\/\/www.tracea.ch\/it\/wp-json\/wp\/v2\/product_tag?post=15308"}],"curies":[{"name":"wp","href":"https:\/\/api.w.org\/{rel}","templated":true}]}}