{"id":15573,"date":"2026-06-30T22:33:03","date_gmt":"2026-06-30T22:33:03","guid":{"rendered":"https:\/\/www.tracea.ch\/boutique\/non%20class\u00e9\/womens-kuro-shorts-ii\/"},"modified":"2026-07-07T22:07:26","modified_gmt":"2026-07-07T22:07:26","slug":"womens-kuro-shorts-ii","status":"publish","type":"product","link":"https:\/\/www.tracea.ch\/it\/boutique\/womens-kuro-shorts-ii\/","title":{"rendered":"Women&rsquo;s Kuro Shorts II"},"content":{"rendered":"<p>Pour les adeptes du gravel, qui appr\u00e9cient les choses pas compliqu\u00e9es et le look d\u00e9contract\u00e9. Le short femme Kuro pour le gravel peut s&rsquo;enfiler rapidement au-dessus d&rsquo;un legging pour un effet des plus sympathiques. La mati\u00e8re \u00e9lastique l\u00e9g\u00e8re, perfor\u00e9e pour assurer une respirabilit\u00e9 particuli\u00e8rement efficace, est tr\u00e8s robuste et s\u00e8che rapidement. La ceinture \u00e9lastique confortable se passe de fermeture mais offre une bonne tenue gr\u00e2ce \u00e0 son \u00e9lastique silicon\u00e9 au dos. La mati\u00e8re tr\u00e8s douce \u00e9pousant le corps et int\u00e9gr\u00e9e sur les c\u00f4t\u00e9s et au dos, ainsi que les fentes lat\u00e9rales aux jambes, favorisent la libert\u00e9 illimit\u00e9e de mouvement lors du p\u00e9dalage. 2\u00a0poches zipp\u00e9es plus basses viennent compl\u00e9ter les prestations de ce short tout confort. Il convient parfaitement au legging Kuro Tights et s&rsquo;harmonise bien en termes de fonctionnalit\u00e9 et de look avec le maillot Kuro. Le short Kuro femme de gravel tr\u00e8s l\u00e9ger et dans une coupe Slim Fit est compos\u00e9 de mati\u00e8res principalement recycl\u00e9es et certifi\u00e9es bluesign\u00ae, et appr\u00eat\u00e9 avec la finition Eco Finish d\u00e9perlante et anti-salissures. Le label Green Shape de VAUDE garantit un produit \u00e9cologique, fonctionnel et fabriqu\u00e9 dans des mat\u00e9riaux durables.<\/p>\n<p><em>coupe ergonomique, fentes lat\u00e9rales, partie anti-d\u00e9rapant dans le dos, 2 poches zipp\u00e9es sur le c\u00f4t\u00e9, ceinture \u00e9lastique avec impression en silicone int\u00e9rieure, \u00e9l\u00e9ments r\u00e9fl\u00e9chissants<\/em><\/p>","protected":false},"excerpt":{"rendered":"<p>Short de gravel femme l\u00e9ger et tr\u00e8s \u00e9lastique #perfor\u00e9, respirant et \u00e0 s\u00e9chage rapide #avec 2&nbsp;poches zipp\u00e9es #fabrication \u00e9cologique en mat\u00e9riaux principalement recycl\u00e9s<\/p>","protected":false},"featured_media":23820,"comment_status":"closed","ping_status":"open","template":"","meta":[],"product_brand":[375],"product_cat":[213,574,216],"product_tag":[365,368,422,421],"class_list":["post-15573","product","type-product","status-publish","has-post-thumbnail","product_brand-vaude","product_cat-boutique","product_cat-pantalons","product_cat-vetements","product_tag-boutique","product_tag-vente","product_tag-vente-vetement","product_tag-vetement","pa_couleur-black","pa_couleur-dark-sea","pa_taille-436","pa_taille-437","pa_taille-438","pa_taille-439","pa_taille-440","first","instock","purchasable","product-type-variable"],"_links":{"self":[{"href":"https:\/\/www.tracea.ch\/it\/wp-json\/wp\/v2\/product\/15573","targetHints":{"allow":["GET"]}}],"collection":[{"href":"https:\/\/www.tracea.ch\/it\/wp-json\/wp\/v2\/product"}],"about":[{"href":"https:\/\/www.tracea.ch\/it\/wp-json\/wp\/v2\/types\/product"}],"replies":[{"embeddable":true,"href":"https:\/\/www.tracea.ch\/it\/wp-json\/wp\/v2\/comments?post=15573"}],"version-history":[{"count":1,"href":"https:\/\/www.tracea.ch\/it\/wp-json\/wp\/v2\/product\/15573\/revisions"}],"predecessor-version":[{"id":29791,"href":"https:\/\/www.tracea.ch\/it\/wp-json\/wp\/v2\/product\/15573\/revisions\/29791"}],"wp:featuredmedia":[{"embeddable":true,"href":"https:\/\/www.tracea.ch\/it\/wp-json\/wp\/v2\/media\/23820"}],"wp:attachment":[{"href":"https:\/\/www.tracea.ch\/it\/wp-json\/wp\/v2\/media?parent=15573"}],"wp:term":[{"taxonomy":"product_brand","embeddable":true,"href":"https:\/\/www.tracea.ch\/it\/wp-json\/wp\/v2\/product_brand?post=15573"},{"taxonomy":"product_cat","embeddable":true,"href":"https:\/\/www.tracea.ch\/it\/wp-json\/wp\/v2\/product_cat?post=15573"},{"taxonomy":"product_tag","embeddable":true,"href":"https:\/\/www.tracea.ch\/it\/wp-json\/wp\/v2\/product_tag?post=15573"}],"curies":[{"name":"wp","href":"https:\/\/api.w.org\/{rel}","templated":true}]}}