{"id":16116,"date":"2026-06-30T22:43:35","date_gmt":"2026-06-30T22:43:35","guid":{"rendered":"https:\/\/www.tracea.ch\/boutique\/non%20class\u00e9\/mens-elope-softshell-pants\/"},"modified":"2026-07-07T22:21:04","modified_gmt":"2026-07-07T22:21:04","slug":"mens-elope-softshell-pants","status":"publish","type":"product","link":"https:\/\/www.tracea.ch\/it\/boutique\/mens-elope-softshell-pants\/","title":{"rendered":"Men&rsquo;s Elope Softshell Pants"},"content":{"rendered":"<p>Le pantalon softshell Elope durable homme est id\u00e9al pour tout type de sport outdoor en automne et en hiver\u00a0: il est \u00e9tanche au vent et d\u00e9perlant. La face int\u00e9rieure l\u00e9g\u00e8rement gratt\u00e9e est isolante et dispense une chaleur agr\u00e9able\u00a0: le pantalon est donc la tenue parfaite pour la luge et les raquettes. La mati\u00e8re est en m\u00eame temps ultra respirante, \u00e9vacue l&rsquo;humidit\u00e9 et offre ainsi un meilleur confort au porter. Le tissu \u00e9lastique et la coupe d\u00e9contract\u00e9e offrent au pantalon softshell homme une tenue aussi impeccable qu&rsquo;agr\u00e9able. Deux poches avant zipp\u00e9es ainsi qu&rsquo;une poche lat\u00e9rale offrent suffisamment de place pour abriter un smartphone, un porte-monnaie ou de petites affaires. Le pantalon softshell est dot\u00e9 de la finition d\u00e9perlante et antisalissures Eco Finish sans PFC. Le label Green Shape de VAUDE garantit un produit \u00e9cologique, fonctionnel et fabriqu\u00e9 dans des mat\u00e9riaux durables certifi\u00e9s bluesign\u00ae.<\/p>\n<p><em>2 poches frontales avec fermeture \u00e9clair, 1 poche arri\u00e8re zipp\u00e9e, 1 poche zipp\u00e9e sur le jambe, genoux pr\u00e9form\u00e9s<\/em><\/p>","protected":false},"excerpt":{"rendered":"<p>Pantalon softshell homme \u00e9tanche au vent pour sports outdoor #chaud, d\u00e9perlant et respirant #plusieurs poches pour grand espace de rangement #mati\u00e8re principale partiellement fabriqu\u00e9e en polyester recycl\u00e9<\/p>","protected":false},"featured_media":24900,"comment_status":"closed","ping_status":"open","template":"","meta":[],"product_brand":[375],"product_cat":[213,574,216],"product_tag":[365,368,422,421],"class_list":["post-16116","product","type-product","status-publish","has-post-thumbnail","product_brand-vaude","product_cat-boutique","product_cat-pantalons","product_cat-vetements","product_tag-boutique","product_tag-vente","product_tag-vente-vetement","product_tag-vetement","pa_couleur-baltic-sea","pa_couleur-black","pa_taille-441","pa_taille-46-short","pa_taille-459","pa_taille-48-short","pa_taille-469","pa_taille-50-short","pa_taille-472","pa_taille-52-short","pa_taille-587","pa_taille-54-short","pa_taille-543","pa_taille-56-short","pa_taille-623","pa_taille-58-short","first","instock","purchasable","product-type-variable"],"_links":{"self":[{"href":"https:\/\/www.tracea.ch\/it\/wp-json\/wp\/v2\/product\/16116","targetHints":{"allow":["GET"]}}],"collection":[{"href":"https:\/\/www.tracea.ch\/it\/wp-json\/wp\/v2\/product"}],"about":[{"href":"https:\/\/www.tracea.ch\/it\/wp-json\/wp\/v2\/types\/product"}],"replies":[{"embeddable":true,"href":"https:\/\/www.tracea.ch\/it\/wp-json\/wp\/v2\/comments?post=16116"}],"version-history":[{"count":1,"href":"https:\/\/www.tracea.ch\/it\/wp-json\/wp\/v2\/product\/16116\/revisions"}],"predecessor-version":[{"id":29914,"href":"https:\/\/www.tracea.ch\/it\/wp-json\/wp\/v2\/product\/16116\/revisions\/29914"}],"wp:featuredmedia":[{"embeddable":true,"href":"https:\/\/www.tracea.ch\/it\/wp-json\/wp\/v2\/media\/24900"}],"wp:attachment":[{"href":"https:\/\/www.tracea.ch\/it\/wp-json\/wp\/v2\/media?parent=16116"}],"wp:term":[{"taxonomy":"product_brand","embeddable":true,"href":"https:\/\/www.tracea.ch\/it\/wp-json\/wp\/v2\/product_brand?post=16116"},{"taxonomy":"product_cat","embeddable":true,"href":"https:\/\/www.tracea.ch\/it\/wp-json\/wp\/v2\/product_cat?post=16116"},{"taxonomy":"product_tag","embeddable":true,"href":"https:\/\/www.tracea.ch\/it\/wp-json\/wp\/v2\/product_tag?post=16116"}],"curies":[{"name":"wp","href":"https:\/\/api.w.org\/{rel}","templated":true}]}}