{"id":16149,"date":"2026-06-30T22:44:11","date_gmt":"2026-06-30T22:44:11","guid":{"rendered":"https:\/\/www.tracea.ch\/boutique\/non%20class\u00e9\/womens-mineo-hiver-pants-ii\/"},"modified":"2026-07-07T22:21:27","modified_gmt":"2026-07-07T22:21:27","slug":"womens-mineo-hiver-pants-ii","status":"publish","type":"product","link":"https:\/\/www.tracea.ch\/it\/boutique\/womens-mineo-hiver-pants-ii\/","title":{"rendered":"Women&rsquo;s Mineo Hiver Pants II"},"content":{"rendered":"<p>Pantalon d&rsquo;hiver femme ultra agr\u00e9able pour la saison froide de l&rsquo;ann\u00e9e\u00a0: Le pantalon d&rsquo;hiver urbain Mineo est la tenue parfaite pour les temp\u00e9ratures glaciales avec sa doublure chaude\u00a0! La taille \u00e9lastique avec cordon assure un parfait maintien. Les deux poches avant sont pratiques et les poches arri\u00e8re lat\u00e9rales zipp\u00e9es permettent de conserver des cl\u00e9s et de la monnaie en toute s\u00e9curit\u00e9. Les navetteuses n&rsquo;ont pas \u00e9t\u00e9 oubli\u00e9es, car les coutures dans l&rsquo;entrejambe sont dispos\u00e9es en pince pour \u00e9viter les frottements sur la selle en plus des \u00e9l\u00e9ments r\u00e9fl\u00e9chissants int\u00e9gr\u00e9s dans l&rsquo;ourlet rabattable \u00e0 la cheville. Un pantalon d&rsquo;hiver polyvalent et \u00e9lastique en mati\u00e8re \u00e9cologique, qui ne se contente pas de repousser le vent et l&rsquo;humidit\u00e9, mais se montre aussi tr\u00e8s facile d&rsquo;entretien. Le label Green Shape de VAUDE garantit un produit \u00e9cologique, fonctionnel et fabriqu\u00e9 dans des mat\u00e9riaux durables. En tant que membre Leader de l&rsquo;organisme ind\u00e9pendant Fair Wear, VAUDE s&rsquo;engage en faveur de conditions de travail et de salaires \u00e9quitables.<\/p>\n<p><em>ceinture avec \u00e9lastique et cordon, 2 poches sur le devant, 1 poche dorsale avec zip, ourlet rabattable, \u00e9l\u00e9ments r\u00e9fl\u00e9chissants<\/em><\/p>","protected":false},"excerpt":{"rendered":"<p>Pantalon d&rsquo;hiver chauffant pour la ville avec doublure chaude #pantalon \u00e0 enfiler tr\u00e8s confortable #\u00e9quipement bien pens\u00e9 #mati\u00e8re principale&nbsp;: \u00e9cofabrication par recyclage innovant de pneus usag\u00e9s sous utilisation d&rsquo;une m\u00e9thode de bilan massique<\/p>","protected":false},"featured_media":24945,"comment_status":"closed","ping_status":"open","template":"","meta":[],"product_brand":[375],"product_cat":[213,574,216],"product_tag":[365,368,422,421],"class_list":["post-16149","product","type-product","status-publish","has-post-thumbnail","product_brand-vaude","product_cat-boutique","product_cat-pantalons","product_cat-vetements","product_tag-boutique","product_tag-vente","product_tag-vente-vetement","product_tag-vetement","pa_couleur-black","pa_couleur-dark-sea","pa_taille-436","pa_taille-437","pa_taille-438","pa_taille-439","pa_taille-440","pa_taille-441","first","instock","purchasable","product-type-variable"],"_links":{"self":[{"href":"https:\/\/www.tracea.ch\/it\/wp-json\/wp\/v2\/product\/16149","targetHints":{"allow":["GET"]}}],"collection":[{"href":"https:\/\/www.tracea.ch\/it\/wp-json\/wp\/v2\/product"}],"about":[{"href":"https:\/\/www.tracea.ch\/it\/wp-json\/wp\/v2\/types\/product"}],"replies":[{"embeddable":true,"href":"https:\/\/www.tracea.ch\/it\/wp-json\/wp\/v2\/comments?post=16149"}],"version-history":[{"count":1,"href":"https:\/\/www.tracea.ch\/it\/wp-json\/wp\/v2\/product\/16149\/revisions"}],"predecessor-version":[{"id":29921,"href":"https:\/\/www.tracea.ch\/it\/wp-json\/wp\/v2\/product\/16149\/revisions\/29921"}],"wp:featuredmedia":[{"embeddable":true,"href":"https:\/\/www.tracea.ch\/it\/wp-json\/wp\/v2\/media\/24945"}],"wp:attachment":[{"href":"https:\/\/www.tracea.ch\/it\/wp-json\/wp\/v2\/media?parent=16149"}],"wp:term":[{"taxonomy":"product_brand","embeddable":true,"href":"https:\/\/www.tracea.ch\/it\/wp-json\/wp\/v2\/product_brand?post=16149"},{"taxonomy":"product_cat","embeddable":true,"href":"https:\/\/www.tracea.ch\/it\/wp-json\/wp\/v2\/product_cat?post=16149"},{"taxonomy":"product_tag","embeddable":true,"href":"https:\/\/www.tracea.ch\/it\/wp-json\/wp\/v2\/product_tag?post=16149"}],"curies":[{"name":"wp","href":"https:\/\/api.w.org\/{rel}","templated":true}]}}