{"id":30000,"date":"2026-07-07T22:27:26","date_gmt":"2026-07-07T22:27:26","guid":{"rendered":"https:\/\/www.tracea.ch\/boutique\/non%20class\u00e9\/womens-skomer-pants-iii\/"},"modified":"2026-07-07T22:29:35","modified_gmt":"2026-07-07T22:29:35","slug":"womens-skomer-pants-iii","status":"publish","type":"product","link":"https:\/\/www.tracea.ch\/it\/boutique\/womens-skomer-pants-iii\/","title":{"rendered":"Women&rsquo;s Skomer Pants III"},"content":{"rendered":"<p>Le pantalon de randonn\u00e9e Skomer III pour femme est d&rsquo;un usage pratique sur les circuits et confortable au quotidien. Le tissu l\u00e9ger \u00e9pouse agr\u00e9ablement le corps. Une faible teneur en \u00e9lasthanne apporte son \u00e9lasticit\u00e9 au pantalon et garantit une aisance de mouvement optimale. La taille haute partiellement \u00e9lastique offre une bonne tenue en permanence. La mati\u00e8re est facile d&rsquo;entretien et s\u00e8che en un rien de temps pour pouvoir enfiler le pantalon sit\u00f4t apr\u00e8s l&rsquo;avoir lav\u00e9, aussi sur des circuits de plusieurs jours. Deux poches zipp\u00e9es permettent de ranger des petites affaires n\u00e9cessaires en randonn\u00e9e. Le pantalon de randonn\u00e9e Skomer ne s\u00e9duit pas seulement en mati\u00e8re de confort et de fonctionnalit\u00e9. Sa coupe f\u00e9minine flattant la silhouette, la longueur 7\/8 moderne avec une petite fente \u00e0 l&rsquo;ourlet en font un pantalon id\u00e9al pour le quotidien. Le label Green Shape de VAUDE garantit un produit \u00e9cologique, fonctionnel et fabriqu\u00e9 dans des mat\u00e9riaux durables.<\/p>\n<p><em>mati\u00e8re \u00e9lastique, ceinture avec parties \u00e9lastiques, ceinture \u00e0 la coupe montante \u00e0 l&rsquo;arri\u00e8re, boucle de ceinture, 2 poches frontale avec zip cousu finement, genoux pr\u00e9form\u00e9s, fentes lat\u00e9rales<\/em><\/p>","protected":false},"excerpt":{"rendered":"<p>Pantalon femme \u00e9lastique et l\u00e9ger pour la randonn\u00e9e et le quotidien #s\u00e9chage rapide et facilit\u00e9 d&rsquo;entretien #confortable, avec coupe f\u00e9minine #mati\u00e8re principale essentiellement fabriqu\u00e9e en polyester recycl\u00e9<\/p>","protected":false},"featured_media":25591,"comment_status":"closed","ping_status":"open","template":"","meta":[],"product_brand":[375],"product_cat":[213,574,216],"product_tag":[365,368,422,421],"class_list":["post-30000","product","type-product","status-publish","has-post-thumbnail","product_brand-vaude","product_cat-boutique","product_cat-pantalons","product_cat-vetements","product_tag-boutique","product_tag-vente","product_tag-vente-vetement","product_tag-vetement","pa_couleur-agave","pa_couleur-dark-sea","pa_couleur-linen","pa_couleur-oat","pa_couleur-phantom-black","pa_couleur-redeva","pa_taille-466","pa_taille-34-short","pa_taille-436","pa_taille-36-short","pa_taille-437","pa_taille-38-short","pa_taille-438","pa_taille-40-short","pa_taille-439","pa_taille-42-short","pa_taille-440","pa_taille-44-short","pa_taille-441","pa_taille-46-short","first","instock","purchasable","product-type-variable"],"_links":{"self":[{"href":"https:\/\/www.tracea.ch\/it\/wp-json\/wp\/v2\/product\/30000","targetHints":{"allow":["GET"]}}],"collection":[{"href":"https:\/\/www.tracea.ch\/it\/wp-json\/wp\/v2\/product"}],"about":[{"href":"https:\/\/www.tracea.ch\/it\/wp-json\/wp\/v2\/types\/product"}],"replies":[{"embeddable":true,"href":"https:\/\/www.tracea.ch\/it\/wp-json\/wp\/v2\/comments?post=30000"}],"version-history":[{"count":1,"href":"https:\/\/www.tracea.ch\/it\/wp-json\/wp\/v2\/product\/30000\/revisions"}],"predecessor-version":[{"id":30001,"href":"https:\/\/www.tracea.ch\/it\/wp-json\/wp\/v2\/product\/30000\/revisions\/30001"}],"wp:featuredmedia":[{"embeddable":true,"href":"https:\/\/www.tracea.ch\/it\/wp-json\/wp\/v2\/media\/25591"}],"wp:attachment":[{"href":"https:\/\/www.tracea.ch\/it\/wp-json\/wp\/v2\/media?parent=30000"}],"wp:term":[{"taxonomy":"product_brand","embeddable":true,"href":"https:\/\/www.tracea.ch\/it\/wp-json\/wp\/v2\/product_brand?post=30000"},{"taxonomy":"product_cat","embeddable":true,"href":"https:\/\/www.tracea.ch\/it\/wp-json\/wp\/v2\/product_cat?post=30000"},{"taxonomy":"product_tag","embeddable":true,"href":"https:\/\/www.tracea.ch\/it\/wp-json\/wp\/v2\/product_tag?post=30000"}],"curies":[{"name":"wp","href":"https:\/\/api.w.org\/{rel}","templated":true}]}}